{"id":2284,"date":"2022-04-20T17:33:23","date_gmt":"2022-04-20T15:33:23","guid":{"rendered":"https:\/\/jazzweek.de\/?page_id=2284"},"modified":"2025-04-15T19:42:40","modified_gmt":"2025-04-15T17:42:40","slug":"startseite","status":"publish","type":"page","link":"https:\/\/jazzweek.de\/en\/","title":{"rendered":"Startseite"},"content":{"rendered":"<div id=\"about-block_73ac8752f972bd4fc4608e23abdcb932\" class=\"hug-parent about\">\n\n    <div class=\"separator separator-dark\">\n        <div class=\"separator-inner hug\">\n            <div class=\"separator-element\"><\/div>\n        <\/div>\n    <\/div>\n    <div class=\"hug about-text-inner\">\n        <div>\n            <h2>Five years of Cologne Jazzweek.<\/h2>\n            <h3>31 Aug \u2013 5 Sept 2025<\/h3>\n            <p>The 2025 festival continues its success story after four successful editions and being named \u201cFestival of the Year\u201d at the 2023 German Jazz Awards. Enjoy outstanding talents from the Cologne, German and international jazz scene in the city&#8217;s well-known concert halls such as Stadtgarten, LOFT, WDR Sendesaal, DLF Kammermusiksaal and more. Experience new encounters and exciting stories in the festival summer 2025 in the world of improvised music!<\/p>\n                    <\/div>\n    <\/div>\n<\/div>\n\n<div class=\"separator separator-videos tw-bg-green\">\n    <div class=\"separator-inner hug\">\n        <div class=\"separator-element\"><\/div>\n    <\/div>\n<\/div>\n<div id=\"videos-block_b4fd7d512af2aaeba35742decf5d9169\" class=\"videos tw-bg-green\">\n    <div class=\"videos-inner\">\n        <div>\n            <h2>Videos<\/h2>\n            <div class=\"videos-items-wrapper\">\n                                        <div class=\"video-item\">\n                            <div class=\"video video-wrapper\" >\n                        <div class=\"arrow-wrap yt_player yt_\" data-ytid=\"r7IcZMXJfZk\">\n                          <div class=\"arrow-right\" ><\/div>\n                        <\/div>\n                        <img loading=\"lazy\" decoding=\"async\" width=\"1920\" height=\"1080\" src=\"https:\/\/jazzweek.de\/wp-content\/uploads\/2025\/04\/Videothumb-Website-Pablo.jpg\" class=\"img-cover\" alt=\"\" srcset=\"https:\/\/jazzweek.de\/wp-content\/uploads\/2025\/04\/Videothumb-Website-Pablo.jpg 1920w, https:\/\/jazzweek.de\/wp-content\/uploads\/2025\/04\/Videothumb-Website-Pablo-300x169.jpg 300w, https:\/\/jazzweek.de\/wp-content\/uploads\/2025\/04\/Videothumb-Website-Pablo-1024x576.jpg 1024w, https:\/\/jazzweek.de\/wp-content\/uploads\/2025\/04\/Videothumb-Website-Pablo-768x432.jpg 768w, https:\/\/jazzweek.de\/wp-content\/uploads\/2025\/04\/Videothumb-Website-Pablo-1536x864.jpg 1536w, https:\/\/jazzweek.de\/wp-content\/uploads\/2025\/04\/Videothumb-Website-Pablo-600x338.jpg 600w\" sizes=\"(max-width: 1920px) 100vw, 1920px\" \/>\n                      <\/div>                        <\/div>\n                                            <div class=\"video-item\">\n                            <div class=\"video video-wrapper\" >\n                        <div class=\"arrow-wrap yt_player yt_\" data-ytid=\"zxwv6CxUlgI\">\n                          <div class=\"arrow-right\" ><\/div>\n                        <\/div>\n                        <img loading=\"lazy\" decoding=\"async\" width=\"1920\" height=\"1080\" src=\"https:\/\/jazzweek.de\/wp-content\/uploads\/2025\/04\/Videothumb-Website-OKSE.jpg\" class=\"img-cover\" alt=\"\" srcset=\"https:\/\/jazzweek.de\/wp-content\/uploads\/2025\/04\/Videothumb-Website-OKSE.jpg 1920w, https:\/\/jazzweek.de\/wp-content\/uploads\/2025\/04\/Videothumb-Website-OKSE-300x169.jpg 300w, https:\/\/jazzweek.de\/wp-content\/uploads\/2025\/04\/Videothumb-Website-OKSE-1024x576.jpg 1024w, https:\/\/jazzweek.de\/wp-content\/uploads\/2025\/04\/Videothumb-Website-OKSE-768x432.jpg 768w, https:\/\/jazzweek.de\/wp-content\/uploads\/2025\/04\/Videothumb-Website-OKSE-1536x864.jpg 1536w, https:\/\/jazzweek.de\/wp-content\/uploads\/2025\/04\/Videothumb-Website-OKSE-600x338.jpg 600w\" sizes=\"(max-width: 1920px) 100vw, 1920px\" \/>\n                      <\/div>                        <\/div>\n                                            <div class=\"video-item\">\n                            <div class=\"video video-wrapper\" >\n                        <div class=\"arrow-wrap yt_player yt_\" data-ytid=\"SvIVTDHBDmo\">\n                          <div class=\"arrow-right\" ><\/div>\n                        <\/div>\n                        <img loading=\"lazy\" decoding=\"async\" width=\"1920\" height=\"1080\" src=\"https:\/\/jazzweek.de\/wp-content\/uploads\/2025\/04\/Videothumb-Website-Samora-Pinderhughes-EOS-Chamber-Orchestra.jpg\" class=\"img-cover\" alt=\"\" srcset=\"https:\/\/jazzweek.de\/wp-content\/uploads\/2025\/04\/Videothumb-Website-Samora-Pinderhughes-EOS-Chamber-Orchestra.jpg 1920w, https:\/\/jazzweek.de\/wp-content\/uploads\/2025\/04\/Videothumb-Website-Samora-Pinderhughes-EOS-Chamber-Orchestra-300x169.jpg 300w, https:\/\/jazzweek.de\/wp-content\/uploads\/2025\/04\/Videothumb-Website-Samora-Pinderhughes-EOS-Chamber-Orchestra-1024x576.jpg 1024w, https:\/\/jazzweek.de\/wp-content\/uploads\/2025\/04\/Videothumb-Website-Samora-Pinderhughes-EOS-Chamber-Orchestra-768x432.jpg 768w, https:\/\/jazzweek.de\/wp-content\/uploads\/2025\/04\/Videothumb-Website-Samora-Pinderhughes-EOS-Chamber-Orchestra-1536x864.jpg 1536w, https:\/\/jazzweek.de\/wp-content\/uploads\/2025\/04\/Videothumb-Website-Samora-Pinderhughes-EOS-Chamber-Orchestra-600x338.jpg 600w\" sizes=\"(max-width: 1920px) 100vw, 1920px\" \/>\n                      <\/div>                        <\/div>\n                                            <div class=\"video-item\">\n                            <div class=\"video video-wrapper\" >\n                        <div class=\"arrow-wrap yt_player yt_\" data-ytid=\"yFyrOu7rVh8\">\n                          <div class=\"arrow-right\" ><\/div>\n                        <\/div>\n                        <img loading=\"lazy\" decoding=\"async\" width=\"1920\" height=\"1080\" src=\"https:\/\/jazzweek.de\/wp-content\/uploads\/2025\/04\/Videothumb-Website-Jakob-Bro-Trio.jpg\" class=\"img-cover\" alt=\"\" srcset=\"https:\/\/jazzweek.de\/wp-content\/uploads\/2025\/04\/Videothumb-Website-Jakob-Bro-Trio.jpg 1920w, https:\/\/jazzweek.de\/wp-content\/uploads\/2025\/04\/Videothumb-Website-Jakob-Bro-Trio-300x169.jpg 300w, https:\/\/jazzweek.de\/wp-content\/uploads\/2025\/04\/Videothumb-Website-Jakob-Bro-Trio-1024x576.jpg 1024w, https:\/\/jazzweek.de\/wp-content\/uploads\/2025\/04\/Videothumb-Website-Jakob-Bro-Trio-768x432.jpg 768w, https:\/\/jazzweek.de\/wp-content\/uploads\/2025\/04\/Videothumb-Website-Jakob-Bro-Trio-1536x864.jpg 1536w, https:\/\/jazzweek.de\/wp-content\/uploads\/2025\/04\/Videothumb-Website-Jakob-Bro-Trio-600x338.jpg 600w\" sizes=\"(max-width: 1920px) 100vw, 1920px\" \/>\n                      <\/div>                        <\/div>\n                                            <div class=\"video-item\">\n                            <div class=\"video video-wrapper\" >\n                        <div class=\"arrow-wrap yt_player yt_\" data-ytid=\"IVMsgT9Hq0s\">\n                          <div class=\"arrow-right\" ><\/div>\n                        <\/div>\n                        <img loading=\"lazy\" decoding=\"async\" width=\"1920\" height=\"1080\" src=\"https:\/\/jazzweek.de\/wp-content\/uploads\/2025\/04\/Videothumb-Website-EXTRA.jpg\" class=\"img-cover\" alt=\"\" srcset=\"https:\/\/jazzweek.de\/wp-content\/uploads\/2025\/04\/Videothumb-Website-EXTRA.jpg 1920w, https:\/\/jazzweek.de\/wp-content\/uploads\/2025\/04\/Videothumb-Website-EXTRA-300x169.jpg 300w, https:\/\/jazzweek.de\/wp-content\/uploads\/2025\/04\/Videothumb-Website-EXTRA-1024x576.jpg 1024w, https:\/\/jazzweek.de\/wp-content\/uploads\/2025\/04\/Videothumb-Website-EXTRA-768x432.jpg 768w, https:\/\/jazzweek.de\/wp-content\/uploads\/2025\/04\/Videothumb-Website-EXTRA-1536x864.jpg 1536w, https:\/\/jazzweek.de\/wp-content\/uploads\/2025\/04\/Videothumb-Website-EXTRA-600x338.jpg 600w\" sizes=\"(max-width: 1920px) 100vw, 1920px\" \/>\n                      <\/div>                        <\/div>\n                                <\/div>\n        <\/div>\n    <\/div>\n<\/div>\n\n<div class=\"separator separator-images separator-light\">\n    <div class=\"separator-inner hug\">\n        <div class=\"separator-element\"><\/div>\n    <\/div>\n<\/div>\n<div id=\"images-block_b74c57f4cb1d7f0f3e04573fdce1abf0\" class=\"images\">\n    <div class=\"images-inner\">\n        <div>\n            <h2>Photos<\/h2>\n            <div class=\"images-items-wrapper\">\n                                        <div class=\"images-items\">\n                            <div id=\"gallery-modal-5600__wrapper\" class=\"gallery-modal__wrapper\">\n    <div class=\"gallery-modal__close\">\n        <img decoding=\"async\" src=\"https:\/\/jazzweek.de\/wp-content\/themes\/jazz2026\/src\/img\/icon-close.svg\" alt=\"Close\">\n    <\/div>\n    <div class=\"gallery_modal_inner\">\n        <div id=\"gallery-modal-5600\" class=\"gallery-modal glide\">\n            <div class=\"glide__track\" data-glide-el=\"track\">\n                <ul class=\"glide__slides\">\n                    <li class=\"glide__slide\">\n                        <img loading=\"lazy\" decoding=\"async\" width=\"600\" height=\"400\" src=\"https:\/\/jazzweek.de\/wp-content\/uploads\/2025\/04\/NilsPetterMolvaer.jpg\" class=\"attachment-jazz-medium size-jazz-medium\" alt=\"\" srcset=\"https:\/\/jazzweek.de\/wp-content\/uploads\/2025\/04\/NilsPetterMolvaer.jpg 2500w, https:\/\/jazzweek.de\/wp-content\/uploads\/2025\/04\/NilsPetterMolvaer-300x200.jpg 300w, https:\/\/jazzweek.de\/wp-content\/uploads\/2025\/04\/NilsPetterMolvaer-1024x683.jpg 1024w, https:\/\/jazzweek.de\/wp-content\/uploads\/2025\/04\/NilsPetterMolvaer-768x512.jpg 768w, https:\/\/jazzweek.de\/wp-content\/uploads\/2025\/04\/NilsPetterMolvaer-1536x1024.jpg 1536w, https:\/\/jazzweek.de\/wp-content\/uploads\/2025\/04\/NilsPetterMolvaer-2048x1366.jpg 2048w, https:\/\/jazzweek.de\/wp-content\/uploads\/2025\/04\/NilsPetterMolvaer-1920x1280.jpg 1920w\" sizes=\"(max-width: 600px) 100vw, 600px\" \/>                        <div class=\"description\">\n                                                        <h2><\/h2>\n                            <p><\/p>\n                        <\/div>\n                    <\/li>\n                                                <li class=\"glide__slide\">\n                                <img loading=\"lazy\" decoding=\"async\" width=\"1920\" height=\"1280\" src=\"https:\/\/jazzweek.de\/wp-content\/uploads\/2025\/04\/CJW24_Tag-02_\u00a9niclasweber-8-1920x1280.jpg\" class=\"attachment-cover-big size-cover-big\" alt=\"\" srcset=\"https:\/\/jazzweek.de\/wp-content\/uploads\/2025\/04\/CJW24_Tag-02_\u00a9niclasweber-8-1920x1280.jpg 1920w, https:\/\/jazzweek.de\/wp-content\/uploads\/2025\/04\/CJW24_Tag-02_\u00a9niclasweber-8-300x200.jpg 300w, https:\/\/jazzweek.de\/wp-content\/uploads\/2025\/04\/CJW24_Tag-02_\u00a9niclasweber-8-1024x683.jpg 1024w, https:\/\/jazzweek.de\/wp-content\/uploads\/2025\/04\/CJW24_Tag-02_\u00a9niclasweber-8-768x512.jpg 768w, https:\/\/jazzweek.de\/wp-content\/uploads\/2025\/04\/CJW24_Tag-02_\u00a9niclasweber-8-1536x1024.jpg 1536w, https:\/\/jazzweek.de\/wp-content\/uploads\/2025\/04\/CJW24_Tag-02_\u00a9niclasweber-8-2048x1366.jpg 2048w\" sizes=\"(max-width: 1920px) 100vw, 1920px\" \/>                                <div class=\"description\">\n                                    <p><\/p>\n                                <\/div>\n                            <\/li>\n                                                    <li class=\"glide__slide\">\n                                <img loading=\"lazy\" decoding=\"async\" width=\"1920\" height=\"1280\" src=\"https:\/\/jazzweek.de\/wp-content\/uploads\/2025\/04\/CJW24_Tag-07_\u00a9niclasweber-16-1920x1280.jpg\" class=\"attachment-cover-big size-cover-big\" alt=\"\" srcset=\"https:\/\/jazzweek.de\/wp-content\/uploads\/2025\/04\/CJW24_Tag-07_\u00a9niclasweber-16-1920x1280.jpg 1920w, https:\/\/jazzweek.de\/wp-content\/uploads\/2025\/04\/CJW24_Tag-07_\u00a9niclasweber-16-300x200.jpg 300w, https:\/\/jazzweek.de\/wp-content\/uploads\/2025\/04\/CJW24_Tag-07_\u00a9niclasweber-16-1024x683.jpg 1024w, https:\/\/jazzweek.de\/wp-content\/uploads\/2025\/04\/CJW24_Tag-07_\u00a9niclasweber-16-768x512.jpg 768w, https:\/\/jazzweek.de\/wp-content\/uploads\/2025\/04\/CJW24_Tag-07_\u00a9niclasweber-16-1536x1024.jpg 1536w, https:\/\/jazzweek.de\/wp-content\/uploads\/2025\/04\/CJW24_Tag-07_\u00a9niclasweber-16-2048x1366.jpg 2048w\" sizes=\"(max-width: 1920px) 100vw, 1920px\" \/>                                <div class=\"description\">\n                                    <p><\/p>\n                                <\/div>\n                            <\/li>\n                                                    <li class=\"glide__slide\">\n                                <img loading=\"lazy\" decoding=\"async\" width=\"1920\" height=\"1280\" src=\"https:\/\/jazzweek.de\/wp-content\/uploads\/2025\/04\/CJW24_Tag-08_\u00a9niclasweber-1-1920x1280.jpg\" class=\"attachment-cover-big size-cover-big\" alt=\"\" srcset=\"https:\/\/jazzweek.de\/wp-content\/uploads\/2025\/04\/CJW24_Tag-08_\u00a9niclasweber-1-1920x1280.jpg 1920w, https:\/\/jazzweek.de\/wp-content\/uploads\/2025\/04\/CJW24_Tag-08_\u00a9niclasweber-1-300x200.jpg 300w, https:\/\/jazzweek.de\/wp-content\/uploads\/2025\/04\/CJW24_Tag-08_\u00a9niclasweber-1-1024x683.jpg 1024w, https:\/\/jazzweek.de\/wp-content\/uploads\/2025\/04\/CJW24_Tag-08_\u00a9niclasweber-1-768x512.jpg 768w, https:\/\/jazzweek.de\/wp-content\/uploads\/2025\/04\/CJW24_Tag-08_\u00a9niclasweber-1-1536x1024.jpg 1536w, https:\/\/jazzweek.de\/wp-content\/uploads\/2025\/04\/CJW24_Tag-08_\u00a9niclasweber-1-2048x1366.jpg 2048w\" sizes=\"(max-width: 1920px) 100vw, 1920px\" \/>                                <div class=\"description\">\n                                    <p><\/p>\n                                <\/div>\n                            <\/li>\n                                                    <li class=\"glide__slide\">\n                                <img loading=\"lazy\" decoding=\"async\" width=\"1920\" height=\"1280\" src=\"https:\/\/jazzweek.de\/wp-content\/uploads\/2025\/04\/OfCabbagesAndKings--1920x1280.jpg\" class=\"attachment-cover-big size-cover-big\" alt=\"\" srcset=\"https:\/\/jazzweek.de\/wp-content\/uploads\/2025\/04\/OfCabbagesAndKings--1920x1280.jpg 1920w, https:\/\/jazzweek.de\/wp-content\/uploads\/2025\/04\/OfCabbagesAndKings--300x200.jpg 300w, https:\/\/jazzweek.de\/wp-content\/uploads\/2025\/04\/OfCabbagesAndKings--1024x683.jpg 1024w, https:\/\/jazzweek.de\/wp-content\/uploads\/2025\/04\/OfCabbagesAndKings--768x512.jpg 768w, https:\/\/jazzweek.de\/wp-content\/uploads\/2025\/04\/OfCabbagesAndKings--1536x1024.jpg 1536w, https:\/\/jazzweek.de\/wp-content\/uploads\/2025\/04\/OfCabbagesAndKings--2048x1366.jpg 2048w\" sizes=\"(max-width: 1920px) 100vw, 1920px\" \/>                                <div class=\"description\">\n                                    <p><\/p>\n                                <\/div>\n                            <\/li>\n                                                    <li class=\"glide__slide\">\n                                <img loading=\"lazy\" decoding=\"async\" width=\"1920\" height=\"1280\" src=\"https:\/\/jazzweek.de\/wp-content\/uploads\/2025\/04\/CJW24_Tag-02_\u00a9niclasweber-14-1920x1280.jpg\" class=\"attachment-cover-big size-cover-big\" alt=\"\" srcset=\"https:\/\/jazzweek.de\/wp-content\/uploads\/2025\/04\/CJW24_Tag-02_\u00a9niclasweber-14-1920x1280.jpg 1920w, https:\/\/jazzweek.de\/wp-content\/uploads\/2025\/04\/CJW24_Tag-02_\u00a9niclasweber-14-300x200.jpg 300w, https:\/\/jazzweek.de\/wp-content\/uploads\/2025\/04\/CJW24_Tag-02_\u00a9niclasweber-14-1024x683.jpg 1024w, https:\/\/jazzweek.de\/wp-content\/uploads\/2025\/04\/CJW24_Tag-02_\u00a9niclasweber-14-768x512.jpg 768w, https:\/\/jazzweek.de\/wp-content\/uploads\/2025\/04\/CJW24_Tag-02_\u00a9niclasweber-14-1536x1024.jpg 1536w, https:\/\/jazzweek.de\/wp-content\/uploads\/2025\/04\/CJW24_Tag-02_\u00a9niclasweber-14-2048x1366.jpg 2048w\" sizes=\"(max-width: 1920px) 100vw, 1920px\" \/>                                <div class=\"description\">\n                                    <p><\/p>\n                                <\/div>\n                            <\/li>\n                                                    <li class=\"glide__slide\">\n                                <img loading=\"lazy\" decoding=\"async\" width=\"1920\" height=\"1280\" src=\"https:\/\/jazzweek.de\/wp-content\/uploads\/2025\/04\/CJW24_Tag-08_\u00a9niclasweber-7-1920x1280.jpg\" class=\"attachment-cover-big size-cover-big\" alt=\"\" srcset=\"https:\/\/jazzweek.de\/wp-content\/uploads\/2025\/04\/CJW24_Tag-08_\u00a9niclasweber-7-1920x1280.jpg 1920w, https:\/\/jazzweek.de\/wp-content\/uploads\/2025\/04\/CJW24_Tag-08_\u00a9niclasweber-7-300x200.jpg 300w, https:\/\/jazzweek.de\/wp-content\/uploads\/2025\/04\/CJW24_Tag-08_\u00a9niclasweber-7-1024x683.jpg 1024w, https:\/\/jazzweek.de\/wp-content\/uploads\/2025\/04\/CJW24_Tag-08_\u00a9niclasweber-7-768x512.jpg 768w, https:\/\/jazzweek.de\/wp-content\/uploads\/2025\/04\/CJW24_Tag-08_\u00a9niclasweber-7-1536x1024.jpg 1536w, https:\/\/jazzweek.de\/wp-content\/uploads\/2025\/04\/CJW24_Tag-08_\u00a9niclasweber-7-2048x1366.jpg 2048w\" sizes=\"(max-width: 1920px) 100vw, 1920px\" \/>                                <div class=\"description\">\n                                    <p><\/p>\n                                <\/div>\n                            <\/li>\n                                                    <li class=\"glide__slide\">\n                                <img loading=\"lazy\" decoding=\"async\" width=\"1920\" height=\"1280\" src=\"https:\/\/jazzweek.de\/wp-content\/uploads\/2025\/04\/CJW24_Tag-03_\u00a9niclasweber-8-1920x1280.jpg\" class=\"attachment-cover-big size-cover-big\" alt=\"\" srcset=\"https:\/\/jazzweek.de\/wp-content\/uploads\/2025\/04\/CJW24_Tag-03_\u00a9niclasweber-8-1920x1280.jpg 1920w, https:\/\/jazzweek.de\/wp-content\/uploads\/2025\/04\/CJW24_Tag-03_\u00a9niclasweber-8-300x200.jpg 300w, https:\/\/jazzweek.de\/wp-content\/uploads\/2025\/04\/CJW24_Tag-03_\u00a9niclasweber-8-1024x683.jpg 1024w, https:\/\/jazzweek.de\/wp-content\/uploads\/2025\/04\/CJW24_Tag-03_\u00a9niclasweber-8-768x512.jpg 768w, https:\/\/jazzweek.de\/wp-content\/uploads\/2025\/04\/CJW24_Tag-03_\u00a9niclasweber-8-1536x1024.jpg 1536w, https:\/\/jazzweek.de\/wp-content\/uploads\/2025\/04\/CJW24_Tag-03_\u00a9niclasweber-8-2048x1366.jpg 2048w\" sizes=\"(max-width: 1920px) 100vw, 1920px\" \/>                                <div class=\"description\">\n                                    <p><\/p>\n                                <\/div>\n                            <\/li>\n                                                    <li class=\"glide__slide\">\n                                <img loading=\"lazy\" decoding=\"async\" width=\"1920\" height=\"1280\" src=\"https:\/\/jazzweek.de\/wp-content\/uploads\/2025\/04\/OpenAir_CJW_23_TAG_01_\u00a9niclasweber-12-1920x1280.jpg\" class=\"attachment-cover-big size-cover-big\" alt=\"\" srcset=\"https:\/\/jazzweek.de\/wp-content\/uploads\/2025\/04\/OpenAir_CJW_23_TAG_01_\u00a9niclasweber-12-1920x1280.jpg 1920w, https:\/\/jazzweek.de\/wp-content\/uploads\/2025\/04\/OpenAir_CJW_23_TAG_01_\u00a9niclasweber-12-300x200.jpg 300w, https:\/\/jazzweek.de\/wp-content\/uploads\/2025\/04\/OpenAir_CJW_23_TAG_01_\u00a9niclasweber-12-1024x683.jpg 1024w, https:\/\/jazzweek.de\/wp-content\/uploads\/2025\/04\/OpenAir_CJW_23_TAG_01_\u00a9niclasweber-12-768x512.jpg 768w, https:\/\/jazzweek.de\/wp-content\/uploads\/2025\/04\/OpenAir_CJW_23_TAG_01_\u00a9niclasweber-12-1536x1024.jpg 1536w, https:\/\/jazzweek.de\/wp-content\/uploads\/2025\/04\/OpenAir_CJW_23_TAG_01_\u00a9niclasweber-12-2048x1366.jpg 2048w\" sizes=\"(max-width: 1920px) 100vw, 1920px\" \/>                                <div class=\"description\">\n                                    <p><\/p>\n                                <\/div>\n                            <\/li>\n                                                    <li class=\"glide__slide\">\n                                <img loading=\"lazy\" decoding=\"async\" width=\"1920\" height=\"1280\" src=\"https:\/\/jazzweek.de\/wp-content\/uploads\/2025\/04\/CJW24_Tag-05_\u00a9niclasweber-9-1920x1280.jpg\" class=\"attachment-cover-big size-cover-big\" alt=\"\" srcset=\"https:\/\/jazzweek.de\/wp-content\/uploads\/2025\/04\/CJW24_Tag-05_\u00a9niclasweber-9-1920x1280.jpg 1920w, https:\/\/jazzweek.de\/wp-content\/uploads\/2025\/04\/CJW24_Tag-05_\u00a9niclasweber-9-300x200.jpg 300w, https:\/\/jazzweek.de\/wp-content\/uploads\/2025\/04\/CJW24_Tag-05_\u00a9niclasweber-9-1024x683.jpg 1024w, https:\/\/jazzweek.de\/wp-content\/uploads\/2025\/04\/CJW24_Tag-05_\u00a9niclasweber-9-768x512.jpg 768w, https:\/\/jazzweek.de\/wp-content\/uploads\/2025\/04\/CJW24_Tag-05_\u00a9niclasweber-9-1536x1024.jpg 1536w, https:\/\/jazzweek.de\/wp-content\/uploads\/2025\/04\/CJW24_Tag-05_\u00a9niclasweber-9-2048x1366.jpg 2048w\" sizes=\"(max-width: 1920px) 100vw, 1920px\" \/>                                <div class=\"description\">\n                                    <p><\/p>\n                                <\/div>\n                            <\/li>\n                                                    <li class=\"glide__slide\">\n                                <img loading=\"lazy\" decoding=\"async\" width=\"1920\" height=\"1280\" src=\"https:\/\/jazzweek.de\/wp-content\/uploads\/2025\/04\/CJW24_Tag-08_\u00a9niclasweber-10-1920x1280.jpg\" class=\"attachment-cover-big size-cover-big\" alt=\"\" srcset=\"https:\/\/jazzweek.de\/wp-content\/uploads\/2025\/04\/CJW24_Tag-08_\u00a9niclasweber-10-1920x1280.jpg 1920w, https:\/\/jazzweek.de\/wp-content\/uploads\/2025\/04\/CJW24_Tag-08_\u00a9niclasweber-10-300x200.jpg 300w, https:\/\/jazzweek.de\/wp-content\/uploads\/2025\/04\/CJW24_Tag-08_\u00a9niclasweber-10-1024x683.jpg 1024w, https:\/\/jazzweek.de\/wp-content\/uploads\/2025\/04\/CJW24_Tag-08_\u00a9niclasweber-10-768x512.jpg 768w, https:\/\/jazzweek.de\/wp-content\/uploads\/2025\/04\/CJW24_Tag-08_\u00a9niclasweber-10-1536x1024.jpg 1536w, https:\/\/jazzweek.de\/wp-content\/uploads\/2025\/04\/CJW24_Tag-08_\u00a9niclasweber-10-2048x1366.jpg 2048w\" sizes=\"(max-width: 1920px) 100vw, 1920px\" \/>                                <div class=\"description\">\n                                    <p><\/p>\n                                <\/div>\n                            <\/li>\n                                        <\/ul>\n            <\/div>\n                            <div class=\"glide__arrows\" data-glide-el=\"controls\">\n                    <div class=\"glide__arrow glide__arrow--left\" data-glide-dir=\"&lt;\">&lt;<\/div>\n                    <div class=\"glide__arrow glide__arrow--right\" data-glide-dir=\"&gt;\">&gt;<\/div>\n                <\/div>\n            \n        <\/div>\n    <\/div>\n<\/div>                            <div class=\"images-item\" data-postid=\"5600\">\n                                <img loading=\"lazy\" decoding=\"async\" width=\"600\" height=\"400\" src=\"https:\/\/jazzweek.de\/wp-content\/uploads\/2025\/04\/NilsPetterMolvaer.jpg\" class=\"attachment-jazz-medium size-jazz-medium\" alt=\"\" srcset=\"https:\/\/jazzweek.de\/wp-content\/uploads\/2025\/04\/NilsPetterMolvaer.jpg 2500w, https:\/\/jazzweek.de\/wp-content\/uploads\/2025\/04\/NilsPetterMolvaer-300x200.jpg 300w, https:\/\/jazzweek.de\/wp-content\/uploads\/2025\/04\/NilsPetterMolvaer-1024x683.jpg 1024w, https:\/\/jazzweek.de\/wp-content\/uploads\/2025\/04\/NilsPetterMolvaer-768x512.jpg 768w, https:\/\/jazzweek.de\/wp-content\/uploads\/2025\/04\/NilsPetterMolvaer-1536x1024.jpg 1536w, https:\/\/jazzweek.de\/wp-content\/uploads\/2025\/04\/NilsPetterMolvaer-2048x1366.jpg 2048w, https:\/\/jazzweek.de\/wp-content\/uploads\/2025\/04\/NilsPetterMolvaer-1920x1280.jpg 1920w\" sizes=\"(max-width: 600px) 100vw, 600px\" \/>                            <\/div>\n                        <\/div>\n                                            <div class=\"images-items\">\n                            <div id=\"gallery-modal-5572__wrapper\" class=\"gallery-modal__wrapper\">\n    <div class=\"gallery-modal__close\">\n        <img decoding=\"async\" src=\"https:\/\/jazzweek.de\/wp-content\/themes\/jazz2026\/src\/img\/icon-close.svg\" alt=\"Close\">\n    <\/div>\n    <div class=\"gallery_modal_inner\">\n        <div id=\"gallery-modal-5572\" class=\"gallery-modal glide\">\n            <div class=\"glide__track\" data-glide-el=\"track\">\n                <ul class=\"glide__slides\">\n                    <li class=\"glide__slide\">\n                        <img loading=\"lazy\" decoding=\"async\" width=\"600\" height=\"400\" src=\"https:\/\/jazzweek.de\/wp-content\/uploads\/2025\/04\/CJW24_Tag-02_\u00a9niclasweber-8.jpg\" class=\"attachment-jazz-medium size-jazz-medium\" alt=\"\" srcset=\"https:\/\/jazzweek.de\/wp-content\/uploads\/2025\/04\/CJW24_Tag-02_\u00a9niclasweber-8.jpg 2500w, https:\/\/jazzweek.de\/wp-content\/uploads\/2025\/04\/CJW24_Tag-02_\u00a9niclasweber-8-300x200.jpg 300w, https:\/\/jazzweek.de\/wp-content\/uploads\/2025\/04\/CJW24_Tag-02_\u00a9niclasweber-8-1024x683.jpg 1024w, https:\/\/jazzweek.de\/wp-content\/uploads\/2025\/04\/CJW24_Tag-02_\u00a9niclasweber-8-768x512.jpg 768w, https:\/\/jazzweek.de\/wp-content\/uploads\/2025\/04\/CJW24_Tag-02_\u00a9niclasweber-8-1536x1024.jpg 1536w, https:\/\/jazzweek.de\/wp-content\/uploads\/2025\/04\/CJW24_Tag-02_\u00a9niclasweber-8-2048x1366.jpg 2048w, https:\/\/jazzweek.de\/wp-content\/uploads\/2025\/04\/CJW24_Tag-02_\u00a9niclasweber-8-1920x1280.jpg 1920w\" sizes=\"(max-width: 600px) 100vw, 600px\" \/>                        <div class=\"description\">\n                                                        <h2>CJW24_Tag-02_\u00a9niclasweber-8<\/h2>\n                            <p><\/p>\n                        <\/div>\n                    <\/li>\n                                                <li class=\"glide__slide\">\n                                <img loading=\"lazy\" decoding=\"async\" width=\"1920\" height=\"1280\" src=\"https:\/\/jazzweek.de\/wp-content\/uploads\/2025\/04\/NilsPetterMolvaer-1920x1280.jpg\" class=\"attachment-cover-big size-cover-big\" alt=\"\" srcset=\"https:\/\/jazzweek.de\/wp-content\/uploads\/2025\/04\/NilsPetterMolvaer-1920x1280.jpg 1920w, https:\/\/jazzweek.de\/wp-content\/uploads\/2025\/04\/NilsPetterMolvaer-300x200.jpg 300w, https:\/\/jazzweek.de\/wp-content\/uploads\/2025\/04\/NilsPetterMolvaer-1024x683.jpg 1024w, https:\/\/jazzweek.de\/wp-content\/uploads\/2025\/04\/NilsPetterMolvaer-768x512.jpg 768w, https:\/\/jazzweek.de\/wp-content\/uploads\/2025\/04\/NilsPetterMolvaer-1536x1024.jpg 1536w, https:\/\/jazzweek.de\/wp-content\/uploads\/2025\/04\/NilsPetterMolvaer-2048x1366.jpg 2048w\" sizes=\"(max-width: 1920px) 100vw, 1920px\" \/>                                <div class=\"description\">\n                                    <p><\/p>\n                                <\/div>\n                            <\/li>\n                                                    <li class=\"glide__slide\">\n                                <img loading=\"lazy\" decoding=\"async\" width=\"1920\" height=\"1280\" src=\"https:\/\/jazzweek.de\/wp-content\/uploads\/2025\/04\/CJW24_Tag-07_\u00a9niclasweber-16-1920x1280.jpg\" class=\"attachment-cover-big size-cover-big\" alt=\"\" srcset=\"https:\/\/jazzweek.de\/wp-content\/uploads\/2025\/04\/CJW24_Tag-07_\u00a9niclasweber-16-1920x1280.jpg 1920w, https:\/\/jazzweek.de\/wp-content\/uploads\/2025\/04\/CJW24_Tag-07_\u00a9niclasweber-16-300x200.jpg 300w, https:\/\/jazzweek.de\/wp-content\/uploads\/2025\/04\/CJW24_Tag-07_\u00a9niclasweber-16-1024x683.jpg 1024w, https:\/\/jazzweek.de\/wp-content\/uploads\/2025\/04\/CJW24_Tag-07_\u00a9niclasweber-16-768x512.jpg 768w, https:\/\/jazzweek.de\/wp-content\/uploads\/2025\/04\/CJW24_Tag-07_\u00a9niclasweber-16-1536x1024.jpg 1536w, https:\/\/jazzweek.de\/wp-content\/uploads\/2025\/04\/CJW24_Tag-07_\u00a9niclasweber-16-2048x1366.jpg 2048w\" sizes=\"(max-width: 1920px) 100vw, 1920px\" \/>                                <div class=\"description\">\n                                    <p><\/p>\n                                <\/div>\n                            <\/li>\n                                                    <li class=\"glide__slide\">\n                                <img loading=\"lazy\" decoding=\"async\" width=\"1920\" height=\"1280\" src=\"https:\/\/jazzweek.de\/wp-content\/uploads\/2025\/04\/CJW24_Tag-08_\u00a9niclasweber-1-1920x1280.jpg\" class=\"attachment-cover-big size-cover-big\" alt=\"\" srcset=\"https:\/\/jazzweek.de\/wp-content\/uploads\/2025\/04\/CJW24_Tag-08_\u00a9niclasweber-1-1920x1280.jpg 1920w, https:\/\/jazzweek.de\/wp-content\/uploads\/2025\/04\/CJW24_Tag-08_\u00a9niclasweber-1-300x200.jpg 300w, https:\/\/jazzweek.de\/wp-content\/uploads\/2025\/04\/CJW24_Tag-08_\u00a9niclasweber-1-1024x683.jpg 1024w, https:\/\/jazzweek.de\/wp-content\/uploads\/2025\/04\/CJW24_Tag-08_\u00a9niclasweber-1-768x512.jpg 768w, https:\/\/jazzweek.de\/wp-content\/uploads\/2025\/04\/CJW24_Tag-08_\u00a9niclasweber-1-1536x1024.jpg 1536w, https:\/\/jazzweek.de\/wp-content\/uploads\/2025\/04\/CJW24_Tag-08_\u00a9niclasweber-1-2048x1366.jpg 2048w\" sizes=\"(max-width: 1920px) 100vw, 1920px\" \/>                                <div class=\"description\">\n                                    <p><\/p>\n                                <\/div>\n                            <\/li>\n                                                    <li class=\"glide__slide\">\n                                <img loading=\"lazy\" decoding=\"async\" width=\"1920\" height=\"1280\" src=\"https:\/\/jazzweek.de\/wp-content\/uploads\/2025\/04\/OfCabbagesAndKings--1920x1280.jpg\" class=\"attachment-cover-big size-cover-big\" alt=\"\" srcset=\"https:\/\/jazzweek.de\/wp-content\/uploads\/2025\/04\/OfCabbagesAndKings--1920x1280.jpg 1920w, https:\/\/jazzweek.de\/wp-content\/uploads\/2025\/04\/OfCabbagesAndKings--300x200.jpg 300w, https:\/\/jazzweek.de\/wp-content\/uploads\/2025\/04\/OfCabbagesAndKings--1024x683.jpg 1024w, https:\/\/jazzweek.de\/wp-content\/uploads\/2025\/04\/OfCabbagesAndKings--768x512.jpg 768w, https:\/\/jazzweek.de\/wp-content\/uploads\/2025\/04\/OfCabbagesAndKings--1536x1024.jpg 1536w, https:\/\/jazzweek.de\/wp-content\/uploads\/2025\/04\/OfCabbagesAndKings--2048x1366.jpg 2048w\" sizes=\"(max-width: 1920px) 100vw, 1920px\" \/>                                <div class=\"description\">\n                                    <p><\/p>\n                                <\/div>\n                            <\/li>\n                                                    <li class=\"glide__slide\">\n                                <img loading=\"lazy\" decoding=\"async\" width=\"1920\" height=\"1280\" src=\"https:\/\/jazzweek.de\/wp-content\/uploads\/2025\/04\/CJW24_Tag-02_\u00a9niclasweber-14-1920x1280.jpg\" class=\"attachment-cover-big size-cover-big\" alt=\"\" srcset=\"https:\/\/jazzweek.de\/wp-content\/uploads\/2025\/04\/CJW24_Tag-02_\u00a9niclasweber-14-1920x1280.jpg 1920w, https:\/\/jazzweek.de\/wp-content\/uploads\/2025\/04\/CJW24_Tag-02_\u00a9niclasweber-14-300x200.jpg 300w, https:\/\/jazzweek.de\/wp-content\/uploads\/2025\/04\/CJW24_Tag-02_\u00a9niclasweber-14-1024x683.jpg 1024w, https:\/\/jazzweek.de\/wp-content\/uploads\/2025\/04\/CJW24_Tag-02_\u00a9niclasweber-14-768x512.jpg 768w, https:\/\/jazzweek.de\/wp-content\/uploads\/2025\/04\/CJW24_Tag-02_\u00a9niclasweber-14-1536x1024.jpg 1536w, https:\/\/jazzweek.de\/wp-content\/uploads\/2025\/04\/CJW24_Tag-02_\u00a9niclasweber-14-2048x1366.jpg 2048w\" sizes=\"(max-width: 1920px) 100vw, 1920px\" \/>                                <div class=\"description\">\n                                    <p><\/p>\n                                <\/div>\n                            <\/li>\n                                                    <li class=\"glide__slide\">\n                                <img loading=\"lazy\" decoding=\"async\" width=\"1920\" height=\"1280\" src=\"https:\/\/jazzweek.de\/wp-content\/uploads\/2025\/04\/CJW24_Tag-08_\u00a9niclasweber-7-1920x1280.jpg\" class=\"attachment-cover-big size-cover-big\" alt=\"\" srcset=\"https:\/\/jazzweek.de\/wp-content\/uploads\/2025\/04\/CJW24_Tag-08_\u00a9niclasweber-7-1920x1280.jpg 1920w, https:\/\/jazzweek.de\/wp-content\/uploads\/2025\/04\/CJW24_Tag-08_\u00a9niclasweber-7-300x200.jpg 300w, https:\/\/jazzweek.de\/wp-content\/uploads\/2025\/04\/CJW24_Tag-08_\u00a9niclasweber-7-1024x683.jpg 1024w, https:\/\/jazzweek.de\/wp-content\/uploads\/2025\/04\/CJW24_Tag-08_\u00a9niclasweber-7-768x512.jpg 768w, https:\/\/jazzweek.de\/wp-content\/uploads\/2025\/04\/CJW24_Tag-08_\u00a9niclasweber-7-1536x1024.jpg 1536w, https:\/\/jazzweek.de\/wp-content\/uploads\/2025\/04\/CJW24_Tag-08_\u00a9niclasweber-7-2048x1366.jpg 2048w\" sizes=\"(max-width: 1920px) 100vw, 1920px\" \/>                                <div class=\"description\">\n                                    <p><\/p>\n                                <\/div>\n                            <\/li>\n                                                    <li class=\"glide__slide\">\n                                <img loading=\"lazy\" decoding=\"async\" width=\"1920\" height=\"1280\" src=\"https:\/\/jazzweek.de\/wp-content\/uploads\/2025\/04\/CJW24_Tag-03_\u00a9niclasweber-8-1920x1280.jpg\" class=\"attachment-cover-big size-cover-big\" alt=\"\" srcset=\"https:\/\/jazzweek.de\/wp-content\/uploads\/2025\/04\/CJW24_Tag-03_\u00a9niclasweber-8-1920x1280.jpg 1920w, https:\/\/jazzweek.de\/wp-content\/uploads\/2025\/04\/CJW24_Tag-03_\u00a9niclasweber-8-300x200.jpg 300w, https:\/\/jazzweek.de\/wp-content\/uploads\/2025\/04\/CJW24_Tag-03_\u00a9niclasweber-8-1024x683.jpg 1024w, https:\/\/jazzweek.de\/wp-content\/uploads\/2025\/04\/CJW24_Tag-03_\u00a9niclasweber-8-768x512.jpg 768w, https:\/\/jazzweek.de\/wp-content\/uploads\/2025\/04\/CJW24_Tag-03_\u00a9niclasweber-8-1536x1024.jpg 1536w, https:\/\/jazzweek.de\/wp-content\/uploads\/2025\/04\/CJW24_Tag-03_\u00a9niclasweber-8-2048x1366.jpg 2048w\" sizes=\"(max-width: 1920px) 100vw, 1920px\" \/>                                <div class=\"description\">\n                                    <p><\/p>\n                                <\/div>\n                            <\/li>\n                                                    <li class=\"glide__slide\">\n                                <img loading=\"lazy\" decoding=\"async\" width=\"1920\" height=\"1280\" src=\"https:\/\/jazzweek.de\/wp-content\/uploads\/2025\/04\/OpenAir_CJW_23_TAG_01_\u00a9niclasweber-12-1920x1280.jpg\" class=\"attachment-cover-big size-cover-big\" alt=\"\" srcset=\"https:\/\/jazzweek.de\/wp-content\/uploads\/2025\/04\/OpenAir_CJW_23_TAG_01_\u00a9niclasweber-12-1920x1280.jpg 1920w, https:\/\/jazzweek.de\/wp-content\/uploads\/2025\/04\/OpenAir_CJW_23_TAG_01_\u00a9niclasweber-12-300x200.jpg 300w, https:\/\/jazzweek.de\/wp-content\/uploads\/2025\/04\/OpenAir_CJW_23_TAG_01_\u00a9niclasweber-12-1024x683.jpg 1024w, https:\/\/jazzweek.de\/wp-content\/uploads\/2025\/04\/OpenAir_CJW_23_TAG_01_\u00a9niclasweber-12-768x512.jpg 768w, https:\/\/jazzweek.de\/wp-content\/uploads\/2025\/04\/OpenAir_CJW_23_TAG_01_\u00a9niclasweber-12-1536x1024.jpg 1536w, https:\/\/jazzweek.de\/wp-content\/uploads\/2025\/04\/OpenAir_CJW_23_TAG_01_\u00a9niclasweber-12-2048x1366.jpg 2048w\" sizes=\"(max-width: 1920px) 100vw, 1920px\" \/>                                <div class=\"description\">\n                                    <p><\/p>\n                                <\/div>\n                            <\/li>\n                                                    <li class=\"glide__slide\">\n                                <img loading=\"lazy\" decoding=\"async\" width=\"1920\" height=\"1280\" src=\"https:\/\/jazzweek.de\/wp-content\/uploads\/2025\/04\/CJW24_Tag-05_\u00a9niclasweber-9-1920x1280.jpg\" class=\"attachment-cover-big size-cover-big\" alt=\"\" srcset=\"https:\/\/jazzweek.de\/wp-content\/uploads\/2025\/04\/CJW24_Tag-05_\u00a9niclasweber-9-1920x1280.jpg 1920w, https:\/\/jazzweek.de\/wp-content\/uploads\/2025\/04\/CJW24_Tag-05_\u00a9niclasweber-9-300x200.jpg 300w, https:\/\/jazzweek.de\/wp-content\/uploads\/2025\/04\/CJW24_Tag-05_\u00a9niclasweber-9-1024x683.jpg 1024w, https:\/\/jazzweek.de\/wp-content\/uploads\/2025\/04\/CJW24_Tag-05_\u00a9niclasweber-9-768x512.jpg 768w, https:\/\/jazzweek.de\/wp-content\/uploads\/2025\/04\/CJW24_Tag-05_\u00a9niclasweber-9-1536x1024.jpg 1536w, https:\/\/jazzweek.de\/wp-content\/uploads\/2025\/04\/CJW24_Tag-05_\u00a9niclasweber-9-2048x1366.jpg 2048w\" sizes=\"(max-width: 1920px) 100vw, 1920px\" \/>                                <div class=\"description\">\n                                    <p><\/p>\n                                <\/div>\n                            <\/li>\n                                                    <li class=\"glide__slide\">\n                                <img loading=\"lazy\" decoding=\"async\" width=\"1920\" height=\"1280\" src=\"https:\/\/jazzweek.de\/wp-content\/uploads\/2025\/04\/CJW24_Tag-08_\u00a9niclasweber-10-1920x1280.jpg\" class=\"attachment-cover-big size-cover-big\" alt=\"\" srcset=\"https:\/\/jazzweek.de\/wp-content\/uploads\/2025\/04\/CJW24_Tag-08_\u00a9niclasweber-10-1920x1280.jpg 1920w, https:\/\/jazzweek.de\/wp-content\/uploads\/2025\/04\/CJW24_Tag-08_\u00a9niclasweber-10-300x200.jpg 300w, https:\/\/jazzweek.de\/wp-content\/uploads\/2025\/04\/CJW24_Tag-08_\u00a9niclasweber-10-1024x683.jpg 1024w, https:\/\/jazzweek.de\/wp-content\/uploads\/2025\/04\/CJW24_Tag-08_\u00a9niclasweber-10-768x512.jpg 768w, https:\/\/jazzweek.de\/wp-content\/uploads\/2025\/04\/CJW24_Tag-08_\u00a9niclasweber-10-1536x1024.jpg 1536w, https:\/\/jazzweek.de\/wp-content\/uploads\/2025\/04\/CJW24_Tag-08_\u00a9niclasweber-10-2048x1366.jpg 2048w\" sizes=\"(max-width: 1920px) 100vw, 1920px\" \/>                                <div class=\"description\">\n                                    <p><\/p>\n                                <\/div>\n                            <\/li>\n                                        <\/ul>\n            <\/div>\n                            <div class=\"glide__arrows\" data-glide-el=\"controls\">\n                    <div class=\"glide__arrow glide__arrow--left\" data-glide-dir=\"&lt;\">&lt;<\/div>\n                    <div class=\"glide__arrow glide__arrow--right\" data-glide-dir=\"&gt;\">&gt;<\/div>\n                <\/div>\n            \n        <\/div>\n    <\/div>\n<\/div>                            <div class=\"images-item\" data-postid=\"5572\">\n                                <img loading=\"lazy\" decoding=\"async\" width=\"600\" height=\"400\" src=\"https:\/\/jazzweek.de\/wp-content\/uploads\/2025\/04\/CJW24_Tag-02_\u00a9niclasweber-8.jpg\" class=\"attachment-jazz-medium size-jazz-medium\" alt=\"\" srcset=\"https:\/\/jazzweek.de\/wp-content\/uploads\/2025\/04\/CJW24_Tag-02_\u00a9niclasweber-8.jpg 2500w, https:\/\/jazzweek.de\/wp-content\/uploads\/2025\/04\/CJW24_Tag-02_\u00a9niclasweber-8-300x200.jpg 300w, https:\/\/jazzweek.de\/wp-content\/uploads\/2025\/04\/CJW24_Tag-02_\u00a9niclasweber-8-1024x683.jpg 1024w, https:\/\/jazzweek.de\/wp-content\/uploads\/2025\/04\/CJW24_Tag-02_\u00a9niclasweber-8-768x512.jpg 768w, https:\/\/jazzweek.de\/wp-content\/uploads\/2025\/04\/CJW24_Tag-02_\u00a9niclasweber-8-1536x1024.jpg 1536w, https:\/\/jazzweek.de\/wp-content\/uploads\/2025\/04\/CJW24_Tag-02_\u00a9niclasweber-8-2048x1366.jpg 2048w, https:\/\/jazzweek.de\/wp-content\/uploads\/2025\/04\/CJW24_Tag-02_\u00a9niclasweber-8-1920x1280.jpg 1920w\" sizes=\"(max-width: 600px) 100vw, 600px\" \/>                            <\/div>\n                        <\/div>\n                                            <div class=\"images-items\">\n                            <div id=\"gallery-modal-5557__wrapper\" class=\"gallery-modal__wrapper\">\n    <div class=\"gallery-modal__close\">\n        <img decoding=\"async\" src=\"https:\/\/jazzweek.de\/wp-content\/themes\/jazz2026\/src\/img\/icon-close.svg\" alt=\"Close\">\n    <\/div>\n    <div class=\"gallery_modal_inner\">\n        <div id=\"gallery-modal-5557\" class=\"gallery-modal glide\">\n            <div class=\"glide__track\" data-glide-el=\"track\">\n                <ul class=\"glide__slides\">\n                    <li class=\"glide__slide\">\n                        <img loading=\"lazy\" decoding=\"async\" width=\"600\" height=\"400\" src=\"https:\/\/jazzweek.de\/wp-content\/uploads\/2025\/04\/CJW24_Tag-07_\u00a9niclasweber-16.jpg\" class=\"attachment-jazz-medium size-jazz-medium\" alt=\"\" srcset=\"https:\/\/jazzweek.de\/wp-content\/uploads\/2025\/04\/CJW24_Tag-07_\u00a9niclasweber-16.jpg 2500w, https:\/\/jazzweek.de\/wp-content\/uploads\/2025\/04\/CJW24_Tag-07_\u00a9niclasweber-16-300x200.jpg 300w, https:\/\/jazzweek.de\/wp-content\/uploads\/2025\/04\/CJW24_Tag-07_\u00a9niclasweber-16-1024x683.jpg 1024w, https:\/\/jazzweek.de\/wp-content\/uploads\/2025\/04\/CJW24_Tag-07_\u00a9niclasweber-16-768x512.jpg 768w, https:\/\/jazzweek.de\/wp-content\/uploads\/2025\/04\/CJW24_Tag-07_\u00a9niclasweber-16-1536x1024.jpg 1536w, https:\/\/jazzweek.de\/wp-content\/uploads\/2025\/04\/CJW24_Tag-07_\u00a9niclasweber-16-2048x1366.jpg 2048w, https:\/\/jazzweek.de\/wp-content\/uploads\/2025\/04\/CJW24_Tag-07_\u00a9niclasweber-16-1920x1280.jpg 1920w\" sizes=\"(max-width: 600px) 100vw, 600px\" \/>                        <div class=\"description\">\n                                                        <h2>CJW24_Tag-07_\u00a9niclasweber-16<\/h2>\n                            <p><\/p>\n                        <\/div>\n                    <\/li>\n                                                <li class=\"glide__slide\">\n                                <img loading=\"lazy\" decoding=\"async\" width=\"1920\" height=\"1280\" src=\"https:\/\/jazzweek.de\/wp-content\/uploads\/2025\/04\/NilsPetterMolvaer-1920x1280.jpg\" class=\"attachment-cover-big size-cover-big\" alt=\"\" srcset=\"https:\/\/jazzweek.de\/wp-content\/uploads\/2025\/04\/NilsPetterMolvaer-1920x1280.jpg 1920w, https:\/\/jazzweek.de\/wp-content\/uploads\/2025\/04\/NilsPetterMolvaer-300x200.jpg 300w, https:\/\/jazzweek.de\/wp-content\/uploads\/2025\/04\/NilsPetterMolvaer-1024x683.jpg 1024w, https:\/\/jazzweek.de\/wp-content\/uploads\/2025\/04\/NilsPetterMolvaer-768x512.jpg 768w, https:\/\/jazzweek.de\/wp-content\/uploads\/2025\/04\/NilsPetterMolvaer-1536x1024.jpg 1536w, https:\/\/jazzweek.de\/wp-content\/uploads\/2025\/04\/NilsPetterMolvaer-2048x1366.jpg 2048w\" sizes=\"(max-width: 1920px) 100vw, 1920px\" \/>                                <div class=\"description\">\n                                    <p><\/p>\n                                <\/div>\n                            <\/li>\n                                                    <li class=\"glide__slide\">\n                                <img loading=\"lazy\" decoding=\"async\" width=\"1920\" height=\"1280\" src=\"https:\/\/jazzweek.de\/wp-content\/uploads\/2025\/04\/CJW24_Tag-02_\u00a9niclasweber-8-1920x1280.jpg\" class=\"attachment-cover-big size-cover-big\" alt=\"\" srcset=\"https:\/\/jazzweek.de\/wp-content\/uploads\/2025\/04\/CJW24_Tag-02_\u00a9niclasweber-8-1920x1280.jpg 1920w, https:\/\/jazzweek.de\/wp-content\/uploads\/2025\/04\/CJW24_Tag-02_\u00a9niclasweber-8-300x200.jpg 300w, https:\/\/jazzweek.de\/wp-content\/uploads\/2025\/04\/CJW24_Tag-02_\u00a9niclasweber-8-1024x683.jpg 1024w, https:\/\/jazzweek.de\/wp-content\/uploads\/2025\/04\/CJW24_Tag-02_\u00a9niclasweber-8-768x512.jpg 768w, https:\/\/jazzweek.de\/wp-content\/uploads\/2025\/04\/CJW24_Tag-02_\u00a9niclasweber-8-1536x1024.jpg 1536w, https:\/\/jazzweek.de\/wp-content\/uploads\/2025\/04\/CJW24_Tag-02_\u00a9niclasweber-8-2048x1366.jpg 2048w\" sizes=\"(max-width: 1920px) 100vw, 1920px\" \/>                                <div class=\"description\">\n                                    <p><\/p>\n                                <\/div>\n                            <\/li>\n                                                    <li class=\"glide__slide\">\n                                <img loading=\"lazy\" decoding=\"async\" width=\"1920\" height=\"1280\" src=\"https:\/\/jazzweek.de\/wp-content\/uploads\/2025\/04\/CJW24_Tag-08_\u00a9niclasweber-1-1920x1280.jpg\" class=\"attachment-cover-big size-cover-big\" alt=\"\" srcset=\"https:\/\/jazzweek.de\/wp-content\/uploads\/2025\/04\/CJW24_Tag-08_\u00a9niclasweber-1-1920x1280.jpg 1920w, https:\/\/jazzweek.de\/wp-content\/uploads\/2025\/04\/CJW24_Tag-08_\u00a9niclasweber-1-300x200.jpg 300w, https:\/\/jazzweek.de\/wp-content\/uploads\/2025\/04\/CJW24_Tag-08_\u00a9niclasweber-1-1024x683.jpg 1024w, https:\/\/jazzweek.de\/wp-content\/uploads\/2025\/04\/CJW24_Tag-08_\u00a9niclasweber-1-768x512.jpg 768w, https:\/\/jazzweek.de\/wp-content\/uploads\/2025\/04\/CJW24_Tag-08_\u00a9niclasweber-1-1536x1024.jpg 1536w, https:\/\/jazzweek.de\/wp-content\/uploads\/2025\/04\/CJW24_Tag-08_\u00a9niclasweber-1-2048x1366.jpg 2048w\" sizes=\"(max-width: 1920px) 100vw, 1920px\" \/>                                <div class=\"description\">\n                                    <p><\/p>\n                                <\/div>\n                            <\/li>\n                                                    <li class=\"glide__slide\">\n                                <img loading=\"lazy\" decoding=\"async\" width=\"1920\" height=\"1280\" src=\"https:\/\/jazzweek.de\/wp-content\/uploads\/2025\/04\/OfCabbagesAndKings--1920x1280.jpg\" class=\"attachment-cover-big size-cover-big\" alt=\"\" srcset=\"https:\/\/jazzweek.de\/wp-content\/uploads\/2025\/04\/OfCabbagesAndKings--1920x1280.jpg 1920w, https:\/\/jazzweek.de\/wp-content\/uploads\/2025\/04\/OfCabbagesAndKings--300x200.jpg 300w, https:\/\/jazzweek.de\/wp-content\/uploads\/2025\/04\/OfCabbagesAndKings--1024x683.jpg 1024w, https:\/\/jazzweek.de\/wp-content\/uploads\/2025\/04\/OfCabbagesAndKings--768x512.jpg 768w, https:\/\/jazzweek.de\/wp-content\/uploads\/2025\/04\/OfCabbagesAndKings--1536x1024.jpg 1536w, https:\/\/jazzweek.de\/wp-content\/uploads\/2025\/04\/OfCabbagesAndKings--2048x1366.jpg 2048w\" sizes=\"(max-width: 1920px) 100vw, 1920px\" \/>                                <div class=\"description\">\n                                    <p><\/p>\n                                <\/div>\n                            <\/li>\n                                                    <li class=\"glide__slide\">\n                                <img loading=\"lazy\" decoding=\"async\" width=\"1920\" height=\"1280\" src=\"https:\/\/jazzweek.de\/wp-content\/uploads\/2025\/04\/CJW24_Tag-02_\u00a9niclasweber-14-1920x1280.jpg\" class=\"attachment-cover-big size-cover-big\" alt=\"\" srcset=\"https:\/\/jazzweek.de\/wp-content\/uploads\/2025\/04\/CJW24_Tag-02_\u00a9niclasweber-14-1920x1280.jpg 1920w, https:\/\/jazzweek.de\/wp-content\/uploads\/2025\/04\/CJW24_Tag-02_\u00a9niclasweber-14-300x200.jpg 300w, https:\/\/jazzweek.de\/wp-content\/uploads\/2025\/04\/CJW24_Tag-02_\u00a9niclasweber-14-1024x683.jpg 1024w, https:\/\/jazzweek.de\/wp-content\/uploads\/2025\/04\/CJW24_Tag-02_\u00a9niclasweber-14-768x512.jpg 768w, https:\/\/jazzweek.de\/wp-content\/uploads\/2025\/04\/CJW24_Tag-02_\u00a9niclasweber-14-1536x1024.jpg 1536w, https:\/\/jazzweek.de\/wp-content\/uploads\/2025\/04\/CJW24_Tag-02_\u00a9niclasweber-14-2048x1366.jpg 2048w\" sizes=\"(max-width: 1920px) 100vw, 1920px\" \/>                                <div class=\"description\">\n                                    <p><\/p>\n                                <\/div>\n                            <\/li>\n                                                    <li class=\"glide__slide\">\n                                <img loading=\"lazy\" decoding=\"async\" width=\"1920\" height=\"1280\" src=\"https:\/\/jazzweek.de\/wp-content\/uploads\/2025\/04\/CJW24_Tag-08_\u00a9niclasweber-7-1920x1280.jpg\" class=\"attachment-cover-big size-cover-big\" alt=\"\" srcset=\"https:\/\/jazzweek.de\/wp-content\/uploads\/2025\/04\/CJW24_Tag-08_\u00a9niclasweber-7-1920x1280.jpg 1920w, https:\/\/jazzweek.de\/wp-content\/uploads\/2025\/04\/CJW24_Tag-08_\u00a9niclasweber-7-300x200.jpg 300w, https:\/\/jazzweek.de\/wp-content\/uploads\/2025\/04\/CJW24_Tag-08_\u00a9niclasweber-7-1024x683.jpg 1024w, https:\/\/jazzweek.de\/wp-content\/uploads\/2025\/04\/CJW24_Tag-08_\u00a9niclasweber-7-768x512.jpg 768w, https:\/\/jazzweek.de\/wp-content\/uploads\/2025\/04\/CJW24_Tag-08_\u00a9niclasweber-7-1536x1024.jpg 1536w, https:\/\/jazzweek.de\/wp-content\/uploads\/2025\/04\/CJW24_Tag-08_\u00a9niclasweber-7-2048x1366.jpg 2048w\" sizes=\"(max-width: 1920px) 100vw, 1920px\" \/>                                <div class=\"description\">\n                                    <p><\/p>\n                                <\/div>\n                            <\/li>\n                                                    <li class=\"glide__slide\">\n                                <img loading=\"lazy\" decoding=\"async\" width=\"1920\" height=\"1280\" src=\"https:\/\/jazzweek.de\/wp-content\/uploads\/2025\/04\/CJW24_Tag-03_\u00a9niclasweber-8-1920x1280.jpg\" class=\"attachment-cover-big size-cover-big\" alt=\"\" srcset=\"https:\/\/jazzweek.de\/wp-content\/uploads\/2025\/04\/CJW24_Tag-03_\u00a9niclasweber-8-1920x1280.jpg 1920w, https:\/\/jazzweek.de\/wp-content\/uploads\/2025\/04\/CJW24_Tag-03_\u00a9niclasweber-8-300x200.jpg 300w, https:\/\/jazzweek.de\/wp-content\/uploads\/2025\/04\/CJW24_Tag-03_\u00a9niclasweber-8-1024x683.jpg 1024w, https:\/\/jazzweek.de\/wp-content\/uploads\/2025\/04\/CJW24_Tag-03_\u00a9niclasweber-8-768x512.jpg 768w, https:\/\/jazzweek.de\/wp-content\/uploads\/2025\/04\/CJW24_Tag-03_\u00a9niclasweber-8-1536x1024.jpg 1536w, https:\/\/jazzweek.de\/wp-content\/uploads\/2025\/04\/CJW24_Tag-03_\u00a9niclasweber-8-2048x1366.jpg 2048w\" sizes=\"(max-width: 1920px) 100vw, 1920px\" \/>                                <div class=\"description\">\n                                    <p><\/p>\n                                <\/div>\n                            <\/li>\n                                                    <li class=\"glide__slide\">\n                                <img loading=\"lazy\" decoding=\"async\" width=\"1920\" height=\"1280\" src=\"https:\/\/jazzweek.de\/wp-content\/uploads\/2025\/04\/OpenAir_CJW_23_TAG_01_\u00a9niclasweber-12-1920x1280.jpg\" class=\"attachment-cover-big size-cover-big\" alt=\"\" srcset=\"https:\/\/jazzweek.de\/wp-content\/uploads\/2025\/04\/OpenAir_CJW_23_TAG_01_\u00a9niclasweber-12-1920x1280.jpg 1920w, https:\/\/jazzweek.de\/wp-content\/uploads\/2025\/04\/OpenAir_CJW_23_TAG_01_\u00a9niclasweber-12-300x200.jpg 300w, https:\/\/jazzweek.de\/wp-content\/uploads\/2025\/04\/OpenAir_CJW_23_TAG_01_\u00a9niclasweber-12-1024x683.jpg 1024w, https:\/\/jazzweek.de\/wp-content\/uploads\/2025\/04\/OpenAir_CJW_23_TAG_01_\u00a9niclasweber-12-768x512.jpg 768w, https:\/\/jazzweek.de\/wp-content\/uploads\/2025\/04\/OpenAir_CJW_23_TAG_01_\u00a9niclasweber-12-1536x1024.jpg 1536w, https:\/\/jazzweek.de\/wp-content\/uploads\/2025\/04\/OpenAir_CJW_23_TAG_01_\u00a9niclasweber-12-2048x1366.jpg 2048w\" sizes=\"(max-width: 1920px) 100vw, 1920px\" \/>                                <div class=\"description\">\n                                    <p><\/p>\n                                <\/div>\n                            <\/li>\n                                                    <li class=\"glide__slide\">\n                                <img loading=\"lazy\" decoding=\"async\" width=\"1920\" height=\"1280\" src=\"https:\/\/jazzweek.de\/wp-content\/uploads\/2025\/04\/CJW24_Tag-05_\u00a9niclasweber-9-1920x1280.jpg\" class=\"attachment-cover-big size-cover-big\" alt=\"\" srcset=\"https:\/\/jazzweek.de\/wp-content\/uploads\/2025\/04\/CJW24_Tag-05_\u00a9niclasweber-9-1920x1280.jpg 1920w, https:\/\/jazzweek.de\/wp-content\/uploads\/2025\/04\/CJW24_Tag-05_\u00a9niclasweber-9-300x200.jpg 300w, https:\/\/jazzweek.de\/wp-content\/uploads\/2025\/04\/CJW24_Tag-05_\u00a9niclasweber-9-1024x683.jpg 1024w, https:\/\/jazzweek.de\/wp-content\/uploads\/2025\/04\/CJW24_Tag-05_\u00a9niclasweber-9-768x512.jpg 768w, https:\/\/jazzweek.de\/wp-content\/uploads\/2025\/04\/CJW24_Tag-05_\u00a9niclasweber-9-1536x1024.jpg 1536w, https:\/\/jazzweek.de\/wp-content\/uploads\/2025\/04\/CJW24_Tag-05_\u00a9niclasweber-9-2048x1366.jpg 2048w\" sizes=\"(max-width: 1920px) 100vw, 1920px\" \/>                                <div class=\"description\">\n                                    <p><\/p>\n                                <\/div>\n                            <\/li>\n                                                    <li class=\"glide__slide\">\n                                <img loading=\"lazy\" decoding=\"async\" width=\"1920\" height=\"1280\" src=\"https:\/\/jazzweek.de\/wp-content\/uploads\/2025\/04\/CJW24_Tag-08_\u00a9niclasweber-10-1920x1280.jpg\" class=\"attachment-cover-big size-cover-big\" alt=\"\" srcset=\"https:\/\/jazzweek.de\/wp-content\/uploads\/2025\/04\/CJW24_Tag-08_\u00a9niclasweber-10-1920x1280.jpg 1920w, https:\/\/jazzweek.de\/wp-content\/uploads\/2025\/04\/CJW24_Tag-08_\u00a9niclasweber-10-300x200.jpg 300w, https:\/\/jazzweek.de\/wp-content\/uploads\/2025\/04\/CJW24_Tag-08_\u00a9niclasweber-10-1024x683.jpg 1024w, https:\/\/jazzweek.de\/wp-content\/uploads\/2025\/04\/CJW24_Tag-08_\u00a9niclasweber-10-768x512.jpg 768w, https:\/\/jazzweek.de\/wp-content\/uploads\/2025\/04\/CJW24_Tag-08_\u00a9niclasweber-10-1536x1024.jpg 1536w, https:\/\/jazzweek.de\/wp-content\/uploads\/2025\/04\/CJW24_Tag-08_\u00a9niclasweber-10-2048x1366.jpg 2048w\" sizes=\"(max-width: 1920px) 100vw, 1920px\" \/>                                <div class=\"description\">\n                                    <p><\/p>\n                                <\/div>\n                            <\/li>\n                                        <\/ul>\n            <\/div>\n                            <div class=\"glide__arrows\" data-glide-el=\"controls\">\n                    <div class=\"glide__arrow glide__arrow--left\" data-glide-dir=\"&lt;\">&lt;<\/div>\n                    <div class=\"glide__arrow glide__arrow--right\" data-glide-dir=\"&gt;\">&gt;<\/div>\n                <\/div>\n            \n        <\/div>\n    <\/div>\n<\/div>                            <div class=\"images-item\" data-postid=\"5557\">\n                                <img loading=\"lazy\" decoding=\"async\" width=\"600\" height=\"400\" src=\"https:\/\/jazzweek.de\/wp-content\/uploads\/2025\/04\/CJW24_Tag-07_\u00a9niclasweber-16.jpg\" class=\"attachment-jazz-medium size-jazz-medium\" alt=\"\" srcset=\"https:\/\/jazzweek.de\/wp-content\/uploads\/2025\/04\/CJW24_Tag-07_\u00a9niclasweber-16.jpg 2500w, https:\/\/jazzweek.de\/wp-content\/uploads\/2025\/04\/CJW24_Tag-07_\u00a9niclasweber-16-300x200.jpg 300w, https:\/\/jazzweek.de\/wp-content\/uploads\/2025\/04\/CJW24_Tag-07_\u00a9niclasweber-16-1024x683.jpg 1024w, https:\/\/jazzweek.de\/wp-content\/uploads\/2025\/04\/CJW24_Tag-07_\u00a9niclasweber-16-768x512.jpg 768w, https:\/\/jazzweek.de\/wp-content\/uploads\/2025\/04\/CJW24_Tag-07_\u00a9niclasweber-16-1536x1024.jpg 1536w, https:\/\/jazzweek.de\/wp-content\/uploads\/2025\/04\/CJW24_Tag-07_\u00a9niclasweber-16-2048x1366.jpg 2048w, https:\/\/jazzweek.de\/wp-content\/uploads\/2025\/04\/CJW24_Tag-07_\u00a9niclasweber-16-1920x1280.jpg 1920w\" sizes=\"(max-width: 600px) 100vw, 600px\" \/>                            <\/div>\n                        <\/div>\n                                            <div class=\"images-items\">\n                            <div id=\"gallery-modal-5560__wrapper\" class=\"gallery-modal__wrapper\">\n    <div class=\"gallery-modal__close\">\n        <img decoding=\"async\" src=\"https:\/\/jazzweek.de\/wp-content\/themes\/jazz2026\/src\/img\/icon-close.svg\" alt=\"Close\">\n    <\/div>\n    <div class=\"gallery_modal_inner\">\n        <div id=\"gallery-modal-5560\" class=\"gallery-modal glide\">\n            <div class=\"glide__track\" data-glide-el=\"track\">\n                <ul class=\"glide__slides\">\n                    <li class=\"glide__slide\">\n                        <img loading=\"lazy\" decoding=\"async\" width=\"600\" height=\"400\" src=\"https:\/\/jazzweek.de\/wp-content\/uploads\/2025\/04\/CJW24_Tag-08_\u00a9niclasweber-1.jpg\" class=\"attachment-jazz-medium size-jazz-medium\" alt=\"\" srcset=\"https:\/\/jazzweek.de\/wp-content\/uploads\/2025\/04\/CJW24_Tag-08_\u00a9niclasweber-1.jpg 2500w, https:\/\/jazzweek.de\/wp-content\/uploads\/2025\/04\/CJW24_Tag-08_\u00a9niclasweber-1-300x200.jpg 300w, https:\/\/jazzweek.de\/wp-content\/uploads\/2025\/04\/CJW24_Tag-08_\u00a9niclasweber-1-1024x683.jpg 1024w, https:\/\/jazzweek.de\/wp-content\/uploads\/2025\/04\/CJW24_Tag-08_\u00a9niclasweber-1-768x512.jpg 768w, https:\/\/jazzweek.de\/wp-content\/uploads\/2025\/04\/CJW24_Tag-08_\u00a9niclasweber-1-1536x1024.jpg 1536w, https:\/\/jazzweek.de\/wp-content\/uploads\/2025\/04\/CJW24_Tag-08_\u00a9niclasweber-1-2048x1366.jpg 2048w, https:\/\/jazzweek.de\/wp-content\/uploads\/2025\/04\/CJW24_Tag-08_\u00a9niclasweber-1-1920x1280.jpg 1920w\" sizes=\"(max-width: 600px) 100vw, 600px\" \/>                        <div class=\"description\">\n                                                        <h2>CJW24_Tag-08_\u00a9niclasweber-1<\/h2>\n                            <p><\/p>\n                        <\/div>\n                    <\/li>\n                                                <li class=\"glide__slide\">\n                                <img loading=\"lazy\" decoding=\"async\" width=\"1920\" height=\"1280\" src=\"https:\/\/jazzweek.de\/wp-content\/uploads\/2025\/04\/NilsPetterMolvaer-1920x1280.jpg\" class=\"attachment-cover-big size-cover-big\" alt=\"\" srcset=\"https:\/\/jazzweek.de\/wp-content\/uploads\/2025\/04\/NilsPetterMolvaer-1920x1280.jpg 1920w, https:\/\/jazzweek.de\/wp-content\/uploads\/2025\/04\/NilsPetterMolvaer-300x200.jpg 300w, https:\/\/jazzweek.de\/wp-content\/uploads\/2025\/04\/NilsPetterMolvaer-1024x683.jpg 1024w, https:\/\/jazzweek.de\/wp-content\/uploads\/2025\/04\/NilsPetterMolvaer-768x512.jpg 768w, https:\/\/jazzweek.de\/wp-content\/uploads\/2025\/04\/NilsPetterMolvaer-1536x1024.jpg 1536w, https:\/\/jazzweek.de\/wp-content\/uploads\/2025\/04\/NilsPetterMolvaer-2048x1366.jpg 2048w\" sizes=\"(max-width: 1920px) 100vw, 1920px\" \/>                                <div class=\"description\">\n                                    <p><\/p>\n                                <\/div>\n                            <\/li>\n                                                    <li class=\"glide__slide\">\n                                <img loading=\"lazy\" decoding=\"async\" width=\"1920\" height=\"1280\" src=\"https:\/\/jazzweek.de\/wp-content\/uploads\/2025\/04\/CJW24_Tag-02_\u00a9niclasweber-8-1920x1280.jpg\" class=\"attachment-cover-big size-cover-big\" alt=\"\" srcset=\"https:\/\/jazzweek.de\/wp-content\/uploads\/2025\/04\/CJW24_Tag-02_\u00a9niclasweber-8-1920x1280.jpg 1920w, https:\/\/jazzweek.de\/wp-content\/uploads\/2025\/04\/CJW24_Tag-02_\u00a9niclasweber-8-300x200.jpg 300w, https:\/\/jazzweek.de\/wp-content\/uploads\/2025\/04\/CJW24_Tag-02_\u00a9niclasweber-8-1024x683.jpg 1024w, https:\/\/jazzweek.de\/wp-content\/uploads\/2025\/04\/CJW24_Tag-02_\u00a9niclasweber-8-768x512.jpg 768w, https:\/\/jazzweek.de\/wp-content\/uploads\/2025\/04\/CJW24_Tag-02_\u00a9niclasweber-8-1536x1024.jpg 1536w, https:\/\/jazzweek.de\/wp-content\/uploads\/2025\/04\/CJW24_Tag-02_\u00a9niclasweber-8-2048x1366.jpg 2048w\" sizes=\"(max-width: 1920px) 100vw, 1920px\" \/>                                <div class=\"description\">\n                                    <p><\/p>\n                                <\/div>\n                            <\/li>\n                                                    <li class=\"glide__slide\">\n                                <img loading=\"lazy\" decoding=\"async\" width=\"1920\" height=\"1280\" src=\"https:\/\/jazzweek.de\/wp-content\/uploads\/2025\/04\/CJW24_Tag-07_\u00a9niclasweber-16-1920x1280.jpg\" class=\"attachment-cover-big size-cover-big\" alt=\"\" srcset=\"https:\/\/jazzweek.de\/wp-content\/uploads\/2025\/04\/CJW24_Tag-07_\u00a9niclasweber-16-1920x1280.jpg 1920w, https:\/\/jazzweek.de\/wp-content\/uploads\/2025\/04\/CJW24_Tag-07_\u00a9niclasweber-16-300x200.jpg 300w, https:\/\/jazzweek.de\/wp-content\/uploads\/2025\/04\/CJW24_Tag-07_\u00a9niclasweber-16-1024x683.jpg 1024w, https:\/\/jazzweek.de\/wp-content\/uploads\/2025\/04\/CJW24_Tag-07_\u00a9niclasweber-16-768x512.jpg 768w, https:\/\/jazzweek.de\/wp-content\/uploads\/2025\/04\/CJW24_Tag-07_\u00a9niclasweber-16-1536x1024.jpg 1536w, https:\/\/jazzweek.de\/wp-content\/uploads\/2025\/04\/CJW24_Tag-07_\u00a9niclasweber-16-2048x1366.jpg 2048w\" sizes=\"(max-width: 1920px) 100vw, 1920px\" \/>                                <div class=\"description\">\n                                    <p><\/p>\n                                <\/div>\n                            <\/li>\n                                                    <li class=\"glide__slide\">\n                                <img loading=\"lazy\" decoding=\"async\" width=\"1920\" height=\"1280\" src=\"https:\/\/jazzweek.de\/wp-content\/uploads\/2025\/04\/OfCabbagesAndKings--1920x1280.jpg\" class=\"attachment-cover-big size-cover-big\" alt=\"\" srcset=\"https:\/\/jazzweek.de\/wp-content\/uploads\/2025\/04\/OfCabbagesAndKings--1920x1280.jpg 1920w, https:\/\/jazzweek.de\/wp-content\/uploads\/2025\/04\/OfCabbagesAndKings--300x200.jpg 300w, https:\/\/jazzweek.de\/wp-content\/uploads\/2025\/04\/OfCabbagesAndKings--1024x683.jpg 1024w, https:\/\/jazzweek.de\/wp-content\/uploads\/2025\/04\/OfCabbagesAndKings--768x512.jpg 768w, https:\/\/jazzweek.de\/wp-content\/uploads\/2025\/04\/OfCabbagesAndKings--1536x1024.jpg 1536w, https:\/\/jazzweek.de\/wp-content\/uploads\/2025\/04\/OfCabbagesAndKings--2048x1366.jpg 2048w\" sizes=\"(max-width: 1920px) 100vw, 1920px\" \/>                                <div class=\"description\">\n                                    <p><\/p>\n                                <\/div>\n                            <\/li>\n                                                    <li class=\"glide__slide\">\n                                <img loading=\"lazy\" decoding=\"async\" width=\"1920\" height=\"1280\" src=\"https:\/\/jazzweek.de\/wp-content\/uploads\/2025\/04\/CJW24_Tag-02_\u00a9niclasweber-14-1920x1280.jpg\" class=\"attachment-cover-big size-cover-big\" alt=\"\" srcset=\"https:\/\/jazzweek.de\/wp-content\/uploads\/2025\/04\/CJW24_Tag-02_\u00a9niclasweber-14-1920x1280.jpg 1920w, https:\/\/jazzweek.de\/wp-content\/uploads\/2025\/04\/CJW24_Tag-02_\u00a9niclasweber-14-300x200.jpg 300w, https:\/\/jazzweek.de\/wp-content\/uploads\/2025\/04\/CJW24_Tag-02_\u00a9niclasweber-14-1024x683.jpg 1024w, https:\/\/jazzweek.de\/wp-content\/uploads\/2025\/04\/CJW24_Tag-02_\u00a9niclasweber-14-768x512.jpg 768w, https:\/\/jazzweek.de\/wp-content\/uploads\/2025\/04\/CJW24_Tag-02_\u00a9niclasweber-14-1536x1024.jpg 1536w, https:\/\/jazzweek.de\/wp-content\/uploads\/2025\/04\/CJW24_Tag-02_\u00a9niclasweber-14-2048x1366.jpg 2048w\" sizes=\"(max-width: 1920px) 100vw, 1920px\" \/>                                <div class=\"description\">\n                                    <p><\/p>\n                                <\/div>\n                            <\/li>\n                                                    <li class=\"glide__slide\">\n                                <img loading=\"lazy\" decoding=\"async\" width=\"1920\" height=\"1280\" src=\"https:\/\/jazzweek.de\/wp-content\/uploads\/2025\/04\/CJW24_Tag-08_\u00a9niclasweber-7-1920x1280.jpg\" class=\"attachment-cover-big size-cover-big\" alt=\"\" srcset=\"https:\/\/jazzweek.de\/wp-content\/uploads\/2025\/04\/CJW24_Tag-08_\u00a9niclasweber-7-1920x1280.jpg 1920w, https:\/\/jazzweek.de\/wp-content\/uploads\/2025\/04\/CJW24_Tag-08_\u00a9niclasweber-7-300x200.jpg 300w, https:\/\/jazzweek.de\/wp-content\/uploads\/2025\/04\/CJW24_Tag-08_\u00a9niclasweber-7-1024x683.jpg 1024w, https:\/\/jazzweek.de\/wp-content\/uploads\/2025\/04\/CJW24_Tag-08_\u00a9niclasweber-7-768x512.jpg 768w, https:\/\/jazzweek.de\/wp-content\/uploads\/2025\/04\/CJW24_Tag-08_\u00a9niclasweber-7-1536x1024.jpg 1536w, https:\/\/jazzweek.de\/wp-content\/uploads\/2025\/04\/CJW24_Tag-08_\u00a9niclasweber-7-2048x1366.jpg 2048w\" sizes=\"(max-width: 1920px) 100vw, 1920px\" \/>                                <div class=\"description\">\n                                    <p><\/p>\n                                <\/div>\n                            <\/li>\n                                                    <li class=\"glide__slide\">\n                                <img loading=\"lazy\" decoding=\"async\" width=\"1920\" height=\"1280\" src=\"https:\/\/jazzweek.de\/wp-content\/uploads\/2025\/04\/CJW24_Tag-03_\u00a9niclasweber-8-1920x1280.jpg\" class=\"attachment-cover-big size-cover-big\" alt=\"\" srcset=\"https:\/\/jazzweek.de\/wp-content\/uploads\/2025\/04\/CJW24_Tag-03_\u00a9niclasweber-8-1920x1280.jpg 1920w, https:\/\/jazzweek.de\/wp-content\/uploads\/2025\/04\/CJW24_Tag-03_\u00a9niclasweber-8-300x200.jpg 300w, https:\/\/jazzweek.de\/wp-content\/uploads\/2025\/04\/CJW24_Tag-03_\u00a9niclasweber-8-1024x683.jpg 1024w, https:\/\/jazzweek.de\/wp-content\/uploads\/2025\/04\/CJW24_Tag-03_\u00a9niclasweber-8-768x512.jpg 768w, https:\/\/jazzweek.de\/wp-content\/uploads\/2025\/04\/CJW24_Tag-03_\u00a9niclasweber-8-1536x1024.jpg 1536w, https:\/\/jazzweek.de\/wp-content\/uploads\/2025\/04\/CJW24_Tag-03_\u00a9niclasweber-8-2048x1366.jpg 2048w\" sizes=\"(max-width: 1920px) 100vw, 1920px\" \/>                                <div class=\"description\">\n                                    <p><\/p>\n                                <\/div>\n                            <\/li>\n                                                    <li class=\"glide__slide\">\n                                <img loading=\"lazy\" decoding=\"async\" width=\"1920\" height=\"1280\" src=\"https:\/\/jazzweek.de\/wp-content\/uploads\/2025\/04\/OpenAir_CJW_23_TAG_01_\u00a9niclasweber-12-1920x1280.jpg\" class=\"attachment-cover-big size-cover-big\" alt=\"\" srcset=\"https:\/\/jazzweek.de\/wp-content\/uploads\/2025\/04\/OpenAir_CJW_23_TAG_01_\u00a9niclasweber-12-1920x1280.jpg 1920w, https:\/\/jazzweek.de\/wp-content\/uploads\/2025\/04\/OpenAir_CJW_23_TAG_01_\u00a9niclasweber-12-300x200.jpg 300w, https:\/\/jazzweek.de\/wp-content\/uploads\/2025\/04\/OpenAir_CJW_23_TAG_01_\u00a9niclasweber-12-1024x683.jpg 1024w, https:\/\/jazzweek.de\/wp-content\/uploads\/2025\/04\/OpenAir_CJW_23_TAG_01_\u00a9niclasweber-12-768x512.jpg 768w, https:\/\/jazzweek.de\/wp-content\/uploads\/2025\/04\/OpenAir_CJW_23_TAG_01_\u00a9niclasweber-12-1536x1024.jpg 1536w, https:\/\/jazzweek.de\/wp-content\/uploads\/2025\/04\/OpenAir_CJW_23_TAG_01_\u00a9niclasweber-12-2048x1366.jpg 2048w\" sizes=\"(max-width: 1920px) 100vw, 1920px\" \/>                                <div class=\"description\">\n                                    <p><\/p>\n                                <\/div>\n                            <\/li>\n                                                    <li class=\"glide__slide\">\n                                <img loading=\"lazy\" decoding=\"async\" width=\"1920\" height=\"1280\" src=\"https:\/\/jazzweek.de\/wp-content\/uploads\/2025\/04\/CJW24_Tag-05_\u00a9niclasweber-9-1920x1280.jpg\" class=\"attachment-cover-big size-cover-big\" alt=\"\" srcset=\"https:\/\/jazzweek.de\/wp-content\/uploads\/2025\/04\/CJW24_Tag-05_\u00a9niclasweber-9-1920x1280.jpg 1920w, https:\/\/jazzweek.de\/wp-content\/uploads\/2025\/04\/CJW24_Tag-05_\u00a9niclasweber-9-300x200.jpg 300w, https:\/\/jazzweek.de\/wp-content\/uploads\/2025\/04\/CJW24_Tag-05_\u00a9niclasweber-9-1024x683.jpg 1024w, https:\/\/jazzweek.de\/wp-content\/uploads\/2025\/04\/CJW24_Tag-05_\u00a9niclasweber-9-768x512.jpg 768w, https:\/\/jazzweek.de\/wp-content\/uploads\/2025\/04\/CJW24_Tag-05_\u00a9niclasweber-9-1536x1024.jpg 1536w, https:\/\/jazzweek.de\/wp-content\/uploads\/2025\/04\/CJW24_Tag-05_\u00a9niclasweber-9-2048x1366.jpg 2048w\" sizes=\"(max-width: 1920px) 100vw, 1920px\" \/>                                <div class=\"description\">\n                                    <p><\/p>\n                                <\/div>\n                            <\/li>\n                                                    <li class=\"glide__slide\">\n                                <img loading=\"lazy\" decoding=\"async\" width=\"1920\" height=\"1280\" src=\"https:\/\/jazzweek.de\/wp-content\/uploads\/2025\/04\/CJW24_Tag-08_\u00a9niclasweber-10-1920x1280.jpg\" class=\"attachment-cover-big size-cover-big\" alt=\"\" srcset=\"https:\/\/jazzweek.de\/wp-content\/uploads\/2025\/04\/CJW24_Tag-08_\u00a9niclasweber-10-1920x1280.jpg 1920w, https:\/\/jazzweek.de\/wp-content\/uploads\/2025\/04\/CJW24_Tag-08_\u00a9niclasweber-10-300x200.jpg 300w, https:\/\/jazzweek.de\/wp-content\/uploads\/2025\/04\/CJW24_Tag-08_\u00a9niclasweber-10-1024x683.jpg 1024w, https:\/\/jazzweek.de\/wp-content\/uploads\/2025\/04\/CJW24_Tag-08_\u00a9niclasweber-10-768x512.jpg 768w, https:\/\/jazzweek.de\/wp-content\/uploads\/2025\/04\/CJW24_Tag-08_\u00a9niclasweber-10-1536x1024.jpg 1536w, https:\/\/jazzweek.de\/wp-content\/uploads\/2025\/04\/CJW24_Tag-08_\u00a9niclasweber-10-2048x1366.jpg 2048w\" sizes=\"(max-width: 1920px) 100vw, 1920px\" \/>                                <div class=\"description\">\n                                    <p><\/p>\n                                <\/div>\n                            <\/li>\n                                        <\/ul>\n            <\/div>\n                            <div class=\"glide__arrows\" data-glide-el=\"controls\">\n                    <div class=\"glide__arrow glide__arrow--left\" data-glide-dir=\"&lt;\">&lt;<\/div>\n                    <div class=\"glide__arrow glide__arrow--right\" data-glide-dir=\"&gt;\">&gt;<\/div>\n                <\/div>\n            \n        <\/div>\n    <\/div>\n<\/div>                            <div class=\"images-item\" data-postid=\"5560\">\n                                <img loading=\"lazy\" decoding=\"async\" width=\"600\" height=\"400\" src=\"https:\/\/jazzweek.de\/wp-content\/uploads\/2025\/04\/CJW24_Tag-08_\u00a9niclasweber-1.jpg\" class=\"attachment-jazz-medium size-jazz-medium\" alt=\"\" srcset=\"https:\/\/jazzweek.de\/wp-content\/uploads\/2025\/04\/CJW24_Tag-08_\u00a9niclasweber-1.jpg 2500w, https:\/\/jazzweek.de\/wp-content\/uploads\/2025\/04\/CJW24_Tag-08_\u00a9niclasweber-1-300x200.jpg 300w, https:\/\/jazzweek.de\/wp-content\/uploads\/2025\/04\/CJW24_Tag-08_\u00a9niclasweber-1-1024x683.jpg 1024w, https:\/\/jazzweek.de\/wp-content\/uploads\/2025\/04\/CJW24_Tag-08_\u00a9niclasweber-1-768x512.jpg 768w, https:\/\/jazzweek.de\/wp-content\/uploads\/2025\/04\/CJW24_Tag-08_\u00a9niclasweber-1-1536x1024.jpg 1536w, https:\/\/jazzweek.de\/wp-content\/uploads\/2025\/04\/CJW24_Tag-08_\u00a9niclasweber-1-2048x1366.jpg 2048w, https:\/\/jazzweek.de\/wp-content\/uploads\/2025\/04\/CJW24_Tag-08_\u00a9niclasweber-1-1920x1280.jpg 1920w\" sizes=\"(max-width: 600px) 100vw, 600px\" \/>                            <\/div>\n                        <\/div>\n                                            <div class=\"images-items\">\n                            <div id=\"gallery-modal-5602__wrapper\" class=\"gallery-modal__wrapper\">\n    <div class=\"gallery-modal__close\">\n        <img decoding=\"async\" src=\"https:\/\/jazzweek.de\/wp-content\/themes\/jazz2026\/src\/img\/icon-close.svg\" alt=\"Close\">\n    <\/div>\n    <div class=\"gallery_modal_inner\">\n        <div id=\"gallery-modal-5602\" class=\"gallery-modal glide\">\n            <div class=\"glide__track\" data-glide-el=\"track\">\n                <ul class=\"glide__slides\">\n                    <li class=\"glide__slide\">\n                        <img loading=\"lazy\" decoding=\"async\" width=\"600\" height=\"400\" src=\"https:\/\/jazzweek.de\/wp-content\/uploads\/2025\/04\/OfCabbagesAndKings-.jpg\" class=\"attachment-jazz-medium size-jazz-medium\" alt=\"\" srcset=\"https:\/\/jazzweek.de\/wp-content\/uploads\/2025\/04\/OfCabbagesAndKings-.jpg 2500w, https:\/\/jazzweek.de\/wp-content\/uploads\/2025\/04\/OfCabbagesAndKings--300x200.jpg 300w, https:\/\/jazzweek.de\/wp-content\/uploads\/2025\/04\/OfCabbagesAndKings--1024x683.jpg 1024w, https:\/\/jazzweek.de\/wp-content\/uploads\/2025\/04\/OfCabbagesAndKings--768x512.jpg 768w, https:\/\/jazzweek.de\/wp-content\/uploads\/2025\/04\/OfCabbagesAndKings--1536x1024.jpg 1536w, https:\/\/jazzweek.de\/wp-content\/uploads\/2025\/04\/OfCabbagesAndKings--2048x1366.jpg 2048w, https:\/\/jazzweek.de\/wp-content\/uploads\/2025\/04\/OfCabbagesAndKings--1920x1280.jpg 1920w\" sizes=\"(max-width: 600px) 100vw, 600px\" \/>                        <div class=\"description\">\n                                                        <h2>OfCabbagesAndKings<\/h2>\n                            <p><\/p>\n                        <\/div>\n                    <\/li>\n                                                <li class=\"glide__slide\">\n                                <img loading=\"lazy\" decoding=\"async\" width=\"1920\" height=\"1280\" src=\"https:\/\/jazzweek.de\/wp-content\/uploads\/2025\/04\/NilsPetterMolvaer-1920x1280.jpg\" class=\"attachment-cover-big size-cover-big\" alt=\"\" srcset=\"https:\/\/jazzweek.de\/wp-content\/uploads\/2025\/04\/NilsPetterMolvaer-1920x1280.jpg 1920w, https:\/\/jazzweek.de\/wp-content\/uploads\/2025\/04\/NilsPetterMolvaer-300x200.jpg 300w, https:\/\/jazzweek.de\/wp-content\/uploads\/2025\/04\/NilsPetterMolvaer-1024x683.jpg 1024w, https:\/\/jazzweek.de\/wp-content\/uploads\/2025\/04\/NilsPetterMolvaer-768x512.jpg 768w, https:\/\/jazzweek.de\/wp-content\/uploads\/2025\/04\/NilsPetterMolvaer-1536x1024.jpg 1536w, https:\/\/jazzweek.de\/wp-content\/uploads\/2025\/04\/NilsPetterMolvaer-2048x1366.jpg 2048w\" sizes=\"(max-width: 1920px) 100vw, 1920px\" \/>                                <div class=\"description\">\n                                    <p><\/p>\n                                <\/div>\n                            <\/li>\n                                                    <li class=\"glide__slide\">\n                                <img loading=\"lazy\" decoding=\"async\" width=\"1920\" height=\"1280\" src=\"https:\/\/jazzweek.de\/wp-content\/uploads\/2025\/04\/CJW24_Tag-02_\u00a9niclasweber-8-1920x1280.jpg\" class=\"attachment-cover-big size-cover-big\" alt=\"\" srcset=\"https:\/\/jazzweek.de\/wp-content\/uploads\/2025\/04\/CJW24_Tag-02_\u00a9niclasweber-8-1920x1280.jpg 1920w, https:\/\/jazzweek.de\/wp-content\/uploads\/2025\/04\/CJW24_Tag-02_\u00a9niclasweber-8-300x200.jpg 300w, https:\/\/jazzweek.de\/wp-content\/uploads\/2025\/04\/CJW24_Tag-02_\u00a9niclasweber-8-1024x683.jpg 1024w, https:\/\/jazzweek.de\/wp-content\/uploads\/2025\/04\/CJW24_Tag-02_\u00a9niclasweber-8-768x512.jpg 768w, https:\/\/jazzweek.de\/wp-content\/uploads\/2025\/04\/CJW24_Tag-02_\u00a9niclasweber-8-1536x1024.jpg 1536w, https:\/\/jazzweek.de\/wp-content\/uploads\/2025\/04\/CJW24_Tag-02_\u00a9niclasweber-8-2048x1366.jpg 2048w\" sizes=\"(max-width: 1920px) 100vw, 1920px\" \/>                                <div class=\"description\">\n                                    <p><\/p>\n                                <\/div>\n                            <\/li>\n                                                    <li class=\"glide__slide\">\n                                <img loading=\"lazy\" decoding=\"async\" width=\"1920\" height=\"1280\" src=\"https:\/\/jazzweek.de\/wp-content\/uploads\/2025\/04\/CJW24_Tag-07_\u00a9niclasweber-16-1920x1280.jpg\" class=\"attachment-cover-big size-cover-big\" alt=\"\" srcset=\"https:\/\/jazzweek.de\/wp-content\/uploads\/2025\/04\/CJW24_Tag-07_\u00a9niclasweber-16-1920x1280.jpg 1920w, https:\/\/jazzweek.de\/wp-content\/uploads\/2025\/04\/CJW24_Tag-07_\u00a9niclasweber-16-300x200.jpg 300w, https:\/\/jazzweek.de\/wp-content\/uploads\/2025\/04\/CJW24_Tag-07_\u00a9niclasweber-16-1024x683.jpg 1024w, https:\/\/jazzweek.de\/wp-content\/uploads\/2025\/04\/CJW24_Tag-07_\u00a9niclasweber-16-768x512.jpg 768w, https:\/\/jazzweek.de\/wp-content\/uploads\/2025\/04\/CJW24_Tag-07_\u00a9niclasweber-16-1536x1024.jpg 1536w, https:\/\/jazzweek.de\/wp-content\/uploads\/2025\/04\/CJW24_Tag-07_\u00a9niclasweber-16-2048x1366.jpg 2048w\" sizes=\"(max-width: 1920px) 100vw, 1920px\" \/>                                <div class=\"description\">\n                                    <p><\/p>\n                                <\/div>\n                            <\/li>\n                                                    <li class=\"glide__slide\">\n                                <img loading=\"lazy\" decoding=\"async\" width=\"1920\" height=\"1280\" src=\"https:\/\/jazzweek.de\/wp-content\/uploads\/2025\/04\/CJW24_Tag-08_\u00a9niclasweber-1-1920x1280.jpg\" class=\"attachment-cover-big size-cover-big\" alt=\"\" srcset=\"https:\/\/jazzweek.de\/wp-content\/uploads\/2025\/04\/CJW24_Tag-08_\u00a9niclasweber-1-1920x1280.jpg 1920w, https:\/\/jazzweek.de\/wp-content\/uploads\/2025\/04\/CJW24_Tag-08_\u00a9niclasweber-1-300x200.jpg 300w, https:\/\/jazzweek.de\/wp-content\/uploads\/2025\/04\/CJW24_Tag-08_\u00a9niclasweber-1-1024x683.jpg 1024w, https:\/\/jazzweek.de\/wp-content\/uploads\/2025\/04\/CJW24_Tag-08_\u00a9niclasweber-1-768x512.jpg 768w, https:\/\/jazzweek.de\/wp-content\/uploads\/2025\/04\/CJW24_Tag-08_\u00a9niclasweber-1-1536x1024.jpg 1536w, https:\/\/jazzweek.de\/wp-content\/uploads\/2025\/04\/CJW24_Tag-08_\u00a9niclasweber-1-2048x1366.jpg 2048w\" sizes=\"(max-width: 1920px) 100vw, 1920px\" \/>                                <div class=\"description\">\n                                    <p><\/p>\n                                <\/div>\n                            <\/li>\n                                                    <li class=\"glide__slide\">\n                                <img loading=\"lazy\" decoding=\"async\" width=\"1920\" height=\"1280\" src=\"https:\/\/jazzweek.de\/wp-content\/uploads\/2025\/04\/CJW24_Tag-02_\u00a9niclasweber-14-1920x1280.jpg\" class=\"attachment-cover-big size-cover-big\" alt=\"\" srcset=\"https:\/\/jazzweek.de\/wp-content\/uploads\/2025\/04\/CJW24_Tag-02_\u00a9niclasweber-14-1920x1280.jpg 1920w, https:\/\/jazzweek.de\/wp-content\/uploads\/2025\/04\/CJW24_Tag-02_\u00a9niclasweber-14-300x200.jpg 300w, https:\/\/jazzweek.de\/wp-content\/uploads\/2025\/04\/CJW24_Tag-02_\u00a9niclasweber-14-1024x683.jpg 1024w, https:\/\/jazzweek.de\/wp-content\/uploads\/2025\/04\/CJW24_Tag-02_\u00a9niclasweber-14-768x512.jpg 768w, https:\/\/jazzweek.de\/wp-content\/uploads\/2025\/04\/CJW24_Tag-02_\u00a9niclasweber-14-1536x1024.jpg 1536w, https:\/\/jazzweek.de\/wp-content\/uploads\/2025\/04\/CJW24_Tag-02_\u00a9niclasweber-14-2048x1366.jpg 2048w\" sizes=\"(max-width: 1920px) 100vw, 1920px\" \/>                                <div class=\"description\">\n                                    <p><\/p>\n                                <\/div>\n                            <\/li>\n                                                    <li class=\"glide__slide\">\n                                <img loading=\"lazy\" decoding=\"async\" width=\"1920\" height=\"1280\" src=\"https:\/\/jazzweek.de\/wp-content\/uploads\/2025\/04\/CJW24_Tag-08_\u00a9niclasweber-7-1920x1280.jpg\" class=\"attachment-cover-big size-cover-big\" alt=\"\" srcset=\"https:\/\/jazzweek.de\/wp-content\/uploads\/2025\/04\/CJW24_Tag-08_\u00a9niclasweber-7-1920x1280.jpg 1920w, https:\/\/jazzweek.de\/wp-content\/uploads\/2025\/04\/CJW24_Tag-08_\u00a9niclasweber-7-300x200.jpg 300w, https:\/\/jazzweek.de\/wp-content\/uploads\/2025\/04\/CJW24_Tag-08_\u00a9niclasweber-7-1024x683.jpg 1024w, https:\/\/jazzweek.de\/wp-content\/uploads\/2025\/04\/CJW24_Tag-08_\u00a9niclasweber-7-768x512.jpg 768w, https:\/\/jazzweek.de\/wp-content\/uploads\/2025\/04\/CJW24_Tag-08_\u00a9niclasweber-7-1536x1024.jpg 1536w, https:\/\/jazzweek.de\/wp-content\/uploads\/2025\/04\/CJW24_Tag-08_\u00a9niclasweber-7-2048x1366.jpg 2048w\" sizes=\"(max-width: 1920px) 100vw, 1920px\" \/>                                <div class=\"description\">\n                                    <p><\/p>\n                                <\/div>\n                            <\/li>\n                                                    <li class=\"glide__slide\">\n                                <img loading=\"lazy\" decoding=\"async\" width=\"1920\" height=\"1280\" src=\"https:\/\/jazzweek.de\/wp-content\/uploads\/2025\/04\/CJW24_Tag-03_\u00a9niclasweber-8-1920x1280.jpg\" class=\"attachment-cover-big size-cover-big\" alt=\"\" srcset=\"https:\/\/jazzweek.de\/wp-content\/uploads\/2025\/04\/CJW24_Tag-03_\u00a9niclasweber-8-1920x1280.jpg 1920w, https:\/\/jazzweek.de\/wp-content\/uploads\/2025\/04\/CJW24_Tag-03_\u00a9niclasweber-8-300x200.jpg 300w, https:\/\/jazzweek.de\/wp-content\/uploads\/2025\/04\/CJW24_Tag-03_\u00a9niclasweber-8-1024x683.jpg 1024w, https:\/\/jazzweek.de\/wp-content\/uploads\/2025\/04\/CJW24_Tag-03_\u00a9niclasweber-8-768x512.jpg 768w, https:\/\/jazzweek.de\/wp-content\/uploads\/2025\/04\/CJW24_Tag-03_\u00a9niclasweber-8-1536x1024.jpg 1536w, https:\/\/jazzweek.de\/wp-content\/uploads\/2025\/04\/CJW24_Tag-03_\u00a9niclasweber-8-2048x1366.jpg 2048w\" sizes=\"(max-width: 1920px) 100vw, 1920px\" \/>                                <div class=\"description\">\n                                    <p><\/p>\n                                <\/div>\n                            <\/li>\n                                                    <li class=\"glide__slide\">\n                                <img loading=\"lazy\" decoding=\"async\" width=\"1920\" height=\"1280\" src=\"https:\/\/jazzweek.de\/wp-content\/uploads\/2025\/04\/OpenAir_CJW_23_TAG_01_\u00a9niclasweber-12-1920x1280.jpg\" class=\"attachment-cover-big size-cover-big\" alt=\"\" srcset=\"https:\/\/jazzweek.de\/wp-content\/uploads\/2025\/04\/OpenAir_CJW_23_TAG_01_\u00a9niclasweber-12-1920x1280.jpg 1920w, https:\/\/jazzweek.de\/wp-content\/uploads\/2025\/04\/OpenAir_CJW_23_TAG_01_\u00a9niclasweber-12-300x200.jpg 300w, https:\/\/jazzweek.de\/wp-content\/uploads\/2025\/04\/OpenAir_CJW_23_TAG_01_\u00a9niclasweber-12-1024x683.jpg 1024w, https:\/\/jazzweek.de\/wp-content\/uploads\/2025\/04\/OpenAir_CJW_23_TAG_01_\u00a9niclasweber-12-768x512.jpg 768w, https:\/\/jazzweek.de\/wp-content\/uploads\/2025\/04\/OpenAir_CJW_23_TAG_01_\u00a9niclasweber-12-1536x1024.jpg 1536w, https:\/\/jazzweek.de\/wp-content\/uploads\/2025\/04\/OpenAir_CJW_23_TAG_01_\u00a9niclasweber-12-2048x1366.jpg 2048w\" sizes=\"(max-width: 1920px) 100vw, 1920px\" \/>                                <div class=\"description\">\n                                    <p><\/p>\n                                <\/div>\n                            <\/li>\n                                                    <li class=\"glide__slide\">\n                                <img loading=\"lazy\" decoding=\"async\" width=\"1920\" height=\"1280\" src=\"https:\/\/jazzweek.de\/wp-content\/uploads\/2025\/04\/CJW24_Tag-05_\u00a9niclasweber-9-1920x1280.jpg\" class=\"attachment-cover-big size-cover-big\" alt=\"\" srcset=\"https:\/\/jazzweek.de\/wp-content\/uploads\/2025\/04\/CJW24_Tag-05_\u00a9niclasweber-9-1920x1280.jpg 1920w, https:\/\/jazzweek.de\/wp-content\/uploads\/2025\/04\/CJW24_Tag-05_\u00a9niclasweber-9-300x200.jpg 300w, https:\/\/jazzweek.de\/wp-content\/uploads\/2025\/04\/CJW24_Tag-05_\u00a9niclasweber-9-1024x683.jpg 1024w, https:\/\/jazzweek.de\/wp-content\/uploads\/2025\/04\/CJW24_Tag-05_\u00a9niclasweber-9-768x512.jpg 768w, https:\/\/jazzweek.de\/wp-content\/uploads\/2025\/04\/CJW24_Tag-05_\u00a9niclasweber-9-1536x1024.jpg 1536w, https:\/\/jazzweek.de\/wp-content\/uploads\/2025\/04\/CJW24_Tag-05_\u00a9niclasweber-9-2048x1366.jpg 2048w\" sizes=\"(max-width: 1920px) 100vw, 1920px\" \/>                                <div class=\"description\">\n                                    <p><\/p>\n                                <\/div>\n                            <\/li>\n                                                    <li class=\"glide__slide\">\n                                <img loading=\"lazy\" decoding=\"async\" width=\"1920\" height=\"1280\" src=\"https:\/\/jazzweek.de\/wp-content\/uploads\/2025\/04\/CJW24_Tag-08_\u00a9niclasweber-10-1920x1280.jpg\" class=\"attachment-cover-big size-cover-big\" alt=\"\" srcset=\"https:\/\/jazzweek.de\/wp-content\/uploads\/2025\/04\/CJW24_Tag-08_\u00a9niclasweber-10-1920x1280.jpg 1920w, https:\/\/jazzweek.de\/wp-content\/uploads\/2025\/04\/CJW24_Tag-08_\u00a9niclasweber-10-300x200.jpg 300w, https:\/\/jazzweek.de\/wp-content\/uploads\/2025\/04\/CJW24_Tag-08_\u00a9niclasweber-10-1024x683.jpg 1024w, https:\/\/jazzweek.de\/wp-content\/uploads\/2025\/04\/CJW24_Tag-08_\u00a9niclasweber-10-768x512.jpg 768w, https:\/\/jazzweek.de\/wp-content\/uploads\/2025\/04\/CJW24_Tag-08_\u00a9niclasweber-10-1536x1024.jpg 1536w, https:\/\/jazzweek.de\/wp-content\/uploads\/2025\/04\/CJW24_Tag-08_\u00a9niclasweber-10-2048x1366.jpg 2048w\" sizes=\"(max-width: 1920px) 100vw, 1920px\" \/>                                <div class=\"description\">\n                                    <p><\/p>\n                                <\/div>\n                            <\/li>\n                                        <\/ul>\n            <\/div>\n                            <div class=\"glide__arrows\" data-glide-el=\"controls\">\n                    <div class=\"glide__arrow glide__arrow--left\" data-glide-dir=\"&lt;\">&lt;<\/div>\n                    <div class=\"glide__arrow glide__arrow--right\" data-glide-dir=\"&gt;\">&gt;<\/div>\n                <\/div>\n            \n        <\/div>\n    <\/div>\n<\/div>                            <div class=\"images-item\" data-postid=\"5602\">\n                                <img loading=\"lazy\" decoding=\"async\" width=\"600\" height=\"400\" src=\"https:\/\/jazzweek.de\/wp-content\/uploads\/2025\/04\/OfCabbagesAndKings-.jpg\" class=\"attachment-jazz-medium size-jazz-medium\" alt=\"\" srcset=\"https:\/\/jazzweek.de\/wp-content\/uploads\/2025\/04\/OfCabbagesAndKings-.jpg 2500w, https:\/\/jazzweek.de\/wp-content\/uploads\/2025\/04\/OfCabbagesAndKings--300x200.jpg 300w, https:\/\/jazzweek.de\/wp-content\/uploads\/2025\/04\/OfCabbagesAndKings--1024x683.jpg 1024w, https:\/\/jazzweek.de\/wp-content\/uploads\/2025\/04\/OfCabbagesAndKings--768x512.jpg 768w, https:\/\/jazzweek.de\/wp-content\/uploads\/2025\/04\/OfCabbagesAndKings--1536x1024.jpg 1536w, https:\/\/jazzweek.de\/wp-content\/uploads\/2025\/04\/OfCabbagesAndKings--2048x1366.jpg 2048w, https:\/\/jazzweek.de\/wp-content\/uploads\/2025\/04\/OfCabbagesAndKings--1920x1280.jpg 1920w\" sizes=\"(max-width: 600px) 100vw, 600px\" \/>                            <\/div>\n                        <\/div>\n                                            <div class=\"images-items\">\n                            <div id=\"gallery-modal-5573__wrapper\" class=\"gallery-modal__wrapper\">\n    <div class=\"gallery-modal__close\">\n        <img decoding=\"async\" src=\"https:\/\/jazzweek.de\/wp-content\/themes\/jazz2026\/src\/img\/icon-close.svg\" alt=\"Close\">\n    <\/div>\n    <div class=\"gallery_modal_inner\">\n        <div id=\"gallery-modal-5573\" class=\"gallery-modal glide\">\n            <div class=\"glide__track\" data-glide-el=\"track\">\n                <ul class=\"glide__slides\">\n                    <li class=\"glide__slide\">\n                        <img loading=\"lazy\" decoding=\"async\" width=\"600\" height=\"400\" src=\"https:\/\/jazzweek.de\/wp-content\/uploads\/2025\/04\/CJW24_Tag-02_\u00a9niclasweber-14.jpg\" class=\"attachment-jazz-medium size-jazz-medium\" alt=\"\" srcset=\"https:\/\/jazzweek.de\/wp-content\/uploads\/2025\/04\/CJW24_Tag-02_\u00a9niclasweber-14.jpg 2500w, https:\/\/jazzweek.de\/wp-content\/uploads\/2025\/04\/CJW24_Tag-02_\u00a9niclasweber-14-300x200.jpg 300w, https:\/\/jazzweek.de\/wp-content\/uploads\/2025\/04\/CJW24_Tag-02_\u00a9niclasweber-14-1024x683.jpg 1024w, https:\/\/jazzweek.de\/wp-content\/uploads\/2025\/04\/CJW24_Tag-02_\u00a9niclasweber-14-768x512.jpg 768w, https:\/\/jazzweek.de\/wp-content\/uploads\/2025\/04\/CJW24_Tag-02_\u00a9niclasweber-14-1536x1024.jpg 1536w, https:\/\/jazzweek.de\/wp-content\/uploads\/2025\/04\/CJW24_Tag-02_\u00a9niclasweber-14-2048x1366.jpg 2048w, https:\/\/jazzweek.de\/wp-content\/uploads\/2025\/04\/CJW24_Tag-02_\u00a9niclasweber-14-1920x1280.jpg 1920w\" sizes=\"(max-width: 600px) 100vw, 600px\" \/>                        <div class=\"description\">\n                                                        <h2>CJW24_Tag-02_\u00a9niclasweber-14<\/h2>\n                            <p><\/p>\n                        <\/div>\n                    <\/li>\n                                                <li class=\"glide__slide\">\n                                <img loading=\"lazy\" decoding=\"async\" width=\"1920\" height=\"1280\" src=\"https:\/\/jazzweek.de\/wp-content\/uploads\/2025\/04\/NilsPetterMolvaer-1920x1280.jpg\" class=\"attachment-cover-big size-cover-big\" alt=\"\" srcset=\"https:\/\/jazzweek.de\/wp-content\/uploads\/2025\/04\/NilsPetterMolvaer-1920x1280.jpg 1920w, https:\/\/jazzweek.de\/wp-content\/uploads\/2025\/04\/NilsPetterMolvaer-300x200.jpg 300w, https:\/\/jazzweek.de\/wp-content\/uploads\/2025\/04\/NilsPetterMolvaer-1024x683.jpg 1024w, https:\/\/jazzweek.de\/wp-content\/uploads\/2025\/04\/NilsPetterMolvaer-768x512.jpg 768w, https:\/\/jazzweek.de\/wp-content\/uploads\/2025\/04\/NilsPetterMolvaer-1536x1024.jpg 1536w, https:\/\/jazzweek.de\/wp-content\/uploads\/2025\/04\/NilsPetterMolvaer-2048x1366.jpg 2048w\" sizes=\"(max-width: 1920px) 100vw, 1920px\" \/>                                <div class=\"description\">\n                                    <p><\/p>\n                                <\/div>\n                            <\/li>\n                                                    <li class=\"glide__slide\">\n                                <img loading=\"lazy\" decoding=\"async\" width=\"1920\" height=\"1280\" src=\"https:\/\/jazzweek.de\/wp-content\/uploads\/2025\/04\/CJW24_Tag-02_\u00a9niclasweber-8-1920x1280.jpg\" class=\"attachment-cover-big size-cover-big\" alt=\"\" srcset=\"https:\/\/jazzweek.de\/wp-content\/uploads\/2025\/04\/CJW24_Tag-02_\u00a9niclasweber-8-1920x1280.jpg 1920w, https:\/\/jazzweek.de\/wp-content\/uploads\/2025\/04\/CJW24_Tag-02_\u00a9niclasweber-8-300x200.jpg 300w, https:\/\/jazzweek.de\/wp-content\/uploads\/2025\/04\/CJW24_Tag-02_\u00a9niclasweber-8-1024x683.jpg 1024w, https:\/\/jazzweek.de\/wp-content\/uploads\/2025\/04\/CJW24_Tag-02_\u00a9niclasweber-8-768x512.jpg 768w, https:\/\/jazzweek.de\/wp-content\/uploads\/2025\/04\/CJW24_Tag-02_\u00a9niclasweber-8-1536x1024.jpg 1536w, https:\/\/jazzweek.de\/wp-content\/uploads\/2025\/04\/CJW24_Tag-02_\u00a9niclasweber-8-2048x1366.jpg 2048w\" sizes=\"(max-width: 1920px) 100vw, 1920px\" \/>                                <div class=\"description\">\n                                    <p><\/p>\n                                <\/div>\n                            <\/li>\n                                                    <li class=\"glide__slide\">\n                                <img loading=\"lazy\" decoding=\"async\" width=\"1920\" height=\"1280\" src=\"https:\/\/jazzweek.de\/wp-content\/uploads\/2025\/04\/CJW24_Tag-07_\u00a9niclasweber-16-1920x1280.jpg\" class=\"attachment-cover-big size-cover-big\" alt=\"\" srcset=\"https:\/\/jazzweek.de\/wp-content\/uploads\/2025\/04\/CJW24_Tag-07_\u00a9niclasweber-16-1920x1280.jpg 1920w, https:\/\/jazzweek.de\/wp-content\/uploads\/2025\/04\/CJW24_Tag-07_\u00a9niclasweber-16-300x200.jpg 300w, https:\/\/jazzweek.de\/wp-content\/uploads\/2025\/04\/CJW24_Tag-07_\u00a9niclasweber-16-1024x683.jpg 1024w, https:\/\/jazzweek.de\/wp-content\/uploads\/2025\/04\/CJW24_Tag-07_\u00a9niclasweber-16-768x512.jpg 768w, https:\/\/jazzweek.de\/wp-content\/uploads\/2025\/04\/CJW24_Tag-07_\u00a9niclasweber-16-1536x1024.jpg 1536w, https:\/\/jazzweek.de\/wp-content\/uploads\/2025\/04\/CJW24_Tag-07_\u00a9niclasweber-16-2048x1366.jpg 2048w\" sizes=\"(max-width: 1920px) 100vw, 1920px\" \/>                                <div class=\"description\">\n                                    <p><\/p>\n                                <\/div>\n                            <\/li>\n                                                    <li class=\"glide__slide\">\n                                <img loading=\"lazy\" decoding=\"async\" width=\"1920\" height=\"1280\" src=\"https:\/\/jazzweek.de\/wp-content\/uploads\/2025\/04\/CJW24_Tag-08_\u00a9niclasweber-1-1920x1280.jpg\" class=\"attachment-cover-big size-cover-big\" alt=\"\" srcset=\"https:\/\/jazzweek.de\/wp-content\/uploads\/2025\/04\/CJW24_Tag-08_\u00a9niclasweber-1-1920x1280.jpg 1920w, https:\/\/jazzweek.de\/wp-content\/uploads\/2025\/04\/CJW24_Tag-08_\u00a9niclasweber-1-300x200.jpg 300w, https:\/\/jazzweek.de\/wp-content\/uploads\/2025\/04\/CJW24_Tag-08_\u00a9niclasweber-1-1024x683.jpg 1024w, https:\/\/jazzweek.de\/wp-content\/uploads\/2025\/04\/CJW24_Tag-08_\u00a9niclasweber-1-768x512.jpg 768w, https:\/\/jazzweek.de\/wp-content\/uploads\/2025\/04\/CJW24_Tag-08_\u00a9niclasweber-1-1536x1024.jpg 1536w, https:\/\/jazzweek.de\/wp-content\/uploads\/2025\/04\/CJW24_Tag-08_\u00a9niclasweber-1-2048x1366.jpg 2048w\" sizes=\"(max-width: 1920px) 100vw, 1920px\" \/>                                <div class=\"description\">\n                                    <p><\/p>\n                                <\/div>\n                            <\/li>\n                                                    <li class=\"glide__slide\">\n                                <img loading=\"lazy\" decoding=\"async\" width=\"1920\" height=\"1280\" src=\"https:\/\/jazzweek.de\/wp-content\/uploads\/2025\/04\/OfCabbagesAndKings--1920x1280.jpg\" class=\"attachment-cover-big size-cover-big\" alt=\"\" srcset=\"https:\/\/jazzweek.de\/wp-content\/uploads\/2025\/04\/OfCabbagesAndKings--1920x1280.jpg 1920w, https:\/\/jazzweek.de\/wp-content\/uploads\/2025\/04\/OfCabbagesAndKings--300x200.jpg 300w, https:\/\/jazzweek.de\/wp-content\/uploads\/2025\/04\/OfCabbagesAndKings--1024x683.jpg 1024w, https:\/\/jazzweek.de\/wp-content\/uploads\/2025\/04\/OfCabbagesAndKings--768x512.jpg 768w, https:\/\/jazzweek.de\/wp-content\/uploads\/2025\/04\/OfCabbagesAndKings--1536x1024.jpg 1536w, https:\/\/jazzweek.de\/wp-content\/uploads\/2025\/04\/OfCabbagesAndKings--2048x1366.jpg 2048w\" sizes=\"(max-width: 1920px) 100vw, 1920px\" \/>                                <div class=\"description\">\n                                    <p><\/p>\n                                <\/div>\n                            <\/li>\n                                                    <li class=\"glide__slide\">\n                                <img loading=\"lazy\" decoding=\"async\" width=\"1920\" height=\"1280\" src=\"https:\/\/jazzweek.de\/wp-content\/uploads\/2025\/04\/CJW24_Tag-08_\u00a9niclasweber-7-1920x1280.jpg\" class=\"attachment-cover-big size-cover-big\" alt=\"\" srcset=\"https:\/\/jazzweek.de\/wp-content\/uploads\/2025\/04\/CJW24_Tag-08_\u00a9niclasweber-7-1920x1280.jpg 1920w, https:\/\/jazzweek.de\/wp-content\/uploads\/2025\/04\/CJW24_Tag-08_\u00a9niclasweber-7-300x200.jpg 300w, https:\/\/jazzweek.de\/wp-content\/uploads\/2025\/04\/CJW24_Tag-08_\u00a9niclasweber-7-1024x683.jpg 1024w, https:\/\/jazzweek.de\/wp-content\/uploads\/2025\/04\/CJW24_Tag-08_\u00a9niclasweber-7-768x512.jpg 768w, https:\/\/jazzweek.de\/wp-content\/uploads\/2025\/04\/CJW24_Tag-08_\u00a9niclasweber-7-1536x1024.jpg 1536w, https:\/\/jazzweek.de\/wp-content\/uploads\/2025\/04\/CJW24_Tag-08_\u00a9niclasweber-7-2048x1366.jpg 2048w\" sizes=\"(max-width: 1920px) 100vw, 1920px\" \/>                                <div class=\"description\">\n                                    <p><\/p>\n                                <\/div>\n                            <\/li>\n                                                    <li class=\"glide__slide\">\n                                <img loading=\"lazy\" decoding=\"async\" width=\"1920\" height=\"1280\" src=\"https:\/\/jazzweek.de\/wp-content\/uploads\/2025\/04\/CJW24_Tag-03_\u00a9niclasweber-8-1920x1280.jpg\" class=\"attachment-cover-big size-cover-big\" alt=\"\" srcset=\"https:\/\/jazzweek.de\/wp-content\/uploads\/2025\/04\/CJW24_Tag-03_\u00a9niclasweber-8-1920x1280.jpg 1920w, https:\/\/jazzweek.de\/wp-content\/uploads\/2025\/04\/CJW24_Tag-03_\u00a9niclasweber-8-300x200.jpg 300w, https:\/\/jazzweek.de\/wp-content\/uploads\/2025\/04\/CJW24_Tag-03_\u00a9niclasweber-8-1024x683.jpg 1024w, https:\/\/jazzweek.de\/wp-content\/uploads\/2025\/04\/CJW24_Tag-03_\u00a9niclasweber-8-768x512.jpg 768w, https:\/\/jazzweek.de\/wp-content\/uploads\/2025\/04\/CJW24_Tag-03_\u00a9niclasweber-8-1536x1024.jpg 1536w, https:\/\/jazzweek.de\/wp-content\/uploads\/2025\/04\/CJW24_Tag-03_\u00a9niclasweber-8-2048x1366.jpg 2048w\" sizes=\"(max-width: 1920px) 100vw, 1920px\" \/>                                <div class=\"description\">\n                                    <p><\/p>\n                                <\/div>\n                            <\/li>\n                                                    <li class=\"glide__slide\">\n                                <img loading=\"lazy\" decoding=\"async\" width=\"1920\" height=\"1280\" src=\"https:\/\/jazzweek.de\/wp-content\/uploads\/2025\/04\/OpenAir_CJW_23_TAG_01_\u00a9niclasweber-12-1920x1280.jpg\" class=\"attachment-cover-big size-cover-big\" alt=\"\" srcset=\"https:\/\/jazzweek.de\/wp-content\/uploads\/2025\/04\/OpenAir_CJW_23_TAG_01_\u00a9niclasweber-12-1920x1280.jpg 1920w, https:\/\/jazzweek.de\/wp-content\/uploads\/2025\/04\/OpenAir_CJW_23_TAG_01_\u00a9niclasweber-12-300x200.jpg 300w, https:\/\/jazzweek.de\/wp-content\/uploads\/2025\/04\/OpenAir_CJW_23_TAG_01_\u00a9niclasweber-12-1024x683.jpg 1024w, https:\/\/jazzweek.de\/wp-content\/uploads\/2025\/04\/OpenAir_CJW_23_TAG_01_\u00a9niclasweber-12-768x512.jpg 768w, https:\/\/jazzweek.de\/wp-content\/uploads\/2025\/04\/OpenAir_CJW_23_TAG_01_\u00a9niclasweber-12-1536x1024.jpg 1536w, https:\/\/jazzweek.de\/wp-content\/uploads\/2025\/04\/OpenAir_CJW_23_TAG_01_\u00a9niclasweber-12-2048x1366.jpg 2048w\" sizes=\"(max-width: 1920px) 100vw, 1920px\" \/>                                <div class=\"description\">\n                                    <p><\/p>\n                                <\/div>\n                            <\/li>\n                                                    <li class=\"glide__slide\">\n                                <img loading=\"lazy\" decoding=\"async\" width=\"1920\" height=\"1280\" src=\"https:\/\/jazzweek.de\/wp-content\/uploads\/2025\/04\/CJW24_Tag-05_\u00a9niclasweber-9-1920x1280.jpg\" class=\"attachment-cover-big size-cover-big\" alt=\"\" srcset=\"https:\/\/jazzweek.de\/wp-content\/uploads\/2025\/04\/CJW24_Tag-05_\u00a9niclasweber-9-1920x1280.jpg 1920w, https:\/\/jazzweek.de\/wp-content\/uploads\/2025\/04\/CJW24_Tag-05_\u00a9niclasweber-9-300x200.jpg 300w, https:\/\/jazzweek.de\/wp-content\/uploads\/2025\/04\/CJW24_Tag-05_\u00a9niclasweber-9-1024x683.jpg 1024w, https:\/\/jazzweek.de\/wp-content\/uploads\/2025\/04\/CJW24_Tag-05_\u00a9niclasweber-9-768x512.jpg 768w, https:\/\/jazzweek.de\/wp-content\/uploads\/2025\/04\/CJW24_Tag-05_\u00a9niclasweber-9-1536x1024.jpg 1536w, https:\/\/jazzweek.de\/wp-content\/uploads\/2025\/04\/CJW24_Tag-05_\u00a9niclasweber-9-2048x1366.jpg 2048w\" sizes=\"(max-width: 1920px) 100vw, 1920px\" \/>                                <div class=\"description\">\n                                    <p><\/p>\n                                <\/div>\n                            <\/li>\n                                                    <li class=\"glide__slide\">\n                                <img loading=\"lazy\" decoding=\"async\" width=\"1920\" height=\"1280\" src=\"https:\/\/jazzweek.de\/wp-content\/uploads\/2025\/04\/CJW24_Tag-08_\u00a9niclasweber-10-1920x1280.jpg\" class=\"attachment-cover-big size-cover-big\" alt=\"\" srcset=\"https:\/\/jazzweek.de\/wp-content\/uploads\/2025\/04\/CJW24_Tag-08_\u00a9niclasweber-10-1920x1280.jpg 1920w, https:\/\/jazzweek.de\/wp-content\/uploads\/2025\/04\/CJW24_Tag-08_\u00a9niclasweber-10-300x200.jpg 300w, https:\/\/jazzweek.de\/wp-content\/uploads\/2025\/04\/CJW24_Tag-08_\u00a9niclasweber-10-1024x683.jpg 1024w, https:\/\/jazzweek.de\/wp-content\/uploads\/2025\/04\/CJW24_Tag-08_\u00a9niclasweber-10-768x512.jpg 768w, https:\/\/jazzweek.de\/wp-content\/uploads\/2025\/04\/CJW24_Tag-08_\u00a9niclasweber-10-1536x1024.jpg 1536w, https:\/\/jazzweek.de\/wp-content\/uploads\/2025\/04\/CJW24_Tag-08_\u00a9niclasweber-10-2048x1366.jpg 2048w\" sizes=\"(max-width: 1920px) 100vw, 1920px\" \/>                                <div class=\"description\">\n                                    <p><\/p>\n                                <\/div>\n                            <\/li>\n                                        <\/ul>\n            <\/div>\n                            <div class=\"glide__arrows\" data-glide-el=\"controls\">\n                    <div class=\"glide__arrow glide__arrow--left\" data-glide-dir=\"&lt;\">&lt;<\/div>\n                    <div class=\"glide__arrow glide__arrow--right\" data-glide-dir=\"&gt;\">&gt;<\/div>\n                <\/div>\n            \n        <\/div>\n    <\/div>\n<\/div>                            <div class=\"images-item\" data-postid=\"5573\">\n                                <img loading=\"lazy\" decoding=\"async\" width=\"600\" height=\"400\" src=\"https:\/\/jazzweek.de\/wp-content\/uploads\/2025\/04\/CJW24_Tag-02_\u00a9niclasweber-14.jpg\" class=\"attachment-jazz-medium size-jazz-medium\" alt=\"\" srcset=\"https:\/\/jazzweek.de\/wp-content\/uploads\/2025\/04\/CJW24_Tag-02_\u00a9niclasweber-14.jpg 2500w, https:\/\/jazzweek.de\/wp-content\/uploads\/2025\/04\/CJW24_Tag-02_\u00a9niclasweber-14-300x200.jpg 300w, https:\/\/jazzweek.de\/wp-content\/uploads\/2025\/04\/CJW24_Tag-02_\u00a9niclasweber-14-1024x683.jpg 1024w, https:\/\/jazzweek.de\/wp-content\/uploads\/2025\/04\/CJW24_Tag-02_\u00a9niclasweber-14-768x512.jpg 768w, https:\/\/jazzweek.de\/wp-content\/uploads\/2025\/04\/CJW24_Tag-02_\u00a9niclasweber-14-1536x1024.jpg 1536w, https:\/\/jazzweek.de\/wp-content\/uploads\/2025\/04\/CJW24_Tag-02_\u00a9niclasweber-14-2048x1366.jpg 2048w, https:\/\/jazzweek.de\/wp-content\/uploads\/2025\/04\/CJW24_Tag-02_\u00a9niclasweber-14-1920x1280.jpg 1920w\" sizes=\"(max-width: 600px) 100vw, 600px\" \/>                            <\/div>\n                        <\/div>\n                                            <div class=\"images-items\">\n                            <div id=\"gallery-modal-5566__wrapper\" class=\"gallery-modal__wrapper\">\n    <div class=\"gallery-modal__close\">\n        <img decoding=\"async\" src=\"https:\/\/jazzweek.de\/wp-content\/themes\/jazz2026\/src\/img\/icon-close.svg\" alt=\"Close\">\n    <\/div>\n    <div class=\"gallery_modal_inner\">\n        <div id=\"gallery-modal-5566\" class=\"gallery-modal glide\">\n            <div class=\"glide__track\" data-glide-el=\"track\">\n                <ul class=\"glide__slides\">\n                    <li class=\"glide__slide\">\n                        <img loading=\"lazy\" decoding=\"async\" width=\"600\" height=\"400\" src=\"https:\/\/jazzweek.de\/wp-content\/uploads\/2025\/04\/CJW24_Tag-08_\u00a9niclasweber-7.jpg\" class=\"attachment-jazz-medium size-jazz-medium\" alt=\"\" srcset=\"https:\/\/jazzweek.de\/wp-content\/uploads\/2025\/04\/CJW24_Tag-08_\u00a9niclasweber-7.jpg 2500w, https:\/\/jazzweek.de\/wp-content\/uploads\/2025\/04\/CJW24_Tag-08_\u00a9niclasweber-7-300x200.jpg 300w, https:\/\/jazzweek.de\/wp-content\/uploads\/2025\/04\/CJW24_Tag-08_\u00a9niclasweber-7-1024x683.jpg 1024w, https:\/\/jazzweek.de\/wp-content\/uploads\/2025\/04\/CJW24_Tag-08_\u00a9niclasweber-7-768x512.jpg 768w, https:\/\/jazzweek.de\/wp-content\/uploads\/2025\/04\/CJW24_Tag-08_\u00a9niclasweber-7-1536x1024.jpg 1536w, https:\/\/jazzweek.de\/wp-content\/uploads\/2025\/04\/CJW24_Tag-08_\u00a9niclasweber-7-2048x1366.jpg 2048w, https:\/\/jazzweek.de\/wp-content\/uploads\/2025\/04\/CJW24_Tag-08_\u00a9niclasweber-7-1920x1280.jpg 1920w\" sizes=\"(max-width: 600px) 100vw, 600px\" \/>                        <div class=\"description\">\n                                                        <h2>CJW24_Tag-08_\u00a9niclasweber-7<\/h2>\n                            <p><\/p>\n                        <\/div>\n                    <\/li>\n                                                <li class=\"glide__slide\">\n                                <img loading=\"lazy\" decoding=\"async\" width=\"1920\" height=\"1280\" src=\"https:\/\/jazzweek.de\/wp-content\/uploads\/2025\/04\/NilsPetterMolvaer-1920x1280.jpg\" class=\"attachment-cover-big size-cover-big\" alt=\"\" srcset=\"https:\/\/jazzweek.de\/wp-content\/uploads\/2025\/04\/NilsPetterMolvaer-1920x1280.jpg 1920w, https:\/\/jazzweek.de\/wp-content\/uploads\/2025\/04\/NilsPetterMolvaer-300x200.jpg 300w, https:\/\/jazzweek.de\/wp-content\/uploads\/2025\/04\/NilsPetterMolvaer-1024x683.jpg 1024w, https:\/\/jazzweek.de\/wp-content\/uploads\/2025\/04\/NilsPetterMolvaer-768x512.jpg 768w, https:\/\/jazzweek.de\/wp-content\/uploads\/2025\/04\/NilsPetterMolvaer-1536x1024.jpg 1536w, https:\/\/jazzweek.de\/wp-content\/uploads\/2025\/04\/NilsPetterMolvaer-2048x1366.jpg 2048w\" sizes=\"(max-width: 1920px) 100vw, 1920px\" \/>                                <div class=\"description\">\n                                    <p><\/p>\n                                <\/div>\n                            <\/li>\n                                                    <li class=\"glide__slide\">\n                                <img loading=\"lazy\" decoding=\"async\" width=\"1920\" height=\"1280\" src=\"https:\/\/jazzweek.de\/wp-content\/uploads\/2025\/04\/CJW24_Tag-02_\u00a9niclasweber-8-1920x1280.jpg\" class=\"attachment-cover-big size-cover-big\" alt=\"\" srcset=\"https:\/\/jazzweek.de\/wp-content\/uploads\/2025\/04\/CJW24_Tag-02_\u00a9niclasweber-8-1920x1280.jpg 1920w, https:\/\/jazzweek.de\/wp-content\/uploads\/2025\/04\/CJW24_Tag-02_\u00a9niclasweber-8-300x200.jpg 300w, https:\/\/jazzweek.de\/wp-content\/uploads\/2025\/04\/CJW24_Tag-02_\u00a9niclasweber-8-1024x683.jpg 1024w, https:\/\/jazzweek.de\/wp-content\/uploads\/2025\/04\/CJW24_Tag-02_\u00a9niclasweber-8-768x512.jpg 768w, https:\/\/jazzweek.de\/wp-content\/uploads\/2025\/04\/CJW24_Tag-02_\u00a9niclasweber-8-1536x1024.jpg 1536w, https:\/\/jazzweek.de\/wp-content\/uploads\/2025\/04\/CJW24_Tag-02_\u00a9niclasweber-8-2048x1366.jpg 2048w\" sizes=\"(max-width: 1920px) 100vw, 1920px\" \/>                                <div class=\"description\">\n                                    <p><\/p>\n                                <\/div>\n                            <\/li>\n                                                    <li class=\"glide__slide\">\n                                <img loading=\"lazy\" decoding=\"async\" width=\"1920\" height=\"1280\" src=\"https:\/\/jazzweek.de\/wp-content\/uploads\/2025\/04\/CJW24_Tag-07_\u00a9niclasweber-16-1920x1280.jpg\" class=\"attachment-cover-big size-cover-big\" alt=\"\" srcset=\"https:\/\/jazzweek.de\/wp-content\/uploads\/2025\/04\/CJW24_Tag-07_\u00a9niclasweber-16-1920x1280.jpg 1920w, https:\/\/jazzweek.de\/wp-content\/uploads\/2025\/04\/CJW24_Tag-07_\u00a9niclasweber-16-300x200.jpg 300w, https:\/\/jazzweek.de\/wp-content\/uploads\/2025\/04\/CJW24_Tag-07_\u00a9niclasweber-16-1024x683.jpg 1024w, https:\/\/jazzweek.de\/wp-content\/uploads\/2025\/04\/CJW24_Tag-07_\u00a9niclasweber-16-768x512.jpg 768w, https:\/\/jazzweek.de\/wp-content\/uploads\/2025\/04\/CJW24_Tag-07_\u00a9niclasweber-16-1536x1024.jpg 1536w, https:\/\/jazzweek.de\/wp-content\/uploads\/2025\/04\/CJW24_Tag-07_\u00a9niclasweber-16-2048x1366.jpg 2048w\" sizes=\"(max-width: 1920px) 100vw, 1920px\" \/>                                <div class=\"description\">\n                                    <p><\/p>\n                                <\/div>\n                            <\/li>\n                                                    <li class=\"glide__slide\">\n                                <img loading=\"lazy\" decoding=\"async\" width=\"1920\" height=\"1280\" src=\"https:\/\/jazzweek.de\/wp-content\/uploads\/2025\/04\/CJW24_Tag-08_\u00a9niclasweber-1-1920x1280.jpg\" class=\"attachment-cover-big size-cover-big\" alt=\"\" srcset=\"https:\/\/jazzweek.de\/wp-content\/uploads\/2025\/04\/CJW24_Tag-08_\u00a9niclasweber-1-1920x1280.jpg 1920w, https:\/\/jazzweek.de\/wp-content\/uploads\/2025\/04\/CJW24_Tag-08_\u00a9niclasweber-1-300x200.jpg 300w, https:\/\/jazzweek.de\/wp-content\/uploads\/2025\/04\/CJW24_Tag-08_\u00a9niclasweber-1-1024x683.jpg 1024w, https:\/\/jazzweek.de\/wp-content\/uploads\/2025\/04\/CJW24_Tag-08_\u00a9niclasweber-1-768x512.jpg 768w, https:\/\/jazzweek.de\/wp-content\/uploads\/2025\/04\/CJW24_Tag-08_\u00a9niclasweber-1-1536x1024.jpg 1536w, https:\/\/jazzweek.de\/wp-content\/uploads\/2025\/04\/CJW24_Tag-08_\u00a9niclasweber-1-2048x1366.jpg 2048w\" sizes=\"(max-width: 1920px) 100vw, 1920px\" \/>                                <div class=\"description\">\n                                    <p><\/p>\n                                <\/div>\n                            <\/li>\n                                                    <li class=\"glide__slide\">\n                                <img loading=\"lazy\" decoding=\"async\" width=\"1920\" height=\"1280\" src=\"https:\/\/jazzweek.de\/wp-content\/uploads\/2025\/04\/OfCabbagesAndKings--1920x1280.jpg\" class=\"attachment-cover-big size-cover-big\" alt=\"\" srcset=\"https:\/\/jazzweek.de\/wp-content\/uploads\/2025\/04\/OfCabbagesAndKings--1920x1280.jpg 1920w, https:\/\/jazzweek.de\/wp-content\/uploads\/2025\/04\/OfCabbagesAndKings--300x200.jpg 300w, https:\/\/jazzweek.de\/wp-content\/uploads\/2025\/04\/OfCabbagesAndKings--1024x683.jpg 1024w, https:\/\/jazzweek.de\/wp-content\/uploads\/2025\/04\/OfCabbagesAndKings--768x512.jpg 768w, https:\/\/jazzweek.de\/wp-content\/uploads\/2025\/04\/OfCabbagesAndKings--1536x1024.jpg 1536w, https:\/\/jazzweek.de\/wp-content\/uploads\/2025\/04\/OfCabbagesAndKings--2048x1366.jpg 2048w\" sizes=\"(max-width: 1920px) 100vw, 1920px\" \/>                                <div class=\"description\">\n                                    <p><\/p>\n                                <\/div>\n                            <\/li>\n                                                    <li class=\"glide__slide\">\n                                <img loading=\"lazy\" decoding=\"async\" width=\"1920\" height=\"1280\" src=\"https:\/\/jazzweek.de\/wp-content\/uploads\/2025\/04\/CJW24_Tag-02_\u00a9niclasweber-14-1920x1280.jpg\" class=\"attachment-cover-big size-cover-big\" alt=\"\" srcset=\"https:\/\/jazzweek.de\/wp-content\/uploads\/2025\/04\/CJW24_Tag-02_\u00a9niclasweber-14-1920x1280.jpg 1920w, https:\/\/jazzweek.de\/wp-content\/uploads\/2025\/04\/CJW24_Tag-02_\u00a9niclasweber-14-300x200.jpg 300w, https:\/\/jazzweek.de\/wp-content\/uploads\/2025\/04\/CJW24_Tag-02_\u00a9niclasweber-14-1024x683.jpg 1024w, https:\/\/jazzweek.de\/wp-content\/uploads\/2025\/04\/CJW24_Tag-02_\u00a9niclasweber-14-768x512.jpg 768w, https:\/\/jazzweek.de\/wp-content\/uploads\/2025\/04\/CJW24_Tag-02_\u00a9niclasweber-14-1536x1024.jpg 1536w, https:\/\/jazzweek.de\/wp-content\/uploads\/2025\/04\/CJW24_Tag-02_\u00a9niclasweber-14-2048x1366.jpg 2048w\" sizes=\"(max-width: 1920px) 100vw, 1920px\" \/>                                <div class=\"description\">\n                                    <p><\/p>\n                                <\/div>\n                            <\/li>\n                                                    <li class=\"glide__slide\">\n                                <img loading=\"lazy\" decoding=\"async\" width=\"1920\" height=\"1280\" src=\"https:\/\/jazzweek.de\/wp-content\/uploads\/2025\/04\/CJW24_Tag-03_\u00a9niclasweber-8-1920x1280.jpg\" class=\"attachment-cover-big size-cover-big\" alt=\"\" srcset=\"https:\/\/jazzweek.de\/wp-content\/uploads\/2025\/04\/CJW24_Tag-03_\u00a9niclasweber-8-1920x1280.jpg 1920w, https:\/\/jazzweek.de\/wp-content\/uploads\/2025\/04\/CJW24_Tag-03_\u00a9niclasweber-8-300x200.jpg 300w, https:\/\/jazzweek.de\/wp-content\/uploads\/2025\/04\/CJW24_Tag-03_\u00a9niclasweber-8-1024x683.jpg 1024w, https:\/\/jazzweek.de\/wp-content\/uploads\/2025\/04\/CJW24_Tag-03_\u00a9niclasweber-8-768x512.jpg 768w, https:\/\/jazzweek.de\/wp-content\/uploads\/2025\/04\/CJW24_Tag-03_\u00a9niclasweber-8-1536x1024.jpg 1536w, https:\/\/jazzweek.de\/wp-content\/uploads\/2025\/04\/CJW24_Tag-03_\u00a9niclasweber-8-2048x1366.jpg 2048w\" sizes=\"(max-width: 1920px) 100vw, 1920px\" \/>                                <div class=\"description\">\n                                    <p><\/p>\n                                <\/div>\n                            <\/li>\n                                                    <li class=\"glide__slide\">\n                                <img loading=\"lazy\" decoding=\"async\" width=\"1920\" height=\"1280\" src=\"https:\/\/jazzweek.de\/wp-content\/uploads\/2025\/04\/OpenAir_CJW_23_TAG_01_\u00a9niclasweber-12-1920x1280.jpg\" class=\"attachment-cover-big size-cover-big\" alt=\"\" srcset=\"https:\/\/jazzweek.de\/wp-content\/uploads\/2025\/04\/OpenAir_CJW_23_TAG_01_\u00a9niclasweber-12-1920x1280.jpg 1920w, https:\/\/jazzweek.de\/wp-content\/uploads\/2025\/04\/OpenAir_CJW_23_TAG_01_\u00a9niclasweber-12-300x200.jpg 300w, https:\/\/jazzweek.de\/wp-content\/uploads\/2025\/04\/OpenAir_CJW_23_TAG_01_\u00a9niclasweber-12-1024x683.jpg 1024w, https:\/\/jazzweek.de\/wp-content\/uploads\/2025\/04\/OpenAir_CJW_23_TAG_01_\u00a9niclasweber-12-768x512.jpg 768w, https:\/\/jazzweek.de\/wp-content\/uploads\/2025\/04\/OpenAir_CJW_23_TAG_01_\u00a9niclasweber-12-1536x1024.jpg 1536w, https:\/\/jazzweek.de\/wp-content\/uploads\/2025\/04\/OpenAir_CJW_23_TAG_01_\u00a9niclasweber-12-2048x1366.jpg 2048w\" sizes=\"(max-width: 1920px) 100vw, 1920px\" \/>                                <div class=\"description\">\n                                    <p><\/p>\n                                <\/div>\n                            <\/li>\n                                                    <li class=\"glide__slide\">\n                                <img loading=\"lazy\" decoding=\"async\" width=\"1920\" height=\"1280\" src=\"https:\/\/jazzweek.de\/wp-content\/uploads\/2025\/04\/CJW24_Tag-05_\u00a9niclasweber-9-1920x1280.jpg\" class=\"attachment-cover-big size-cover-big\" alt=\"\" srcset=\"https:\/\/jazzweek.de\/wp-content\/uploads\/2025\/04\/CJW24_Tag-05_\u00a9niclasweber-9-1920x1280.jpg 1920w, https:\/\/jazzweek.de\/wp-content\/uploads\/2025\/04\/CJW24_Tag-05_\u00a9niclasweber-9-300x200.jpg 300w, https:\/\/jazzweek.de\/wp-content\/uploads\/2025\/04\/CJW24_Tag-05_\u00a9niclasweber-9-1024x683.jpg 1024w, https:\/\/jazzweek.de\/wp-content\/uploads\/2025\/04\/CJW24_Tag-05_\u00a9niclasweber-9-768x512.jpg 768w, https:\/\/jazzweek.de\/wp-content\/uploads\/2025\/04\/CJW24_Tag-05_\u00a9niclasweber-9-1536x1024.jpg 1536w, https:\/\/jazzweek.de\/wp-content\/uploads\/2025\/04\/CJW24_Tag-05_\u00a9niclasweber-9-2048x1366.jpg 2048w\" sizes=\"(max-width: 1920px) 100vw, 1920px\" \/>                                <div class=\"description\">\n                                    <p><\/p>\n                                <\/div>\n                            <\/li>\n                                                    <li class=\"glide__slide\">\n                                <img loading=\"lazy\" decoding=\"async\" width=\"1920\" height=\"1280\" src=\"https:\/\/jazzweek.de\/wp-content\/uploads\/2025\/04\/CJW24_Tag-08_\u00a9niclasweber-10-1920x1280.jpg\" class=\"attachment-cover-big size-cover-big\" alt=\"\" srcset=\"https:\/\/jazzweek.de\/wp-content\/uploads\/2025\/04\/CJW24_Tag-08_\u00a9niclasweber-10-1920x1280.jpg 1920w, https:\/\/jazzweek.de\/wp-content\/uploads\/2025\/04\/CJW24_Tag-08_\u00a9niclasweber-10-300x200.jpg 300w, https:\/\/jazzweek.de\/wp-content\/uploads\/2025\/04\/CJW24_Tag-08_\u00a9niclasweber-10-1024x683.jpg 1024w, https:\/\/jazzweek.de\/wp-content\/uploads\/2025\/04\/CJW24_Tag-08_\u00a9niclasweber-10-768x512.jpg 768w, https:\/\/jazzweek.de\/wp-content\/uploads\/2025\/04\/CJW24_Tag-08_\u00a9niclasweber-10-1536x1024.jpg 1536w, https:\/\/jazzweek.de\/wp-content\/uploads\/2025\/04\/CJW24_Tag-08_\u00a9niclasweber-10-2048x1366.jpg 2048w\" sizes=\"(max-width: 1920px) 100vw, 1920px\" \/>                                <div class=\"description\">\n                                    <p><\/p>\n                                <\/div>\n                            <\/li>\n                                        <\/ul>\n            <\/div>\n                            <div class=\"glide__arrows\" data-glide-el=\"controls\">\n                    <div class=\"glide__arrow glide__arrow--left\" data-glide-dir=\"&lt;\">&lt;<\/div>\n                    <div class=\"glide__arrow glide__arrow--right\" data-glide-dir=\"&gt;\">&gt;<\/div>\n                <\/div>\n            \n        <\/div>\n    <\/div>\n<\/div>                            <div class=\"images-item\" data-postid=\"5566\">\n                                <img loading=\"lazy\" decoding=\"async\" width=\"600\" height=\"400\" src=\"https:\/\/jazzweek.de\/wp-content\/uploads\/2025\/04\/CJW24_Tag-08_\u00a9niclasweber-7.jpg\" class=\"attachment-jazz-medium size-jazz-medium\" alt=\"\" srcset=\"https:\/\/jazzweek.de\/wp-content\/uploads\/2025\/04\/CJW24_Tag-08_\u00a9niclasweber-7.jpg 2500w, https:\/\/jazzweek.de\/wp-content\/uploads\/2025\/04\/CJW24_Tag-08_\u00a9niclasweber-7-300x200.jpg 300w, https:\/\/jazzweek.de\/wp-content\/uploads\/2025\/04\/CJW24_Tag-08_\u00a9niclasweber-7-1024x683.jpg 1024w, https:\/\/jazzweek.de\/wp-content\/uploads\/2025\/04\/CJW24_Tag-08_\u00a9niclasweber-7-768x512.jpg 768w, https:\/\/jazzweek.de\/wp-content\/uploads\/2025\/04\/CJW24_Tag-08_\u00a9niclasweber-7-1536x1024.jpg 1536w, https:\/\/jazzweek.de\/wp-content\/uploads\/2025\/04\/CJW24_Tag-08_\u00a9niclasweber-7-2048x1366.jpg 2048w, https:\/\/jazzweek.de\/wp-content\/uploads\/2025\/04\/CJW24_Tag-08_\u00a9niclasweber-7-1920x1280.jpg 1920w\" sizes=\"(max-width: 600px) 100vw, 600px\" \/>                            <\/div>\n                        <\/div>\n                                            <div class=\"images-items\">\n                            <div id=\"gallery-modal-5580__wrapper\" class=\"gallery-modal__wrapper\">\n    <div class=\"gallery-modal__close\">\n        <img decoding=\"async\" src=\"https:\/\/jazzweek.de\/wp-content\/themes\/jazz2026\/src\/img\/icon-close.svg\" alt=\"Close\">\n    <\/div>\n    <div class=\"gallery_modal_inner\">\n        <div id=\"gallery-modal-5580\" class=\"gallery-modal glide\">\n            <div class=\"glide__track\" data-glide-el=\"track\">\n                <ul class=\"glide__slides\">\n                    <li class=\"glide__slide\">\n                        <img loading=\"lazy\" decoding=\"async\" width=\"600\" height=\"400\" src=\"https:\/\/jazzweek.de\/wp-content\/uploads\/2025\/04\/CJW24_Tag-03_\u00a9niclasweber-8.jpg\" class=\"attachment-jazz-medium size-jazz-medium\" alt=\"\" srcset=\"https:\/\/jazzweek.de\/wp-content\/uploads\/2025\/04\/CJW24_Tag-03_\u00a9niclasweber-8.jpg 2500w, https:\/\/jazzweek.de\/wp-content\/uploads\/2025\/04\/CJW24_Tag-03_\u00a9niclasweber-8-300x200.jpg 300w, https:\/\/jazzweek.de\/wp-content\/uploads\/2025\/04\/CJW24_Tag-03_\u00a9niclasweber-8-1024x683.jpg 1024w, https:\/\/jazzweek.de\/wp-content\/uploads\/2025\/04\/CJW24_Tag-03_\u00a9niclasweber-8-768x512.jpg 768w, https:\/\/jazzweek.de\/wp-content\/uploads\/2025\/04\/CJW24_Tag-03_\u00a9niclasweber-8-1536x1024.jpg 1536w, https:\/\/jazzweek.de\/wp-content\/uploads\/2025\/04\/CJW24_Tag-03_\u00a9niclasweber-8-2048x1366.jpg 2048w, https:\/\/jazzweek.de\/wp-content\/uploads\/2025\/04\/CJW24_Tag-03_\u00a9niclasweber-8-1920x1280.jpg 1920w\" sizes=\"(max-width: 600px) 100vw, 600px\" \/>                        <div class=\"description\">\n                                                        <h2>CJW24_Tag-03_\u00a9niclasweber-8<\/h2>\n                            <p><\/p>\n                        <\/div>\n                    <\/li>\n                                                <li class=\"glide__slide\">\n                                <img loading=\"lazy\" decoding=\"async\" width=\"1920\" height=\"1280\" src=\"https:\/\/jazzweek.de\/wp-content\/uploads\/2025\/04\/NilsPetterMolvaer-1920x1280.jpg\" class=\"attachment-cover-big size-cover-big\" alt=\"\" srcset=\"https:\/\/jazzweek.de\/wp-content\/uploads\/2025\/04\/NilsPetterMolvaer-1920x1280.jpg 1920w, https:\/\/jazzweek.de\/wp-content\/uploads\/2025\/04\/NilsPetterMolvaer-300x200.jpg 300w, https:\/\/jazzweek.de\/wp-content\/uploads\/2025\/04\/NilsPetterMolvaer-1024x683.jpg 1024w, https:\/\/jazzweek.de\/wp-content\/uploads\/2025\/04\/NilsPetterMolvaer-768x512.jpg 768w, https:\/\/jazzweek.de\/wp-content\/uploads\/2025\/04\/NilsPetterMolvaer-1536x1024.jpg 1536w, https:\/\/jazzweek.de\/wp-content\/uploads\/2025\/04\/NilsPetterMolvaer-2048x1366.jpg 2048w\" sizes=\"(max-width: 1920px) 100vw, 1920px\" \/>                                <div class=\"description\">\n                                    <p><\/p>\n                                <\/div>\n                            <\/li>\n                                                    <li class=\"glide__slide\">\n                                <img loading=\"lazy\" decoding=\"async\" width=\"1920\" height=\"1280\" src=\"https:\/\/jazzweek.de\/wp-content\/uploads\/2025\/04\/CJW24_Tag-02_\u00a9niclasweber-8-1920x1280.jpg\" class=\"attachment-cover-big size-cover-big\" alt=\"\" srcset=\"https:\/\/jazzweek.de\/wp-content\/uploads\/2025\/04\/CJW24_Tag-02_\u00a9niclasweber-8-1920x1280.jpg 1920w, https:\/\/jazzweek.de\/wp-content\/uploads\/2025\/04\/CJW24_Tag-02_\u00a9niclasweber-8-300x200.jpg 300w, https:\/\/jazzweek.de\/wp-content\/uploads\/2025\/04\/CJW24_Tag-02_\u00a9niclasweber-8-1024x683.jpg 1024w, https:\/\/jazzweek.de\/wp-content\/uploads\/2025\/04\/CJW24_Tag-02_\u00a9niclasweber-8-768x512.jpg 768w, https:\/\/jazzweek.de\/wp-content\/uploads\/2025\/04\/CJW24_Tag-02_\u00a9niclasweber-8-1536x1024.jpg 1536w, https:\/\/jazzweek.de\/wp-content\/uploads\/2025\/04\/CJW24_Tag-02_\u00a9niclasweber-8-2048x1366.jpg 2048w\" sizes=\"(max-width: 1920px) 100vw, 1920px\" \/>                                <div class=\"description\">\n                                    <p><\/p>\n                                <\/div>\n                            <\/li>\n                                                    <li class=\"glide__slide\">\n                                <img loading=\"lazy\" decoding=\"async\" width=\"1920\" height=\"1280\" src=\"https:\/\/jazzweek.de\/wp-content\/uploads\/2025\/04\/CJW24_Tag-07_\u00a9niclasweber-16-1920x1280.jpg\" class=\"attachment-cover-big size-cover-big\" alt=\"\" srcset=\"https:\/\/jazzweek.de\/wp-content\/uploads\/2025\/04\/CJW24_Tag-07_\u00a9niclasweber-16-1920x1280.jpg 1920w, https:\/\/jazzweek.de\/wp-content\/uploads\/2025\/04\/CJW24_Tag-07_\u00a9niclasweber-16-300x200.jpg 300w, https:\/\/jazzweek.de\/wp-content\/uploads\/2025\/04\/CJW24_Tag-07_\u00a9niclasweber-16-1024x683.jpg 1024w, https:\/\/jazzweek.de\/wp-content\/uploads\/2025\/04\/CJW24_Tag-07_\u00a9niclasweber-16-768x512.jpg 768w, https:\/\/jazzweek.de\/wp-content\/uploads\/2025\/04\/CJW24_Tag-07_\u00a9niclasweber-16-1536x1024.jpg 1536w, https:\/\/jazzweek.de\/wp-content\/uploads\/2025\/04\/CJW24_Tag-07_\u00a9niclasweber-16-2048x1366.jpg 2048w\" sizes=\"(max-width: 1920px) 100vw, 1920px\" \/>                                <div class=\"description\">\n                                    <p><\/p>\n                                <\/div>\n                            <\/li>\n                                                    <li class=\"glide__slide\">\n                                <img loading=\"lazy\" decoding=\"async\" width=\"1920\" height=\"1280\" src=\"https:\/\/jazzweek.de\/wp-content\/uploads\/2025\/04\/CJW24_Tag-08_\u00a9niclasweber-1-1920x1280.jpg\" class=\"attachment-cover-big size-cover-big\" alt=\"\" srcset=\"https:\/\/jazzweek.de\/wp-content\/uploads\/2025\/04\/CJW24_Tag-08_\u00a9niclasweber-1-1920x1280.jpg 1920w, https:\/\/jazzweek.de\/wp-content\/uploads\/2025\/04\/CJW24_Tag-08_\u00a9niclasweber-1-300x200.jpg 300w, https:\/\/jazzweek.de\/wp-content\/uploads\/2025\/04\/CJW24_Tag-08_\u00a9niclasweber-1-1024x683.jpg 1024w, https:\/\/jazzweek.de\/wp-content\/uploads\/2025\/04\/CJW24_Tag-08_\u00a9niclasweber-1-768x512.jpg 768w, https:\/\/jazzweek.de\/wp-content\/uploads\/2025\/04\/CJW24_Tag-08_\u00a9niclasweber-1-1536x1024.jpg 1536w, https:\/\/jazzweek.de\/wp-content\/uploads\/2025\/04\/CJW24_Tag-08_\u00a9niclasweber-1-2048x1366.jpg 2048w\" sizes=\"(max-width: 1920px) 100vw, 1920px\" \/>                                <div class=\"description\">\n                                    <p><\/p>\n                                <\/div>\n                            <\/li>\n                                                    <li class=\"glide__slide\">\n                                <img loading=\"lazy\" decoding=\"async\" width=\"1920\" height=\"1280\" src=\"https:\/\/jazzweek.de\/wp-content\/uploads\/2025\/04\/OfCabbagesAndKings--1920x1280.jpg\" class=\"attachment-cover-big size-cover-big\" alt=\"\" srcset=\"https:\/\/jazzweek.de\/wp-content\/uploads\/2025\/04\/OfCabbagesAndKings--1920x1280.jpg 1920w, https:\/\/jazzweek.de\/wp-content\/uploads\/2025\/04\/OfCabbagesAndKings--300x200.jpg 300w, https:\/\/jazzweek.de\/wp-content\/uploads\/2025\/04\/OfCabbagesAndKings--1024x683.jpg 1024w, https:\/\/jazzweek.de\/wp-content\/uploads\/2025\/04\/OfCabbagesAndKings--768x512.jpg 768w, https:\/\/jazzweek.de\/wp-content\/uploads\/2025\/04\/OfCabbagesAndKings--1536x1024.jpg 1536w, https:\/\/jazzweek.de\/wp-content\/uploads\/2025\/04\/OfCabbagesAndKings--2048x1366.jpg 2048w\" sizes=\"(max-width: 1920px) 100vw, 1920px\" \/>                                <div class=\"description\">\n                                    <p><\/p>\n                                <\/div>\n                            <\/li>\n                                                    <li class=\"glide__slide\">\n                                <img loading=\"lazy\" decoding=\"async\" width=\"1920\" height=\"1280\" src=\"https:\/\/jazzweek.de\/wp-content\/uploads\/2025\/04\/CJW24_Tag-02_\u00a9niclasweber-14-1920x1280.jpg\" class=\"attachment-cover-big size-cover-big\" alt=\"\" srcset=\"https:\/\/jazzweek.de\/wp-content\/uploads\/2025\/04\/CJW24_Tag-02_\u00a9niclasweber-14-1920x1280.jpg 1920w, https:\/\/jazzweek.de\/wp-content\/uploads\/2025\/04\/CJW24_Tag-02_\u00a9niclasweber-14-300x200.jpg 300w, https:\/\/jazzweek.de\/wp-content\/uploads\/2025\/04\/CJW24_Tag-02_\u00a9niclasweber-14-1024x683.jpg 1024w, https:\/\/jazzweek.de\/wp-content\/uploads\/2025\/04\/CJW24_Tag-02_\u00a9niclasweber-14-768x512.jpg 768w, https:\/\/jazzweek.de\/wp-content\/uploads\/2025\/04\/CJW24_Tag-02_\u00a9niclasweber-14-1536x1024.jpg 1536w, https:\/\/jazzweek.de\/wp-content\/uploads\/2025\/04\/CJW24_Tag-02_\u00a9niclasweber-14-2048x1366.jpg 2048w\" sizes=\"(max-width: 1920px) 100vw, 1920px\" \/>                                <div class=\"description\">\n                                    <p><\/p>\n                                <\/div>\n                            <\/li>\n                                                    <li class=\"glide__slide\">\n                                <img loading=\"lazy\" decoding=\"async\" width=\"1920\" height=\"1280\" src=\"https:\/\/jazzweek.de\/wp-content\/uploads\/2025\/04\/CJW24_Tag-08_\u00a9niclasweber-7-1920x1280.jpg\" class=\"attachment-cover-big size-cover-big\" alt=\"\" srcset=\"https:\/\/jazzweek.de\/wp-content\/uploads\/2025\/04\/CJW24_Tag-08_\u00a9niclasweber-7-1920x1280.jpg 1920w, https:\/\/jazzweek.de\/wp-content\/uploads\/2025\/04\/CJW24_Tag-08_\u00a9niclasweber-7-300x200.jpg 300w, https:\/\/jazzweek.de\/wp-content\/uploads\/2025\/04\/CJW24_Tag-08_\u00a9niclasweber-7-1024x683.jpg 1024w, https:\/\/jazzweek.de\/wp-content\/uploads\/2025\/04\/CJW24_Tag-08_\u00a9niclasweber-7-768x512.jpg 768w, https:\/\/jazzweek.de\/wp-content\/uploads\/2025\/04\/CJW24_Tag-08_\u00a9niclasweber-7-1536x1024.jpg 1536w, https:\/\/jazzweek.de\/wp-content\/uploads\/2025\/04\/CJW24_Tag-08_\u00a9niclasweber-7-2048x1366.jpg 2048w\" sizes=\"(max-width: 1920px) 100vw, 1920px\" \/>                                <div class=\"description\">\n                                    <p><\/p>\n                                <\/div>\n                            <\/li>\n                                                    <li class=\"glide__slide\">\n                                <img loading=\"lazy\" decoding=\"async\" width=\"1920\" height=\"1280\" src=\"https:\/\/jazzweek.de\/wp-content\/uploads\/2025\/04\/OpenAir_CJW_23_TAG_01_\u00a9niclasweber-12-1920x1280.jpg\" class=\"attachment-cover-big size-cover-big\" alt=\"\" srcset=\"https:\/\/jazzweek.de\/wp-content\/uploads\/2025\/04\/OpenAir_CJW_23_TAG_01_\u00a9niclasweber-12-1920x1280.jpg 1920w, https:\/\/jazzweek.de\/wp-content\/uploads\/2025\/04\/OpenAir_CJW_23_TAG_01_\u00a9niclasweber-12-300x200.jpg 300w, https:\/\/jazzweek.de\/wp-content\/uploads\/2025\/04\/OpenAir_CJW_23_TAG_01_\u00a9niclasweber-12-1024x683.jpg 1024w, https:\/\/jazzweek.de\/wp-content\/uploads\/2025\/04\/OpenAir_CJW_23_TAG_01_\u00a9niclasweber-12-768x512.jpg 768w, https:\/\/jazzweek.de\/wp-content\/uploads\/2025\/04\/OpenAir_CJW_23_TAG_01_\u00a9niclasweber-12-1536x1024.jpg 1536w, https:\/\/jazzweek.de\/wp-content\/uploads\/2025\/04\/OpenAir_CJW_23_TAG_01_\u00a9niclasweber-12-2048x1366.jpg 2048w\" sizes=\"(max-width: 1920px) 100vw, 1920px\" \/>                                <div class=\"description\">\n                                    <p><\/p>\n                                <\/div>\n                            <\/li>\n                                                    <li class=\"glide__slide\">\n                                <img loading=\"lazy\" decoding=\"async\" width=\"1920\" height=\"1280\" src=\"https:\/\/jazzweek.de\/wp-content\/uploads\/2025\/04\/CJW24_Tag-05_\u00a9niclasweber-9-1920x1280.jpg\" class=\"attachment-cover-big size-cover-big\" alt=\"\" srcset=\"https:\/\/jazzweek.de\/wp-content\/uploads\/2025\/04\/CJW24_Tag-05_\u00a9niclasweber-9-1920x1280.jpg 1920w, https:\/\/jazzweek.de\/wp-content\/uploads\/2025\/04\/CJW24_Tag-05_\u00a9niclasweber-9-300x200.jpg 300w, https:\/\/jazzweek.de\/wp-content\/uploads\/2025\/04\/CJW24_Tag-05_\u00a9niclasweber-9-1024x683.jpg 1024w, https:\/\/jazzweek.de\/wp-content\/uploads\/2025\/04\/CJW24_Tag-05_\u00a9niclasweber-9-768x512.jpg 768w, https:\/\/jazzweek.de\/wp-content\/uploads\/2025\/04\/CJW24_Tag-05_\u00a9niclasweber-9-1536x1024.jpg 1536w, https:\/\/jazzweek.de\/wp-content\/uploads\/2025\/04\/CJW24_Tag-05_\u00a9niclasweber-9-2048x1366.jpg 2048w\" sizes=\"(max-width: 1920px) 100vw, 1920px\" \/>                                <div class=\"description\">\n                                    <p><\/p>\n                                <\/div>\n                            <\/li>\n                                                    <li class=\"glide__slide\">\n                                <img loading=\"lazy\" decoding=\"async\" width=\"1920\" height=\"1280\" src=\"https:\/\/jazzweek.de\/wp-content\/uploads\/2025\/04\/CJW24_Tag-08_\u00a9niclasweber-10-1920x1280.jpg\" class=\"attachment-cover-big size-cover-big\" alt=\"\" srcset=\"https:\/\/jazzweek.de\/wp-content\/uploads\/2025\/04\/CJW24_Tag-08_\u00a9niclasweber-10-1920x1280.jpg 1920w, https:\/\/jazzweek.de\/wp-content\/uploads\/2025\/04\/CJW24_Tag-08_\u00a9niclasweber-10-300x200.jpg 300w, https:\/\/jazzweek.de\/wp-content\/uploads\/2025\/04\/CJW24_Tag-08_\u00a9niclasweber-10-1024x683.jpg 1024w, https:\/\/jazzweek.de\/wp-content\/uploads\/2025\/04\/CJW24_Tag-08_\u00a9niclasweber-10-768x512.jpg 768w, https:\/\/jazzweek.de\/wp-content\/uploads\/2025\/04\/CJW24_Tag-08_\u00a9niclasweber-10-1536x1024.jpg 1536w, https:\/\/jazzweek.de\/wp-content\/uploads\/2025\/04\/CJW24_Tag-08_\u00a9niclasweber-10-2048x1366.jpg 2048w\" sizes=\"(max-width: 1920px) 100vw, 1920px\" \/>                                <div class=\"description\">\n                                    <p><\/p>\n                                <\/div>\n                            <\/li>\n                                        <\/ul>\n            <\/div>\n                            <div class=\"glide__arrows\" data-glide-el=\"controls\">\n                    <div class=\"glide__arrow glide__arrow--left\" data-glide-dir=\"&lt;\">&lt;<\/div>\n                    <div class=\"glide__arrow glide__arrow--right\" data-glide-dir=\"&gt;\">&gt;<\/div>\n                <\/div>\n            \n        <\/div>\n    <\/div>\n<\/div>                            <div class=\"images-item\" data-postid=\"5580\">\n                                <img loading=\"lazy\" decoding=\"async\" width=\"600\" height=\"400\" src=\"https:\/\/jazzweek.de\/wp-content\/uploads\/2025\/04\/CJW24_Tag-03_\u00a9niclasweber-8.jpg\" class=\"attachment-jazz-medium size-jazz-medium\" alt=\"\" srcset=\"https:\/\/jazzweek.de\/wp-content\/uploads\/2025\/04\/CJW24_Tag-03_\u00a9niclasweber-8.jpg 2500w, https:\/\/jazzweek.de\/wp-content\/uploads\/2025\/04\/CJW24_Tag-03_\u00a9niclasweber-8-300x200.jpg 300w, https:\/\/jazzweek.de\/wp-content\/uploads\/2025\/04\/CJW24_Tag-03_\u00a9niclasweber-8-1024x683.jpg 1024w, https:\/\/jazzweek.de\/wp-content\/uploads\/2025\/04\/CJW24_Tag-03_\u00a9niclasweber-8-768x512.jpg 768w, https:\/\/jazzweek.de\/wp-content\/uploads\/2025\/04\/CJW24_Tag-03_\u00a9niclasweber-8-1536x1024.jpg 1536w, https:\/\/jazzweek.de\/wp-content\/uploads\/2025\/04\/CJW24_Tag-03_\u00a9niclasweber-8-2048x1366.jpg 2048w, https:\/\/jazzweek.de\/wp-content\/uploads\/2025\/04\/CJW24_Tag-03_\u00a9niclasweber-8-1920x1280.jpg 1920w\" sizes=\"(max-width: 600px) 100vw, 600px\" \/>                            <\/div>\n                        <\/div>\n                                            <div class=\"images-items\">\n                            <div id=\"gallery-modal-5604__wrapper\" class=\"gallery-modal__wrapper\">\n    <div class=\"gallery-modal__close\">\n        <img decoding=\"async\" src=\"https:\/\/jazzweek.de\/wp-content\/themes\/jazz2026\/src\/img\/icon-close.svg\" alt=\"Close\">\n    <\/div>\n    <div class=\"gallery_modal_inner\">\n        <div id=\"gallery-modal-5604\" class=\"gallery-modal glide\">\n            <div class=\"glide__track\" data-glide-el=\"track\">\n                <ul class=\"glide__slides\">\n                    <li class=\"glide__slide\">\n                        <img loading=\"lazy\" decoding=\"async\" width=\"600\" height=\"400\" src=\"https:\/\/jazzweek.de\/wp-content\/uploads\/2025\/04\/OpenAir_CJW_23_TAG_01_\u00a9niclasweber-12.jpg\" class=\"attachment-jazz-medium size-jazz-medium\" alt=\"\" srcset=\"https:\/\/jazzweek.de\/wp-content\/uploads\/2025\/04\/OpenAir_CJW_23_TAG_01_\u00a9niclasweber-12.jpg 2500w, https:\/\/jazzweek.de\/wp-content\/uploads\/2025\/04\/OpenAir_CJW_23_TAG_01_\u00a9niclasweber-12-300x200.jpg 300w, https:\/\/jazzweek.de\/wp-content\/uploads\/2025\/04\/OpenAir_CJW_23_TAG_01_\u00a9niclasweber-12-1024x683.jpg 1024w, https:\/\/jazzweek.de\/wp-content\/uploads\/2025\/04\/OpenAir_CJW_23_TAG_01_\u00a9niclasweber-12-768x512.jpg 768w, https:\/\/jazzweek.de\/wp-content\/uploads\/2025\/04\/OpenAir_CJW_23_TAG_01_\u00a9niclasweber-12-1536x1024.jpg 1536w, https:\/\/jazzweek.de\/wp-content\/uploads\/2025\/04\/OpenAir_CJW_23_TAG_01_\u00a9niclasweber-12-2048x1366.jpg 2048w, https:\/\/jazzweek.de\/wp-content\/uploads\/2025\/04\/OpenAir_CJW_23_TAG_01_\u00a9niclasweber-12-1920x1280.jpg 1920w\" sizes=\"(max-width: 600px) 100vw, 600px\" \/>                        <div class=\"description\">\n                                                        <h2>OpenAir_CJW_23_TAG_01_\u00a9niclasweber-12<\/h2>\n                            <p><\/p>\n                        <\/div>\n                    <\/li>\n                                                <li class=\"glide__slide\">\n                                <img loading=\"lazy\" decoding=\"async\" width=\"1920\" height=\"1280\" src=\"https:\/\/jazzweek.de\/wp-content\/uploads\/2025\/04\/NilsPetterMolvaer-1920x1280.jpg\" class=\"attachment-cover-big size-cover-big\" alt=\"\" srcset=\"https:\/\/jazzweek.de\/wp-content\/uploads\/2025\/04\/NilsPetterMolvaer-1920x1280.jpg 1920w, https:\/\/jazzweek.de\/wp-content\/uploads\/2025\/04\/NilsPetterMolvaer-300x200.jpg 300w, https:\/\/jazzweek.de\/wp-content\/uploads\/2025\/04\/NilsPetterMolvaer-1024x683.jpg 1024w, https:\/\/jazzweek.de\/wp-content\/uploads\/2025\/04\/NilsPetterMolvaer-768x512.jpg 768w, https:\/\/jazzweek.de\/wp-content\/uploads\/2025\/04\/NilsPetterMolvaer-1536x1024.jpg 1536w, https:\/\/jazzweek.de\/wp-content\/uploads\/2025\/04\/NilsPetterMolvaer-2048x1366.jpg 2048w\" sizes=\"(max-width: 1920px) 100vw, 1920px\" \/>                                <div class=\"description\">\n                                    <p><\/p>\n                                <\/div>\n                            <\/li>\n                                                    <li class=\"glide__slide\">\n                                <img loading=\"lazy\" decoding=\"async\" width=\"1920\" height=\"1280\" src=\"https:\/\/jazzweek.de\/wp-content\/uploads\/2025\/04\/CJW24_Tag-02_\u00a9niclasweber-8-1920x1280.jpg\" class=\"attachment-cover-big size-cover-big\" alt=\"\" srcset=\"https:\/\/jazzweek.de\/wp-content\/uploads\/2025\/04\/CJW24_Tag-02_\u00a9niclasweber-8-1920x1280.jpg 1920w, https:\/\/jazzweek.de\/wp-content\/uploads\/2025\/04\/CJW24_Tag-02_\u00a9niclasweber-8-300x200.jpg 300w, https:\/\/jazzweek.de\/wp-content\/uploads\/2025\/04\/CJW24_Tag-02_\u00a9niclasweber-8-1024x683.jpg 1024w, https:\/\/jazzweek.de\/wp-content\/uploads\/2025\/04\/CJW24_Tag-02_\u00a9niclasweber-8-768x512.jpg 768w, https:\/\/jazzweek.de\/wp-content\/uploads\/2025\/04\/CJW24_Tag-02_\u00a9niclasweber-8-1536x1024.jpg 1536w, https:\/\/jazzweek.de\/wp-content\/uploads\/2025\/04\/CJW24_Tag-02_\u00a9niclasweber-8-2048x1366.jpg 2048w\" sizes=\"(max-width: 1920px) 100vw, 1920px\" \/>                                <div class=\"description\">\n                                    <p><\/p>\n                                <\/div>\n                            <\/li>\n                                                    <li class=\"glide__slide\">\n                                <img loading=\"lazy\" decoding=\"async\" width=\"1920\" height=\"1280\" src=\"https:\/\/jazzweek.de\/wp-content\/uploads\/2025\/04\/CJW24_Tag-07_\u00a9niclasweber-16-1920x1280.jpg\" class=\"attachment-cover-big size-cover-big\" alt=\"\" srcset=\"https:\/\/jazzweek.de\/wp-content\/uploads\/2025\/04\/CJW24_Tag-07_\u00a9niclasweber-16-1920x1280.jpg 1920w, https:\/\/jazzweek.de\/wp-content\/uploads\/2025\/04\/CJW24_Tag-07_\u00a9niclasweber-16-300x200.jpg 300w, https:\/\/jazzweek.de\/wp-content\/uploads\/2025\/04\/CJW24_Tag-07_\u00a9niclasweber-16-1024x683.jpg 1024w, https:\/\/jazzweek.de\/wp-content\/uploads\/2025\/04\/CJW24_Tag-07_\u00a9niclasweber-16-768x512.jpg 768w, https:\/\/jazzweek.de\/wp-content\/uploads\/2025\/04\/CJW24_Tag-07_\u00a9niclasweber-16-1536x1024.jpg 1536w, https:\/\/jazzweek.de\/wp-content\/uploads\/2025\/04\/CJW24_Tag-07_\u00a9niclasweber-16-2048x1366.jpg 2048w\" sizes=\"(max-width: 1920px) 100vw, 1920px\" \/>                                <div class=\"description\">\n                                    <p><\/p>\n                                <\/div>\n                            <\/li>\n                                                    <li class=\"glide__slide\">\n                                <img loading=\"lazy\" decoding=\"async\" width=\"1920\" height=\"1280\" src=\"https:\/\/jazzweek.de\/wp-content\/uploads\/2025\/04\/CJW24_Tag-08_\u00a9niclasweber-1-1920x1280.jpg\" class=\"attachment-cover-big size-cover-big\" alt=\"\" srcset=\"https:\/\/jazzweek.de\/wp-content\/uploads\/2025\/04\/CJW24_Tag-08_\u00a9niclasweber-1-1920x1280.jpg 1920w, https:\/\/jazzweek.de\/wp-content\/uploads\/2025\/04\/CJW24_Tag-08_\u00a9niclasweber-1-300x200.jpg 300w, https:\/\/jazzweek.de\/wp-content\/uploads\/2025\/04\/CJW24_Tag-08_\u00a9niclasweber-1-1024x683.jpg 1024w, https:\/\/jazzweek.de\/wp-content\/uploads\/2025\/04\/CJW24_Tag-08_\u00a9niclasweber-1-768x512.jpg 768w, https:\/\/jazzweek.de\/wp-content\/uploads\/2025\/04\/CJW24_Tag-08_\u00a9niclasweber-1-1536x1024.jpg 1536w, https:\/\/jazzweek.de\/wp-content\/uploads\/2025\/04\/CJW24_Tag-08_\u00a9niclasweber-1-2048x1366.jpg 2048w\" sizes=\"(max-width: 1920px) 100vw, 1920px\" \/>                                <div class=\"description\">\n                                    <p><\/p>\n                                <\/div>\n                            <\/li>\n                                                    <li class=\"glide__slide\">\n                                <img loading=\"lazy\" decoding=\"async\" width=\"1920\" height=\"1280\" src=\"https:\/\/jazzweek.de\/wp-content\/uploads\/2025\/04\/OfCabbagesAndKings--1920x1280.jpg\" class=\"attachment-cover-big size-cover-big\" alt=\"\" srcset=\"https:\/\/jazzweek.de\/wp-content\/uploads\/2025\/04\/OfCabbagesAndKings--1920x1280.jpg 1920w, https:\/\/jazzweek.de\/wp-content\/uploads\/2025\/04\/OfCabbagesAndKings--300x200.jpg 300w, https:\/\/jazzweek.de\/wp-content\/uploads\/2025\/04\/OfCabbagesAndKings--1024x683.jpg 1024w, https:\/\/jazzweek.de\/wp-content\/uploads\/2025\/04\/OfCabbagesAndKings--768x512.jpg 768w, https:\/\/jazzweek.de\/wp-content\/uploads\/2025\/04\/OfCabbagesAndKings--1536x1024.jpg 1536w, https:\/\/jazzweek.de\/wp-content\/uploads\/2025\/04\/OfCabbagesAndKings--2048x1366.jpg 2048w\" sizes=\"(max-width: 1920px) 100vw, 1920px\" \/>                                <div class=\"description\">\n                                    <p><\/p>\n                                <\/div>\n                            <\/li>\n                                                    <li class=\"glide__slide\">\n                                <img loading=\"lazy\" decoding=\"async\" width=\"1920\" height=\"1280\" src=\"https:\/\/jazzweek.de\/wp-content\/uploads\/2025\/04\/CJW24_Tag-02_\u00a9niclasweber-14-1920x1280.jpg\" class=\"attachment-cover-big size-cover-big\" alt=\"\" srcset=\"https:\/\/jazzweek.de\/wp-content\/uploads\/2025\/04\/CJW24_Tag-02_\u00a9niclasweber-14-1920x1280.jpg 1920w, https:\/\/jazzweek.de\/wp-content\/uploads\/2025\/04\/CJW24_Tag-02_\u00a9niclasweber-14-300x200.jpg 300w, https:\/\/jazzweek.de\/wp-content\/uploads\/2025\/04\/CJW24_Tag-02_\u00a9niclasweber-14-1024x683.jpg 1024w, https:\/\/jazzweek.de\/wp-content\/uploads\/2025\/04\/CJW24_Tag-02_\u00a9niclasweber-14-768x512.jpg 768w, https:\/\/jazzweek.de\/wp-content\/uploads\/2025\/04\/CJW24_Tag-02_\u00a9niclasweber-14-1536x1024.jpg 1536w, https:\/\/jazzweek.de\/wp-content\/uploads\/2025\/04\/CJW24_Tag-02_\u00a9niclasweber-14-2048x1366.jpg 2048w\" sizes=\"(max-width: 1920px) 100vw, 1920px\" \/>                                <div class=\"description\">\n                                    <p><\/p>\n                                <\/div>\n                            <\/li>\n                                                    <li class=\"glide__slide\">\n                                <img loading=\"lazy\" decoding=\"async\" width=\"1920\" height=\"1280\" src=\"https:\/\/jazzweek.de\/wp-content\/uploads\/2025\/04\/CJW24_Tag-08_\u00a9niclasweber-7-1920x1280.jpg\" class=\"attachment-cover-big size-cover-big\" alt=\"\" srcset=\"https:\/\/jazzweek.de\/wp-content\/uploads\/2025\/04\/CJW24_Tag-08_\u00a9niclasweber-7-1920x1280.jpg 1920w, https:\/\/jazzweek.de\/wp-content\/uploads\/2025\/04\/CJW24_Tag-08_\u00a9niclasweber-7-300x200.jpg 300w, https:\/\/jazzweek.de\/wp-content\/uploads\/2025\/04\/CJW24_Tag-08_\u00a9niclasweber-7-1024x683.jpg 1024w, https:\/\/jazzweek.de\/wp-content\/uploads\/2025\/04\/CJW24_Tag-08_\u00a9niclasweber-7-768x512.jpg 768w, https:\/\/jazzweek.de\/wp-content\/uploads\/2025\/04\/CJW24_Tag-08_\u00a9niclasweber-7-1536x1024.jpg 1536w, https:\/\/jazzweek.de\/wp-content\/uploads\/2025\/04\/CJW24_Tag-08_\u00a9niclasweber-7-2048x1366.jpg 2048w\" sizes=\"(max-width: 1920px) 100vw, 1920px\" \/>                                <div class=\"description\">\n                                    <p><\/p>\n                                <\/div>\n                            <\/li>\n                                                    <li class=\"glide__slide\">\n                                <img loading=\"lazy\" decoding=\"async\" width=\"1920\" height=\"1280\" src=\"https:\/\/jazzweek.de\/wp-content\/uploads\/2025\/04\/CJW24_Tag-03_\u00a9niclasweber-8-1920x1280.jpg\" class=\"attachment-cover-big size-cover-big\" alt=\"\" srcset=\"https:\/\/jazzweek.de\/wp-content\/uploads\/2025\/04\/CJW24_Tag-03_\u00a9niclasweber-8-1920x1280.jpg 1920w, https:\/\/jazzweek.de\/wp-content\/uploads\/2025\/04\/CJW24_Tag-03_\u00a9niclasweber-8-300x200.jpg 300w, https:\/\/jazzweek.de\/wp-content\/uploads\/2025\/04\/CJW24_Tag-03_\u00a9niclasweber-8-1024x683.jpg 1024w, https:\/\/jazzweek.de\/wp-content\/uploads\/2025\/04\/CJW24_Tag-03_\u00a9niclasweber-8-768x512.jpg 768w, https:\/\/jazzweek.de\/wp-content\/uploads\/2025\/04\/CJW24_Tag-03_\u00a9niclasweber-8-1536x1024.jpg 1536w, https:\/\/jazzweek.de\/wp-content\/uploads\/2025\/04\/CJW24_Tag-03_\u00a9niclasweber-8-2048x1366.jpg 2048w\" sizes=\"(max-width: 1920px) 100vw, 1920px\" \/>                                <div class=\"description\">\n                                    <p><\/p>\n                                <\/div>\n                            <\/li>\n                                                    <li class=\"glide__slide\">\n                                <img loading=\"lazy\" decoding=\"async\" width=\"1920\" height=\"1280\" src=\"https:\/\/jazzweek.de\/wp-content\/uploads\/2025\/04\/CJW24_Tag-05_\u00a9niclasweber-9-1920x1280.jpg\" class=\"attachment-cover-big size-cover-big\" alt=\"\" srcset=\"https:\/\/jazzweek.de\/wp-content\/uploads\/2025\/04\/CJW24_Tag-05_\u00a9niclasweber-9-1920x1280.jpg 1920w, https:\/\/jazzweek.de\/wp-content\/uploads\/2025\/04\/CJW24_Tag-05_\u00a9niclasweber-9-300x200.jpg 300w, https:\/\/jazzweek.de\/wp-content\/uploads\/2025\/04\/CJW24_Tag-05_\u00a9niclasweber-9-1024x683.jpg 1024w, https:\/\/jazzweek.de\/wp-content\/uploads\/2025\/04\/CJW24_Tag-05_\u00a9niclasweber-9-768x512.jpg 768w, https:\/\/jazzweek.de\/wp-content\/uploads\/2025\/04\/CJW24_Tag-05_\u00a9niclasweber-9-1536x1024.jpg 1536w, https:\/\/jazzweek.de\/wp-content\/uploads\/2025\/04\/CJW24_Tag-05_\u00a9niclasweber-9-2048x1366.jpg 2048w\" sizes=\"(max-width: 1920px) 100vw, 1920px\" \/>                                <div class=\"description\">\n                                    <p><\/p>\n                                <\/div>\n                            <\/li>\n                                                    <li class=\"glide__slide\">\n                                <img loading=\"lazy\" decoding=\"async\" width=\"1920\" height=\"1280\" src=\"https:\/\/jazzweek.de\/wp-content\/uploads\/2025\/04\/CJW24_Tag-08_\u00a9niclasweber-10-1920x1280.jpg\" class=\"attachment-cover-big size-cover-big\" alt=\"\" srcset=\"https:\/\/jazzweek.de\/wp-content\/uploads\/2025\/04\/CJW24_Tag-08_\u00a9niclasweber-10-1920x1280.jpg 1920w, https:\/\/jazzweek.de\/wp-content\/uploads\/2025\/04\/CJW24_Tag-08_\u00a9niclasweber-10-300x200.jpg 300w, https:\/\/jazzweek.de\/wp-content\/uploads\/2025\/04\/CJW24_Tag-08_\u00a9niclasweber-10-1024x683.jpg 1024w, https:\/\/jazzweek.de\/wp-content\/uploads\/2025\/04\/CJW24_Tag-08_\u00a9niclasweber-10-768x512.jpg 768w, https:\/\/jazzweek.de\/wp-content\/uploads\/2025\/04\/CJW24_Tag-08_\u00a9niclasweber-10-1536x1024.jpg 1536w, https:\/\/jazzweek.de\/wp-content\/uploads\/2025\/04\/CJW24_Tag-08_\u00a9niclasweber-10-2048x1366.jpg 2048w\" sizes=\"(max-width: 1920px) 100vw, 1920px\" \/>                                <div class=\"description\">\n                                    <p><\/p>\n                                <\/div>\n                            <\/li>\n                                        <\/ul>\n            <\/div>\n                            <div class=\"glide__arrows\" data-glide-el=\"controls\">\n                    <div class=\"glide__arrow glide__arrow--left\" data-glide-dir=\"&lt;\">&lt;<\/div>\n                    <div class=\"glide__arrow glide__arrow--right\" data-glide-dir=\"&gt;\">&gt;<\/div>\n                <\/div>\n            \n        <\/div>\n    <\/div>\n<\/div>                            <div class=\"images-item\" data-postid=\"5604\">\n                                <img loading=\"lazy\" decoding=\"async\" width=\"600\" height=\"400\" src=\"https:\/\/jazzweek.de\/wp-content\/uploads\/2025\/04\/OpenAir_CJW_23_TAG_01_\u00a9niclasweber-12.jpg\" class=\"attachment-jazz-medium size-jazz-medium\" alt=\"\" srcset=\"https:\/\/jazzweek.de\/wp-content\/uploads\/2025\/04\/OpenAir_CJW_23_TAG_01_\u00a9niclasweber-12.jpg 2500w, https:\/\/jazzweek.de\/wp-content\/uploads\/2025\/04\/OpenAir_CJW_23_TAG_01_\u00a9niclasweber-12-300x200.jpg 300w, https:\/\/jazzweek.de\/wp-content\/uploads\/2025\/04\/OpenAir_CJW_23_TAG_01_\u00a9niclasweber-12-1024x683.jpg 1024w, https:\/\/jazzweek.de\/wp-content\/uploads\/2025\/04\/OpenAir_CJW_23_TAG_01_\u00a9niclasweber-12-768x512.jpg 768w, https:\/\/jazzweek.de\/wp-content\/uploads\/2025\/04\/OpenAir_CJW_23_TAG_01_\u00a9niclasweber-12-1536x1024.jpg 1536w, https:\/\/jazzweek.de\/wp-content\/uploads\/2025\/04\/OpenAir_CJW_23_TAG_01_\u00a9niclasweber-12-2048x1366.jpg 2048w, https:\/\/jazzweek.de\/wp-content\/uploads\/2025\/04\/OpenAir_CJW_23_TAG_01_\u00a9niclasweber-12-1920x1280.jpg 1920w\" sizes=\"(max-width: 600px) 100vw, 600px\" \/>                            <\/div>\n                        <\/div>\n                                            <div class=\"images-items\">\n                            <div id=\"gallery-modal-5588__wrapper\" class=\"gallery-modal__wrapper\">\n    <div class=\"gallery-modal__close\">\n        <img decoding=\"async\" src=\"https:\/\/jazzweek.de\/wp-content\/themes\/jazz2026\/src\/img\/icon-close.svg\" alt=\"Close\">\n    <\/div>\n    <div class=\"gallery_modal_inner\">\n        <div id=\"gallery-modal-5588\" class=\"gallery-modal glide\">\n            <div class=\"glide__track\" data-glide-el=\"track\">\n                <ul class=\"glide__slides\">\n                    <li class=\"glide__slide\">\n                        <img loading=\"lazy\" decoding=\"async\" width=\"600\" height=\"400\" src=\"https:\/\/jazzweek.de\/wp-content\/uploads\/2025\/04\/CJW24_Tag-05_\u00a9niclasweber-9.jpg\" class=\"attachment-jazz-medium size-jazz-medium\" alt=\"\" srcset=\"https:\/\/jazzweek.de\/wp-content\/uploads\/2025\/04\/CJW24_Tag-05_\u00a9niclasweber-9.jpg 2500w, https:\/\/jazzweek.de\/wp-content\/uploads\/2025\/04\/CJW24_Tag-05_\u00a9niclasweber-9-300x200.jpg 300w, https:\/\/jazzweek.de\/wp-content\/uploads\/2025\/04\/CJW24_Tag-05_\u00a9niclasweber-9-1024x683.jpg 1024w, https:\/\/jazzweek.de\/wp-content\/uploads\/2025\/04\/CJW24_Tag-05_\u00a9niclasweber-9-768x512.jpg 768w, https:\/\/jazzweek.de\/wp-content\/uploads\/2025\/04\/CJW24_Tag-05_\u00a9niclasweber-9-1536x1024.jpg 1536w, https:\/\/jazzweek.de\/wp-content\/uploads\/2025\/04\/CJW24_Tag-05_\u00a9niclasweber-9-2048x1366.jpg 2048w, https:\/\/jazzweek.de\/wp-content\/uploads\/2025\/04\/CJW24_Tag-05_\u00a9niclasweber-9-1920x1280.jpg 1920w\" sizes=\"(max-width: 600px) 100vw, 600px\" \/>                        <div class=\"description\">\n                                                        <h2>CJW24_Tag-05_\u00a9niclasweber-9<\/h2>\n                            <p><\/p>\n                        <\/div>\n                    <\/li>\n                                                <li class=\"glide__slide\">\n                                <img loading=\"lazy\" decoding=\"async\" width=\"1920\" height=\"1280\" src=\"https:\/\/jazzweek.de\/wp-content\/uploads\/2025\/04\/NilsPetterMolvaer-1920x1280.jpg\" class=\"attachment-cover-big size-cover-big\" alt=\"\" srcset=\"https:\/\/jazzweek.de\/wp-content\/uploads\/2025\/04\/NilsPetterMolvaer-1920x1280.jpg 1920w, https:\/\/jazzweek.de\/wp-content\/uploads\/2025\/04\/NilsPetterMolvaer-300x200.jpg 300w, https:\/\/jazzweek.de\/wp-content\/uploads\/2025\/04\/NilsPetterMolvaer-1024x683.jpg 1024w, https:\/\/jazzweek.de\/wp-content\/uploads\/2025\/04\/NilsPetterMolvaer-768x512.jpg 768w, https:\/\/jazzweek.de\/wp-content\/uploads\/2025\/04\/NilsPetterMolvaer-1536x1024.jpg 1536w, https:\/\/jazzweek.de\/wp-content\/uploads\/2025\/04\/NilsPetterMolvaer-2048x1366.jpg 2048w\" sizes=\"(max-width: 1920px) 100vw, 1920px\" \/>                                <div class=\"description\">\n                                    <p><\/p>\n                                <\/div>\n                            <\/li>\n                                                    <li class=\"glide__slide\">\n                                <img loading=\"lazy\" decoding=\"async\" width=\"1920\" height=\"1280\" src=\"https:\/\/jazzweek.de\/wp-content\/uploads\/2025\/04\/CJW24_Tag-02_\u00a9niclasweber-8-1920x1280.jpg\" class=\"attachment-cover-big size-cover-big\" alt=\"\" srcset=\"https:\/\/jazzweek.de\/wp-content\/uploads\/2025\/04\/CJW24_Tag-02_\u00a9niclasweber-8-1920x1280.jpg 1920w, https:\/\/jazzweek.de\/wp-content\/uploads\/2025\/04\/CJW24_Tag-02_\u00a9niclasweber-8-300x200.jpg 300w, https:\/\/jazzweek.de\/wp-content\/uploads\/2025\/04\/CJW24_Tag-02_\u00a9niclasweber-8-1024x683.jpg 1024w, https:\/\/jazzweek.de\/wp-content\/uploads\/2025\/04\/CJW24_Tag-02_\u00a9niclasweber-8-768x512.jpg 768w, https:\/\/jazzweek.de\/wp-content\/uploads\/2025\/04\/CJW24_Tag-02_\u00a9niclasweber-8-1536x1024.jpg 1536w, https:\/\/jazzweek.de\/wp-content\/uploads\/2025\/04\/CJW24_Tag-02_\u00a9niclasweber-8-2048x1366.jpg 2048w\" sizes=\"(max-width: 1920px) 100vw, 1920px\" \/>                                <div class=\"description\">\n                                    <p><\/p>\n                                <\/div>\n                            <\/li>\n                                                    <li class=\"glide__slide\">\n                                <img loading=\"lazy\" decoding=\"async\" width=\"1920\" height=\"1280\" src=\"https:\/\/jazzweek.de\/wp-content\/uploads\/2025\/04\/CJW24_Tag-07_\u00a9niclasweber-16-1920x1280.jpg\" class=\"attachment-cover-big size-cover-big\" alt=\"\" srcset=\"https:\/\/jazzweek.de\/wp-content\/uploads\/2025\/04\/CJW24_Tag-07_\u00a9niclasweber-16-1920x1280.jpg 1920w, https:\/\/jazzweek.de\/wp-content\/uploads\/2025\/04\/CJW24_Tag-07_\u00a9niclasweber-16-300x200.jpg 300w, https:\/\/jazzweek.de\/wp-content\/uploads\/2025\/04\/CJW24_Tag-07_\u00a9niclasweber-16-1024x683.jpg 1024w, https:\/\/jazzweek.de\/wp-content\/uploads\/2025\/04\/CJW24_Tag-07_\u00a9niclasweber-16-768x512.jpg 768w, https:\/\/jazzweek.de\/wp-content\/uploads\/2025\/04\/CJW24_Tag-07_\u00a9niclasweber-16-1536x1024.jpg 1536w, https:\/\/jazzweek.de\/wp-content\/uploads\/2025\/04\/CJW24_Tag-07_\u00a9niclasweber-16-2048x1366.jpg 2048w\" sizes=\"(max-width: 1920px) 100vw, 1920px\" \/>                                <div class=\"description\">\n                                    <p><\/p>\n                                <\/div>\n                            <\/li>\n                                                    <li class=\"glide__slide\">\n                                <img loading=\"lazy\" decoding=\"async\" width=\"1920\" height=\"1280\" src=\"https:\/\/jazzweek.de\/wp-content\/uploads\/2025\/04\/CJW24_Tag-08_\u00a9niclasweber-1-1920x1280.jpg\" class=\"attachment-cover-big size-cover-big\" alt=\"\" srcset=\"https:\/\/jazzweek.de\/wp-content\/uploads\/2025\/04\/CJW24_Tag-08_\u00a9niclasweber-1-1920x1280.jpg 1920w, https:\/\/jazzweek.de\/wp-content\/uploads\/2025\/04\/CJW24_Tag-08_\u00a9niclasweber-1-300x200.jpg 300w, https:\/\/jazzweek.de\/wp-content\/uploads\/2025\/04\/CJW24_Tag-08_\u00a9niclasweber-1-1024x683.jpg 1024w, https:\/\/jazzweek.de\/wp-content\/uploads\/2025\/04\/CJW24_Tag-08_\u00a9niclasweber-1-768x512.jpg 768w, https:\/\/jazzweek.de\/wp-content\/uploads\/2025\/04\/CJW24_Tag-08_\u00a9niclasweber-1-1536x1024.jpg 1536w, https:\/\/jazzweek.de\/wp-content\/uploads\/2025\/04\/CJW24_Tag-08_\u00a9niclasweber-1-2048x1366.jpg 2048w\" sizes=\"(max-width: 1920px) 100vw, 1920px\" \/>                                <div class=\"description\">\n                                    <p><\/p>\n                                <\/div>\n                            <\/li>\n                                                    <li class=\"glide__slide\">\n                                <img loading=\"lazy\" decoding=\"async\" width=\"1920\" height=\"1280\" src=\"https:\/\/jazzweek.de\/wp-content\/uploads\/2025\/04\/OfCabbagesAndKings--1920x1280.jpg\" class=\"attachment-cover-big size-cover-big\" alt=\"\" srcset=\"https:\/\/jazzweek.de\/wp-content\/uploads\/2025\/04\/OfCabbagesAndKings--1920x1280.jpg 1920w, https:\/\/jazzweek.de\/wp-content\/uploads\/2025\/04\/OfCabbagesAndKings--300x200.jpg 300w, https:\/\/jazzweek.de\/wp-content\/uploads\/2025\/04\/OfCabbagesAndKings--1024x683.jpg 1024w, https:\/\/jazzweek.de\/wp-content\/uploads\/2025\/04\/OfCabbagesAndKings--768x512.jpg 768w, https:\/\/jazzweek.de\/wp-content\/uploads\/2025\/04\/OfCabbagesAndKings--1536x1024.jpg 1536w, https:\/\/jazzweek.de\/wp-content\/uploads\/2025\/04\/OfCabbagesAndKings--2048x1366.jpg 2048w\" sizes=\"(max-width: 1920px) 100vw, 1920px\" \/>                                <div class=\"description\">\n                                    <p><\/p>\n                                <\/div>\n                            <\/li>\n                                                    <li class=\"glide__slide\">\n                                <img loading=\"lazy\" decoding=\"async\" width=\"1920\" height=\"1280\" src=\"https:\/\/jazzweek.de\/wp-content\/uploads\/2025\/04\/CJW24_Tag-02_\u00a9niclasweber-14-1920x1280.jpg\" class=\"attachment-cover-big size-cover-big\" alt=\"\" srcset=\"https:\/\/jazzweek.de\/wp-content\/uploads\/2025\/04\/CJW24_Tag-02_\u00a9niclasweber-14-1920x1280.jpg 1920w, https:\/\/jazzweek.de\/wp-content\/uploads\/2025\/04\/CJW24_Tag-02_\u00a9niclasweber-14-300x200.jpg 300w, https:\/\/jazzweek.de\/wp-content\/uploads\/2025\/04\/CJW24_Tag-02_\u00a9niclasweber-14-1024x683.jpg 1024w, https:\/\/jazzweek.de\/wp-content\/uploads\/2025\/04\/CJW24_Tag-02_\u00a9niclasweber-14-768x512.jpg 768w, https:\/\/jazzweek.de\/wp-content\/uploads\/2025\/04\/CJW24_Tag-02_\u00a9niclasweber-14-1536x1024.jpg 1536w, https:\/\/jazzweek.de\/wp-content\/uploads\/2025\/04\/CJW24_Tag-02_\u00a9niclasweber-14-2048x1366.jpg 2048w\" sizes=\"(max-width: 1920px) 100vw, 1920px\" \/>                                <div class=\"description\">\n                                    <p><\/p>\n                                <\/div>\n                            <\/li>\n                                                    <li class=\"glide__slide\">\n                                <img loading=\"lazy\" decoding=\"async\" width=\"1920\" height=\"1280\" src=\"https:\/\/jazzweek.de\/wp-content\/uploads\/2025\/04\/CJW24_Tag-08_\u00a9niclasweber-7-1920x1280.jpg\" class=\"attachment-cover-big size-cover-big\" alt=\"\" srcset=\"https:\/\/jazzweek.de\/wp-content\/uploads\/2025\/04\/CJW24_Tag-08_\u00a9niclasweber-7-1920x1280.jpg 1920w, https:\/\/jazzweek.de\/wp-content\/uploads\/2025\/04\/CJW24_Tag-08_\u00a9niclasweber-7-300x200.jpg 300w, https:\/\/jazzweek.de\/wp-content\/uploads\/2025\/04\/CJW24_Tag-08_\u00a9niclasweber-7-1024x683.jpg 1024w, https:\/\/jazzweek.de\/wp-content\/uploads\/2025\/04\/CJW24_Tag-08_\u00a9niclasweber-7-768x512.jpg 768w, https:\/\/jazzweek.de\/wp-content\/uploads\/2025\/04\/CJW24_Tag-08_\u00a9niclasweber-7-1536x1024.jpg 1536w, https:\/\/jazzweek.de\/wp-content\/uploads\/2025\/04\/CJW24_Tag-08_\u00a9niclasweber-7-2048x1366.jpg 2048w\" sizes=\"(max-width: 1920px) 100vw, 1920px\" \/>                                <div class=\"description\">\n                                    <p><\/p>\n                                <\/div>\n                            <\/li>\n                                                    <li class=\"glide__slide\">\n                                <img loading=\"lazy\" decoding=\"async\" width=\"1920\" height=\"1280\" src=\"https:\/\/jazzweek.de\/wp-content\/uploads\/2025\/04\/CJW24_Tag-03_\u00a9niclasweber-8-1920x1280.jpg\" class=\"attachment-cover-big size-cover-big\" alt=\"\" srcset=\"https:\/\/jazzweek.de\/wp-content\/uploads\/2025\/04\/CJW24_Tag-03_\u00a9niclasweber-8-1920x1280.jpg 1920w, https:\/\/jazzweek.de\/wp-content\/uploads\/2025\/04\/CJW24_Tag-03_\u00a9niclasweber-8-300x200.jpg 300w, https:\/\/jazzweek.de\/wp-content\/uploads\/2025\/04\/CJW24_Tag-03_\u00a9niclasweber-8-1024x683.jpg 1024w, https:\/\/jazzweek.de\/wp-content\/uploads\/2025\/04\/CJW24_Tag-03_\u00a9niclasweber-8-768x512.jpg 768w, https:\/\/jazzweek.de\/wp-content\/uploads\/2025\/04\/CJW24_Tag-03_\u00a9niclasweber-8-1536x1024.jpg 1536w, https:\/\/jazzweek.de\/wp-content\/uploads\/2025\/04\/CJW24_Tag-03_\u00a9niclasweber-8-2048x1366.jpg 2048w\" sizes=\"(max-width: 1920px) 100vw, 1920px\" \/>                                <div class=\"description\">\n                                    <p><\/p>\n                                <\/div>\n                            <\/li>\n                                                    <li class=\"glide__slide\">\n                                <img loading=\"lazy\" decoding=\"async\" width=\"1920\" height=\"1280\" src=\"https:\/\/jazzweek.de\/wp-content\/uploads\/2025\/04\/OpenAir_CJW_23_TAG_01_\u00a9niclasweber-12-1920x1280.jpg\" class=\"attachment-cover-big size-cover-big\" alt=\"\" srcset=\"https:\/\/jazzweek.de\/wp-content\/uploads\/2025\/04\/OpenAir_CJW_23_TAG_01_\u00a9niclasweber-12-1920x1280.jpg 1920w, https:\/\/jazzweek.de\/wp-content\/uploads\/2025\/04\/OpenAir_CJW_23_TAG_01_\u00a9niclasweber-12-300x200.jpg 300w, https:\/\/jazzweek.de\/wp-content\/uploads\/2025\/04\/OpenAir_CJW_23_TAG_01_\u00a9niclasweber-12-1024x683.jpg 1024w, https:\/\/jazzweek.de\/wp-content\/uploads\/2025\/04\/OpenAir_CJW_23_TAG_01_\u00a9niclasweber-12-768x512.jpg 768w, https:\/\/jazzweek.de\/wp-content\/uploads\/2025\/04\/OpenAir_CJW_23_TAG_01_\u00a9niclasweber-12-1536x1024.jpg 1536w, https:\/\/jazzweek.de\/wp-content\/uploads\/2025\/04\/OpenAir_CJW_23_TAG_01_\u00a9niclasweber-12-2048x1366.jpg 2048w\" sizes=\"(max-width: 1920px) 100vw, 1920px\" \/>                                <div class=\"description\">\n                                    <p><\/p>\n                                <\/div>\n                            <\/li>\n                                                    <li class=\"glide__slide\">\n                                <img loading=\"lazy\" decoding=\"async\" width=\"1920\" height=\"1280\" src=\"https:\/\/jazzweek.de\/wp-content\/uploads\/2025\/04\/CJW24_Tag-08_\u00a9niclasweber-10-1920x1280.jpg\" class=\"attachment-cover-big size-cover-big\" alt=\"\" srcset=\"https:\/\/jazzweek.de\/wp-content\/uploads\/2025\/04\/CJW24_Tag-08_\u00a9niclasweber-10-1920x1280.jpg 1920w, https:\/\/jazzweek.de\/wp-content\/uploads\/2025\/04\/CJW24_Tag-08_\u00a9niclasweber-10-300x200.jpg 300w, https:\/\/jazzweek.de\/wp-content\/uploads\/2025\/04\/CJW24_Tag-08_\u00a9niclasweber-10-1024x683.jpg 1024w, https:\/\/jazzweek.de\/wp-content\/uploads\/2025\/04\/CJW24_Tag-08_\u00a9niclasweber-10-768x512.jpg 768w, https:\/\/jazzweek.de\/wp-content\/uploads\/2025\/04\/CJW24_Tag-08_\u00a9niclasweber-10-1536x1024.jpg 1536w, https:\/\/jazzweek.de\/wp-content\/uploads\/2025\/04\/CJW24_Tag-08_\u00a9niclasweber-10-2048x1366.jpg 2048w\" sizes=\"(max-width: 1920px) 100vw, 1920px\" \/>                                <div class=\"description\">\n                                    <p><\/p>\n                                <\/div>\n                            <\/li>\n                                        <\/ul>\n            <\/div>\n                            <div class=\"glide__arrows\" data-glide-el=\"controls\">\n                    <div class=\"glide__arrow glide__arrow--left\" data-glide-dir=\"&lt;\">&lt;<\/div>\n                    <div class=\"glide__arrow glide__arrow--right\" data-glide-dir=\"&gt;\">&gt;<\/div>\n                <\/div>\n            \n        <\/div>\n    <\/div>\n<\/div>                            <div class=\"images-item\" data-postid=\"5588\">\n                                <img loading=\"lazy\" decoding=\"async\" width=\"600\" height=\"400\" src=\"https:\/\/jazzweek.de\/wp-content\/uploads\/2025\/04\/CJW24_Tag-05_\u00a9niclasweber-9.jpg\" class=\"attachment-jazz-medium size-jazz-medium\" alt=\"\" srcset=\"https:\/\/jazzweek.de\/wp-content\/uploads\/2025\/04\/CJW24_Tag-05_\u00a9niclasweber-9.jpg 2500w, https:\/\/jazzweek.de\/wp-content\/uploads\/2025\/04\/CJW24_Tag-05_\u00a9niclasweber-9-300x200.jpg 300w, https:\/\/jazzweek.de\/wp-content\/uploads\/2025\/04\/CJW24_Tag-05_\u00a9niclasweber-9-1024x683.jpg 1024w, https:\/\/jazzweek.de\/wp-content\/uploads\/2025\/04\/CJW24_Tag-05_\u00a9niclasweber-9-768x512.jpg 768w, https:\/\/jazzweek.de\/wp-content\/uploads\/2025\/04\/CJW24_Tag-05_\u00a9niclasweber-9-1536x1024.jpg 1536w, https:\/\/jazzweek.de\/wp-content\/uploads\/2025\/04\/CJW24_Tag-05_\u00a9niclasweber-9-2048x1366.jpg 2048w, https:\/\/jazzweek.de\/wp-content\/uploads\/2025\/04\/CJW24_Tag-05_\u00a9niclasweber-9-1920x1280.jpg 1920w\" sizes=\"(max-width: 600px) 100vw, 600px\" \/>                            <\/div>\n                        <\/div>\n                                            <div class=\"images-items\">\n                            <div id=\"gallery-modal-5568__wrapper\" class=\"gallery-modal__wrapper\">\n    <div class=\"gallery-modal__close\">\n        <img decoding=\"async\" src=\"https:\/\/jazzweek.de\/wp-content\/themes\/jazz2026\/src\/img\/icon-close.svg\" alt=\"Close\">\n    <\/div>\n    <div class=\"gallery_modal_inner\">\n        <div id=\"gallery-modal-5568\" class=\"gallery-modal glide\">\n            <div class=\"glide__track\" data-glide-el=\"track\">\n                <ul class=\"glide__slides\">\n                    <li class=\"glide__slide\">\n                        <img loading=\"lazy\" decoding=\"async\" width=\"600\" height=\"400\" src=\"https:\/\/jazzweek.de\/wp-content\/uploads\/2025\/04\/CJW24_Tag-08_\u00a9niclasweber-10.jpg\" class=\"attachment-jazz-medium size-jazz-medium\" alt=\"\" srcset=\"https:\/\/jazzweek.de\/wp-content\/uploads\/2025\/04\/CJW24_Tag-08_\u00a9niclasweber-10.jpg 2500w, https:\/\/jazzweek.de\/wp-content\/uploads\/2025\/04\/CJW24_Tag-08_\u00a9niclasweber-10-300x200.jpg 300w, https:\/\/jazzweek.de\/wp-content\/uploads\/2025\/04\/CJW24_Tag-08_\u00a9niclasweber-10-1024x683.jpg 1024w, https:\/\/jazzweek.de\/wp-content\/uploads\/2025\/04\/CJW24_Tag-08_\u00a9niclasweber-10-768x512.jpg 768w, https:\/\/jazzweek.de\/wp-content\/uploads\/2025\/04\/CJW24_Tag-08_\u00a9niclasweber-10-1536x1024.jpg 1536w, https:\/\/jazzweek.de\/wp-content\/uploads\/2025\/04\/CJW24_Tag-08_\u00a9niclasweber-10-2048x1366.jpg 2048w, https:\/\/jazzweek.de\/wp-content\/uploads\/2025\/04\/CJW24_Tag-08_\u00a9niclasweber-10-1920x1280.jpg 1920w\" sizes=\"(max-width: 600px) 100vw, 600px\" \/>                        <div class=\"description\">\n                                                        <h2>CJW24_Tag-08_\u00a9niclasweber-10<\/h2>\n                            <p><\/p>\n                        <\/div>\n                    <\/li>\n                                                <li class=\"glide__slide\">\n                                <img loading=\"lazy\" decoding=\"async\" width=\"1920\" height=\"1280\" src=\"https:\/\/jazzweek.de\/wp-content\/uploads\/2025\/04\/NilsPetterMolvaer-1920x1280.jpg\" class=\"attachment-cover-big size-cover-big\" alt=\"\" srcset=\"https:\/\/jazzweek.de\/wp-content\/uploads\/2025\/04\/NilsPetterMolvaer-1920x1280.jpg 1920w, https:\/\/jazzweek.de\/wp-content\/uploads\/2025\/04\/NilsPetterMolvaer-300x200.jpg 300w, https:\/\/jazzweek.de\/wp-content\/uploads\/2025\/04\/NilsPetterMolvaer-1024x683.jpg 1024w, https:\/\/jazzweek.de\/wp-content\/uploads\/2025\/04\/NilsPetterMolvaer-768x512.jpg 768w, https:\/\/jazzweek.de\/wp-content\/uploads\/2025\/04\/NilsPetterMolvaer-1536x1024.jpg 1536w, https:\/\/jazzweek.de\/wp-content\/uploads\/2025\/04\/NilsPetterMolvaer-2048x1366.jpg 2048w\" sizes=\"(max-width: 1920px) 100vw, 1920px\" \/>                                <div class=\"description\">\n                                    <p><\/p>\n                                <\/div>\n                            <\/li>\n                                                    <li class=\"glide__slide\">\n                                <img loading=\"lazy\" decoding=\"async\" width=\"1920\" height=\"1280\" src=\"https:\/\/jazzweek.de\/wp-content\/uploads\/2025\/04\/CJW24_Tag-02_\u00a9niclasweber-8-1920x1280.jpg\" class=\"attachment-cover-big size-cover-big\" alt=\"\" srcset=\"https:\/\/jazzweek.de\/wp-content\/uploads\/2025\/04\/CJW24_Tag-02_\u00a9niclasweber-8-1920x1280.jpg 1920w, https:\/\/jazzweek.de\/wp-content\/uploads\/2025\/04\/CJW24_Tag-02_\u00a9niclasweber-8-300x200.jpg 300w, https:\/\/jazzweek.de\/wp-content\/uploads\/2025\/04\/CJW24_Tag-02_\u00a9niclasweber-8-1024x683.jpg 1024w, https:\/\/jazzweek.de\/wp-content\/uploads\/2025\/04\/CJW24_Tag-02_\u00a9niclasweber-8-768x512.jpg 768w, https:\/\/jazzweek.de\/wp-content\/uploads\/2025\/04\/CJW24_Tag-02_\u00a9niclasweber-8-1536x1024.jpg 1536w, https:\/\/jazzweek.de\/wp-content\/uploads\/2025\/04\/CJW24_Tag-02_\u00a9niclasweber-8-2048x1366.jpg 2048w\" sizes=\"(max-width: 1920px) 100vw, 1920px\" \/>                                <div class=\"description\">\n                                    <p><\/p>\n                                <\/div>\n                            <\/li>\n                                                    <li class=\"glide__slide\">\n                                <img loading=\"lazy\" decoding=\"async\" width=\"1920\" height=\"1280\" src=\"https:\/\/jazzweek.de\/wp-content\/uploads\/2025\/04\/CJW24_Tag-07_\u00a9niclasweber-16-1920x1280.jpg\" class=\"attachment-cover-big size-cover-big\" alt=\"\" srcset=\"https:\/\/jazzweek.de\/wp-content\/uploads\/2025\/04\/CJW24_Tag-07_\u00a9niclasweber-16-1920x1280.jpg 1920w, https:\/\/jazzweek.de\/wp-content\/uploads\/2025\/04\/CJW24_Tag-07_\u00a9niclasweber-16-300x200.jpg 300w, https:\/\/jazzweek.de\/wp-content\/uploads\/2025\/04\/CJW24_Tag-07_\u00a9niclasweber-16-1024x683.jpg 1024w, https:\/\/jazzweek.de\/wp-content\/uploads\/2025\/04\/CJW24_Tag-07_\u00a9niclasweber-16-768x512.jpg 768w, https:\/\/jazzweek.de\/wp-content\/uploads\/2025\/04\/CJW24_Tag-07_\u00a9niclasweber-16-1536x1024.jpg 1536w, https:\/\/jazzweek.de\/wp-content\/uploads\/2025\/04\/CJW24_Tag-07_\u00a9niclasweber-16-2048x1366.jpg 2048w\" sizes=\"(max-width: 1920px) 100vw, 1920px\" \/>                                <div class=\"description\">\n                                    <p><\/p>\n                                <\/div>\n                            <\/li>\n                                                    <li class=\"glide__slide\">\n                                <img loading=\"lazy\" decoding=\"async\" width=\"1920\" height=\"1280\" src=\"https:\/\/jazzweek.de\/wp-content\/uploads\/2025\/04\/CJW24_Tag-08_\u00a9niclasweber-1-1920x1280.jpg\" class=\"attachment-cover-big size-cover-big\" alt=\"\" srcset=\"https:\/\/jazzweek.de\/wp-content\/uploads\/2025\/04\/CJW24_Tag-08_\u00a9niclasweber-1-1920x1280.jpg 1920w, https:\/\/jazzweek.de\/wp-content\/uploads\/2025\/04\/CJW24_Tag-08_\u00a9niclasweber-1-300x200.jpg 300w, https:\/\/jazzweek.de\/wp-content\/uploads\/2025\/04\/CJW24_Tag-08_\u00a9niclasweber-1-1024x683.jpg 1024w, https:\/\/jazzweek.de\/wp-content\/uploads\/2025\/04\/CJW24_Tag-08_\u00a9niclasweber-1-768x512.jpg 768w, https:\/\/jazzweek.de\/wp-content\/uploads\/2025\/04\/CJW24_Tag-08_\u00a9niclasweber-1-1536x1024.jpg 1536w, https:\/\/jazzweek.de\/wp-content\/uploads\/2025\/04\/CJW24_Tag-08_\u00a9niclasweber-1-2048x1366.jpg 2048w\" sizes=\"(max-width: 1920px) 100vw, 1920px\" \/>                                <div class=\"description\">\n                                    <p><\/p>\n                                <\/div>\n                            <\/li>\n                                                    <li class=\"glide__slide\">\n                                <img loading=\"lazy\" decoding=\"async\" width=\"1920\" height=\"1280\" src=\"https:\/\/jazzweek.de\/wp-content\/uploads\/2025\/04\/OfCabbagesAndKings--1920x1280.jpg\" class=\"attachment-cover-big size-cover-big\" alt=\"\" srcset=\"https:\/\/jazzweek.de\/wp-content\/uploads\/2025\/04\/OfCabbagesAndKings--1920x1280.jpg 1920w, https:\/\/jazzweek.de\/wp-content\/uploads\/2025\/04\/OfCabbagesAndKings--300x200.jpg 300w, https:\/\/jazzweek.de\/wp-content\/uploads\/2025\/04\/OfCabbagesAndKings--1024x683.jpg 1024w, https:\/\/jazzweek.de\/wp-content\/uploads\/2025\/04\/OfCabbagesAndKings--768x512.jpg 768w, https:\/\/jazzweek.de\/wp-content\/uploads\/2025\/04\/OfCabbagesAndKings--1536x1024.jpg 1536w, https:\/\/jazzweek.de\/wp-content\/uploads\/2025\/04\/OfCabbagesAndKings--2048x1366.jpg 2048w\" sizes=\"(max-width: 1920px) 100vw, 1920px\" \/>                                <div class=\"description\">\n                                    <p><\/p>\n                                <\/div>\n                            <\/li>\n                                                    <li class=\"glide__slide\">\n                                <img loading=\"lazy\" decoding=\"async\" width=\"1920\" height=\"1280\" src=\"https:\/\/jazzweek.de\/wp-content\/uploads\/2025\/04\/CJW24_Tag-02_\u00a9niclasweber-14-1920x1280.jpg\" class=\"attachment-cover-big size-cover-big\" alt=\"\" srcset=\"https:\/\/jazzweek.de\/wp-content\/uploads\/2025\/04\/CJW24_Tag-02_\u00a9niclasweber-14-1920x1280.jpg 1920w, https:\/\/jazzweek.de\/wp-content\/uploads\/2025\/04\/CJW24_Tag-02_\u00a9niclasweber-14-300x200.jpg 300w, https:\/\/jazzweek.de\/wp-content\/uploads\/2025\/04\/CJW24_Tag-02_\u00a9niclasweber-14-1024x683.jpg 1024w, https:\/\/jazzweek.de\/wp-content\/uploads\/2025\/04\/CJW24_Tag-02_\u00a9niclasweber-14-768x512.jpg 768w, https:\/\/jazzweek.de\/wp-content\/uploads\/2025\/04\/CJW24_Tag-02_\u00a9niclasweber-14-1536x1024.jpg 1536w, https:\/\/jazzweek.de\/wp-content\/uploads\/2025\/04\/CJW24_Tag-02_\u00a9niclasweber-14-2048x1366.jpg 2048w\" sizes=\"(max-width: 1920px) 100vw, 1920px\" \/>                                <div class=\"description\">\n                                    <p><\/p>\n                                <\/div>\n                            <\/li>\n                                                    <li class=\"glide__slide\">\n                                <img loading=\"lazy\" decoding=\"async\" width=\"1920\" height=\"1280\" src=\"https:\/\/jazzweek.de\/wp-content\/uploads\/2025\/04\/CJW24_Tag-08_\u00a9niclasweber-7-1920x1280.jpg\" class=\"attachment-cover-big size-cover-big\" alt=\"\" srcset=\"https:\/\/jazzweek.de\/wp-content\/uploads\/2025\/04\/CJW24_Tag-08_\u00a9niclasweber-7-1920x1280.jpg 1920w, https:\/\/jazzweek.de\/wp-content\/uploads\/2025\/04\/CJW24_Tag-08_\u00a9niclasweber-7-300x200.jpg 300w, https:\/\/jazzweek.de\/wp-content\/uploads\/2025\/04\/CJW24_Tag-08_\u00a9niclasweber-7-1024x683.jpg 1024w, https:\/\/jazzweek.de\/wp-content\/uploads\/2025\/04\/CJW24_Tag-08_\u00a9niclasweber-7-768x512.jpg 768w, https:\/\/jazzweek.de\/wp-content\/uploads\/2025\/04\/CJW24_Tag-08_\u00a9niclasweber-7-1536x1024.jpg 1536w, https:\/\/jazzweek.de\/wp-content\/uploads\/2025\/04\/CJW24_Tag-08_\u00a9niclasweber-7-2048x1366.jpg 2048w\" sizes=\"(max-width: 1920px) 100vw, 1920px\" \/>                                <div class=\"description\">\n                                    <p><\/p>\n                                <\/div>\n                            <\/li>\n                                                    <li class=\"glide__slide\">\n                                <img loading=\"lazy\" decoding=\"async\" width=\"1920\" height=\"1280\" src=\"https:\/\/jazzweek.de\/wp-content\/uploads\/2025\/04\/CJW24_Tag-03_\u00a9niclasweber-8-1920x1280.jpg\" class=\"attachment-cover-big size-cover-big\" alt=\"\" srcset=\"https:\/\/jazzweek.de\/wp-content\/uploads\/2025\/04\/CJW24_Tag-03_\u00a9niclasweber-8-1920x1280.jpg 1920w, https:\/\/jazzweek.de\/wp-content\/uploads\/2025\/04\/CJW24_Tag-03_\u00a9niclasweber-8-300x200.jpg 300w, https:\/\/jazzweek.de\/wp-content\/uploads\/2025\/04\/CJW24_Tag-03_\u00a9niclasweber-8-1024x683.jpg 1024w, https:\/\/jazzweek.de\/wp-content\/uploads\/2025\/04\/CJW24_Tag-03_\u00a9niclasweber-8-768x512.jpg 768w, https:\/\/jazzweek.de\/wp-content\/uploads\/2025\/04\/CJW24_Tag-03_\u00a9niclasweber-8-1536x1024.jpg 1536w, https:\/\/jazzweek.de\/wp-content\/uploads\/2025\/04\/CJW24_Tag-03_\u00a9niclasweber-8-2048x1366.jpg 2048w\" sizes=\"(max-width: 1920px) 100vw, 1920px\" \/>                                <div class=\"description\">\n                                    <p><\/p>\n                                <\/div>\n                            <\/li>\n                                                    <li class=\"glide__slide\">\n                                <img loading=\"lazy\" decoding=\"async\" width=\"1920\" height=\"1280\" src=\"https:\/\/jazzweek.de\/wp-content\/uploads\/2025\/04\/OpenAir_CJW_23_TAG_01_\u00a9niclasweber-12-1920x1280.jpg\" class=\"attachment-cover-big size-cover-big\" alt=\"\" srcset=\"https:\/\/jazzweek.de\/wp-content\/uploads\/2025\/04\/OpenAir_CJW_23_TAG_01_\u00a9niclasweber-12-1920x1280.jpg 1920w, https:\/\/jazzweek.de\/wp-content\/uploads\/2025\/04\/OpenAir_CJW_23_TAG_01_\u00a9niclasweber-12-300x200.jpg 300w, https:\/\/jazzweek.de\/wp-content\/uploads\/2025\/04\/OpenAir_CJW_23_TAG_01_\u00a9niclasweber-12-1024x683.jpg 1024w, https:\/\/jazzweek.de\/wp-content\/uploads\/2025\/04\/OpenAir_CJW_23_TAG_01_\u00a9niclasweber-12-768x512.jpg 768w, https:\/\/jazzweek.de\/wp-content\/uploads\/2025\/04\/OpenAir_CJW_23_TAG_01_\u00a9niclasweber-12-1536x1024.jpg 1536w, https:\/\/jazzweek.de\/wp-content\/uploads\/2025\/04\/OpenAir_CJW_23_TAG_01_\u00a9niclasweber-12-2048x1366.jpg 2048w\" sizes=\"(max-width: 1920px) 100vw, 1920px\" \/>                                <div class=\"description\">\n                                    <p><\/p>\n                                <\/div>\n                            <\/li>\n                                                    <li class=\"glide__slide\">\n                                <img loading=\"lazy\" decoding=\"async\" width=\"1920\" height=\"1280\" src=\"https:\/\/jazzweek.de\/wp-content\/uploads\/2025\/04\/CJW24_Tag-05_\u00a9niclasweber-9-1920x1280.jpg\" class=\"attachment-cover-big size-cover-big\" alt=\"\" srcset=\"https:\/\/jazzweek.de\/wp-content\/uploads\/2025\/04\/CJW24_Tag-05_\u00a9niclasweber-9-1920x1280.jpg 1920w, https:\/\/jazzweek.de\/wp-content\/uploads\/2025\/04\/CJW24_Tag-05_\u00a9niclasweber-9-300x200.jpg 300w, https:\/\/jazzweek.de\/wp-content\/uploads\/2025\/04\/CJW24_Tag-05_\u00a9niclasweber-9-1024x683.jpg 1024w, https:\/\/jazzweek.de\/wp-content\/uploads\/2025\/04\/CJW24_Tag-05_\u00a9niclasweber-9-768x512.jpg 768w, https:\/\/jazzweek.de\/wp-content\/uploads\/2025\/04\/CJW24_Tag-05_\u00a9niclasweber-9-1536x1024.jpg 1536w, https:\/\/jazzweek.de\/wp-content\/uploads\/2025\/04\/CJW24_Tag-05_\u00a9niclasweber-9-2048x1366.jpg 2048w\" sizes=\"(max-width: 1920px) 100vw, 1920px\" \/>                                <div class=\"description\">\n                                    <p><\/p>\n                                <\/div>\n                            <\/li>\n                                        <\/ul>\n            <\/div>\n                            <div class=\"glide__arrows\" data-glide-el=\"controls\">\n                    <div class=\"glide__arrow glide__arrow--left\" data-glide-dir=\"&lt;\">&lt;<\/div>\n                    <div class=\"glide__arrow glide__arrow--right\" data-glide-dir=\"&gt;\">&gt;<\/div>\n                <\/div>\n            \n        <\/div>\n    <\/div>\n<\/div>                            <div class=\"images-item\" data-postid=\"5568\">\n                                <img loading=\"lazy\" decoding=\"async\" width=\"600\" height=\"400\" src=\"https:\/\/jazzweek.de\/wp-content\/uploads\/2025\/04\/CJW24_Tag-08_\u00a9niclasweber-10.jpg\" class=\"attachment-jazz-medium size-jazz-medium\" alt=\"\" srcset=\"https:\/\/jazzweek.de\/wp-content\/uploads\/2025\/04\/CJW24_Tag-08_\u00a9niclasweber-10.jpg 2500w, https:\/\/jazzweek.de\/wp-content\/uploads\/2025\/04\/CJW24_Tag-08_\u00a9niclasweber-10-300x200.jpg 300w, https:\/\/jazzweek.de\/wp-content\/uploads\/2025\/04\/CJW24_Tag-08_\u00a9niclasweber-10-1024x683.jpg 1024w, https:\/\/jazzweek.de\/wp-content\/uploads\/2025\/04\/CJW24_Tag-08_\u00a9niclasweber-10-768x512.jpg 768w, https:\/\/jazzweek.de\/wp-content\/uploads\/2025\/04\/CJW24_Tag-08_\u00a9niclasweber-10-1536x1024.jpg 1536w, https:\/\/jazzweek.de\/wp-content\/uploads\/2025\/04\/CJW24_Tag-08_\u00a9niclasweber-10-2048x1366.jpg 2048w, https:\/\/jazzweek.de\/wp-content\/uploads\/2025\/04\/CJW24_Tag-08_\u00a9niclasweber-10-1920x1280.jpg 1920w\" sizes=\"(max-width: 600px) 100vw, 600px\" \/>                            <\/div>\n                        <\/div>\n                                <\/div>\n        <\/div>\n    <\/div>\n<\/div>\n\n<div class=\"separator news-separator\">\n    <div class=\"separator-inner hug\">\n        <div class=\"separator-element\"><\/div>\n    <\/div>\n<\/div>\n<div id=\"news-block_2226e2a2bdae1b404becf2140134ecfc\" class=\"news\">\n    <div class=\"news-inner\">\n        <div>\n            <h2><a href=\"\/en\/news\/\">News<\/a><\/h2>\n            <div class=\"news-items-wrapper\">\n                        <div class=\"news-items\">\n                <div class=\"news-item\">\n                                        <h3>Wir sind zur\u00fcck!<\/h3>\n                    <div class=\"news-text\">Markiert eure Kalender: Die sechste Ausgabe der Cologne Jazzweek findet vom 5 \u2013 11 September 2026 statt!<\/div>\n                <\/div>\n            <\/div>\n                        <div class=\"news-items\">\n                <div class=\"news-item\">\n                                        <h3>Das war die Cologne Jazzweek 2025!<\/h3>\n                    <div class=\"news-text\">DANKE f\u00fcr eine einzigartige Cologne Jazzweek 2025!!!\r\nEs war eine wunderbare f\u00fcnfte Ausgabe unseres Festivals: \u00dcber 250 Musiker:innen aus mehr als 18 Nationen spielten 50 Konzerte auf 21 B\u00fchnen in ganz K\u00f6ln. Und mit 10.500 Konzertbesuchen konnten wir erneut einen neuen Besucher:innenrekord aufstellen! Danke an alle, die dabei&#8230;<\/div>\n                <\/div>\n            <\/div>\n                        <div class=\"news-items\">\n                <div class=\"news-item\">\n                                        <h3>Festival Feedback<\/h3>\n                    <div class=\"news-text\">Danke, dass ihr Teil der Cologne Jazzweek 2025 wart! Wir m\u00f6chten unser Festival immer weiter entwickeln \u2013 daf\u00fcr brauchen wir dich! Teile hier gern dein ehrliches Feedback mit uns, <b>deine Angaben sind selbstverst\u00e4ndlich anonym!\u00a0<\/b>\r\n\r\n<a href=\"https:\/\/docs.google.com\/forms\/d\/e\/1FAIpQLSczKOVZVfLEYKJFg6Yr34CBEuMVLlqQ71M3b7P_tT29NGE-Ag\/viewform?usp=header\" target=\"_blank\" rel=\"noopener\">Hier geht&#8217;s zur Umfrage!<\/a>\r\n\r\n<b>Gewinnspiel: <\/b>Unter allen Teilnehmenden verlosen wir 2 Merchandise-Pakete&#8230;<\/div>\n                <\/div>\n            <\/div>\n                        <div class=\"news-items\">\n                <div class=\"news-item\">\n                                        <h3>Unser Line-Up 2025!<\/h3>\n                    <div class=\"news-text\">Es ist soweit, in unserer f\u00fcnften Ausgabe pr\u00e4sentieren wir ein\r\nProgramm, das k\u00fcnstlerische Innovation mit gesellschaftlicher Offenheit\r\nverbindet \u2013 lokal verwurzelt und international vernetzt.\r\n\r\n&nbsp;\r\n\r\n<a href=\"https:\/\/drive.google.com\/file\/d\/1NUHqx641x1Rm4i_n2veSYa2pk8XZOt0q\/view?usp=sharing\" target=\"_blank\" rel=\"noreferrer noopener\">zur Pressemitteilung<\/a><\/div>\n                <\/div>\n            <\/div>\n                        <div class=\"news-items\">\n                <div class=\"news-item\">\n                                        <h3>Line-Up Teaser<\/h3>\n                    <div class=\"news-text\">Die ersten K\u00fcnstler:innen sind ver\u00f6ffentlicht! Bis zum 15. Mai sind Early-Bird-Tickets im Vorverkauf erh\u00e4ltlich. Das gesamte Line-Up wird am 15. Mai auf unserer Pressekonferenz im Stadtgarten K\u00f6ln ver\u00f6ffentlicht.<\/div>\n                <\/div>\n            <\/div>\n                        <div class=\"news-items\">\n                <div class=\"news-item\">\n                                        <h3>Code of Conduct<\/h3>\n                    <div class=\"news-text\">Unser <a href=\"https:\/\/jazzweek.de\/codeofconduct\/\">Code of Conduct<\/a> f\u00fcr das Festival setzt klare Verhaltensregeln, um ein respektvolles und sicheres Umfeld f\u00fcr alle Teilnehmenden zu gew\u00e4hrleisten. Wir erwarten von allen G\u00e4sten, K\u00fcnstler:innen und Mitarbeitenden die Einhaltung dieser Richtlinien. Vielen Dank f\u00fcr Euer Verst\u00e4ndnis und Mithilfe!<\/div>\n                <\/div>\n            <\/div>\n                        <div class=\"news-items\">\n                <div class=\"news-item\">\n                                        <h3>F\u00f6rdern und unterst\u00fctzen!<\/h3>\n                    <div class=\"news-text\">Als junges Festival sind wir auf tatkr\u00e4ftige Unterst\u00fctzung und Spenden angewiesen. Wir sind deswegen froh, dass sich der F\u00f6rderverein &#8220;Freundeskreis der Cologne Jazzweek e.V.&#8221; gegr\u00fcndet hat! Wir freuen uns \u00fcber Eure Unterst\u00fctzung, ob tatkr\u00e4ftig als Volunteer oder per Spende! Vielen Dank im Vorfeld!\r\n\r\n<a href=\"https:\/\/jazzweek.de\/foerdern\/\">mehr Info<\/a><\/div>\n                <\/div>\n            <\/div>\n                        <\/div>\n        <\/div>\n    <\/div>\n<\/div>\n\n<div class=\"separator tw-bg-white\">\n    <div class=\"separator-inner hug\">\n        <div class=\"separator-element\"><\/div>\n    <\/div>\n<\/div>\n\n<div class=\"newsletter tw-bg-white\">\n    <div class=\"newsletter-inner\">\n        <div>\n            <h2>Newsletter<\/h2>\n            <div class=\"newsletter-text\">\n                Stay up to date about the Cologne Jazzweek.            <\/div>\n            <div class=\"subscribe-form-container\">\n                <form\n                    action=\"https:\/\/jazzweek.us18.list-manage.com\/subscribe\/post?u=eca36acb513e840ebbc77fccf&amp;id=ca239ef67b&amp;f_id=00f2ade6f0\"\n                    method=\"post\" id=\"mc-embedded-subscribe-form\" name=\"mc-embedded-subscribe-form\" class=\"validate\"\n                    target=\"_blank\" novalidate>\n                    <div class=\"left\">\n                        <input type=\"email\" value=\"\" name=\"EMAIL\" class=\"required email\" id=\"mce-EMAIL\"\n                            placeholder=\"E-mail address\">\n                        <div id=\"mce-responses\" class=\"clear\">\n                            <div class=\"response\" id=\"mce-error-response\" style=\"display:none\"><\/div>\n                            <div class=\"response\" id=\"mce-success-response\" style=\"display:none\"><\/div>\n                        <\/div>\n                    <\/div>\n                    <div class=\"right\">\n                        <!-- real people should not fill this in and expect good things - do not remove this or risk form bot signups-->\n                        <div style=\"position: absolute; left: -5000px;\" aria-hidden=\"true\"><input type=\"text\"\n                                name=\"b_eca36acb513e840ebbc77fccf_ca239ef67b\" tabindex=\"-1\" value=\"\"><\/div>\n                        <input type=\"submit\" value=\"Subscribe\" name=\"subscribe\" id=\"mc-embedded-subscribe\"\n                            class=\"button button-2025\"><\/input>\n                    <\/div>\n                <\/form>\n                <script type='text\/javascript'\n                    src='https:\/\/s3.amazonaws.com\/downloads.mailchimp.com\/js\/mc-validate.js'><\/script>\n                <script\n                    type='text\/javascript'>(function ($) { window.fnames = new Array(); window.ftypes = new Array(); fnames[0] = &#8216;EMAIL&#8217;; ftypes[0] = &#8217;email&#8217;; fnames[1] = &#8216;FNAME&#8217;; ftypes[1] = &#8216;text&#8217;; fnames[2] = &#8216;LNAME&#8217;; ftypes[2] = &#8216;text&#8217;; fnames[3] = &#8216;ADDRESS&#8217;; ftypes[3] = &#8216;address&#8217;; fnames[4] = &#8216;PHONE&#8217;; ftypes[4] = &#8216;phone&#8217;; fnames[5] = &#8216;BIRTHDAY&#8217;; ftypes[5] = &#8216;birthday&#8217;; }(jQuery)); var $mcj = jQuery.noConflict(true);<\/script>\n            <\/div>\n        <\/div>\n    <\/div>\n\n<\/div>\n\n\n\n<div class=\"separator separator-light\">\n    <div class=\"separator-inner hug\">\n        <div class=\"separator-element\"><\/div>\n    <\/div>\n<\/div>\n\n<div class=\"event-slider\">\n    <div class=\"event-slider-bg\"><\/div>\n    <div class=\"event-slider-inner\">\n        <div class=\"event-slider-header \">\n            <h2><a class=\"tw-text-white\"\n                    href=\"\/programm\">Dates<\/a><\/h2>\n        <\/div>\n        <div class=\"event-slider-buttons\">\n            <div class=\"event-slider-button event-slider-left\"><\/div>\n            <div class=\"event-slider-button event-slider-right\"><\/div>\n        <\/div>\n\n    <\/div>\n\n    \n    <div class=\"event-slider-wrapper\" data-slides=\"0\" data-slide=\"1\">\n\n        <div class=\"event-slider-container\">\n            \n        <\/div>\n    <\/div>\n\n    <div class=\"event-slider-inner\">\n        <div class=\"event-slider-footer\">\n            <div class=\"button-2025-light button\">\n                <a href=\"\/programm\">All dates<\/a>\n            <\/div>\n        <\/div>\n    <\/div>\n<\/div>\n\n\n\n\n<div class=\"separator tickets-separator tw-bg-white\">\n    <div class=\"separator-inner hug\">\n        <div class=\"separator-element\"><\/div>\n    <\/div>\n<\/div>\n\n\n<div id=\"tickets-block_b71db383c6456a2765834c9fb515da3c\" class=\"tickets tickets-block hug-parent tw-bg-white\">\n    <div class=\"tickets-inner hug\">\n        <div>\n            <h2><a href=\"\/en\/tickets\/\">Tickets<\/a><\/h2>\n            <div class=\"tickets-list\">\n                            <\/div>\n        <\/div>\n    <\/div>\n<\/div>\n\n<div class=\"separator tw-bg-white\">\n    <div class=\"separator-inner hug\">\n        <div class=\"separator-element\"><\/div>\n    <\/div>\n<\/div>\n<div id=\"instagram-block_405aa75b50d5445d7a6434303ddfae77\" class=\"hug-parent instagram tw-bg-white\">\n    <div class=\"hug instagram-inner\">\n        <div>\n             \n<div id=\"sb_instagram\"  class=\"sbi sbi_mob_col_2 sbi_tab_col_2 sbi_col_3 sbi_width_resp sbi-theme sbi-default_theme sbi-style-regular\" style=\"padding-bottom: 48px;\" data-post-style=\"regular\"\t data-feedid=\"*2\"  data-res=\"full\" data-cols=\"3\" data-colsmobile=\"2\" data-colstablet=\"2\" data-num=\"6\" data-nummobile=\"3\" data-header-size=\"medium\" data-item-padding=\"24\"\t data-shortcode-atts=\"{&quot;feed&quot;:&quot;2&quot;}\"  data-postid=\"2284\" data-locatornonce=\"edd6a3a130\" data-options=\"{&quot;grid&quot;:true,&quot;avatars&quot;:{&quot;cologne_jazzweek&quot;:&quot;https:\\\/\\\/scontent-fra5-1.xx.fbcdn.net\\\/v\\\/t51.2885-15\\\/98279733_941312879631086_7533176142430208000_n.jpg?_nc_cat=102&amp;ccb=1-7&amp;_nc_sid=7d201b&amp;_nc_ohc=dlzZrkFyf44Q7kNvwEVdWpU&amp;_nc_oc=AdmmF9_5FflC_F-3Q_uilR103kxmC_jEWx5TSqmpvxjl6auREx7hDVLPNqs5Y-JlvhV_D-haeRaW9BQLvUe0_-0e&amp;_nc_zt=23&amp;_nc_ht=scontent-fra5-1.xx&amp;edm=AL-3X8kEAAAA&amp;oh=00_AfEFr9fyx42Sj_vHwsE6HgJ8ik9vaVHrl05bu1Zvam3VLw&amp;oe=67FECAE8&quot;,&quot;LCLcologne_jazzweek&quot;:&quot;https:\\\/\\\/jazzweek.de\\\/wp-content\\\/uploads\\\/sb-instagram-feed-images\\\/cologne_jazzweek.webp&quot;},&quot;lightboxcomments&quot;:20,&quot;colsmobile&quot;:2,&quot;colstablet&quot;:&quot;2&quot;,&quot;feedtheme&quot;:&quot;default_theme&quot;,&quot;imageaspectratio&quot;:&quot;1:1&quot;}\" data-sbi-flags=\"favorLocal\">\n\n\t\n\t<div id=\"sbi_images\" style=\"gap: 48px;\">\n\t\t<div class=\"sbi_item sbi_type_image sbi_new sbi_transition\"\n\t id=\"sbi_18141771496448194\" data-date=\"1777129115\"\n\t data-numcomments=\"3\" data-template=ft_default>\n\t<div class=\"sbi_inner_wrap\" >\n\n\t\t\n\t\t\t<div class=\"sbi_photo_wrap\"  style=\"border-radius: inherit;\">\n\t\t\t\t\t\t\n\t\t<div  style=\"background: rgba(0,0,0,0.85)\"  class=\"sbi_link \" >\n\t\t\t<div class=\"sbi_hover_top\">\n\n\t\t\t\t\n\t\t\t<\/div>\n\n\t\t\t\n\t\t\t<div class=\"sbi_hover_bottom \" >\n\n\t\t\t\t\n\t\t\t\t\n\t\t\t<\/div>\n\n\t\t\t<a class=\"sbi_link_area nofancybox\" rel=\"nofollow noopener\" href=\"https:\/\/scontent-fra3-2.cdninstagram.com\/v\/t51.82787-15\/675480919_18093104138171421_5136968409723308606_n.webp?stp=dst-jpg_e35_tt6&#038;_nc_cat=111&#038;ccb=7-5&#038;_nc_sid=18de74&#038;efg=eyJlZmdfdGFnIjoiRkVFRC5iZXN0X2ltYWdlX3VybGdlbi5DMyJ9&#038;_nc_ohc=cb404cT1-7sQ7kNvwGUji2Z&#038;_nc_oc=AdqXudKbgsQqsgDhJlo_hxt42sSU-XJLCkAY-cJqlYMIOxoIAY8lkkSM7YaIvWEnTG1o2uo2966MjeG3qGg7hVKV&#038;_nc_zt=23&#038;_nc_ht=scontent-fra3-2.cdninstagram.com&#038;edm=AM6HXa8EAAAA&#038;_nc_gid=B2OFV3KVkiJcJmuylPvAsw&#038;oh=00_Af3FoE3MMvSdcr-Wxa7TK61AukDwc9pZZXUHv4cfnp81ZA&#038;oe=69F75626\"\n\t\t\t   data-lightbox-sbi=\"\"\n\t\t\t   data-title=\"\ud835\udde7\ud835\uddf5\ud835\uddf2 \ud835\uddd8\ud835\udddd\ud835\uddd6 \ud835\udfee\ud835\udfec\ud835\udfee\ud835\udff2 \ud835\ude00\ud835\uddf5\ud835\uddfc\ud835\ude04\ud835\uddf0\ud835\uddee\ud835\ude00\ud835\uddf2 \ud835\uddf3\ud835\uddf2\ud835\ude00\ud835\ude01\ud835\uddf6\ud835\ude03\ud835\uddee\ud835\uddf9!&lt;br&gt;\n&lt;br&gt;\nFrom 24 to 27 September 2026, Cologne will host the first German edition of the European Jazz Conference!&lt;br&gt;\nA key part of the event is a \ud835\ude00\ud835\uddf5\ud835\uddfc\ud835\ude04\ud835\uddf0\ud835\uddee\ud835\ude00\ud835\uddf2 \ud835\uddf3\ud835\uddf2\ud835\ude00\ud835\ude01\ud835\uddf6\ud835\ude03\ud835\uddee\ud835\uddf9, parts of which will also be open to the public. It presents some of the most exciting current voices in German jazz at our Cologne venues LOFT, Stadtgarten, and Sartory S\u00e4le!&lt;br&gt;\n&lt;br&gt;\n\ud835\udde7\ud835\uddf6\ud835\uddf0\ud835\uddf8\ud835\uddf2\ud835\ude01 \ud835\ude00\ud835\uddee\ud835\uddf9\ud835\uddf2\ud835\ude00 \ud835\uddf3\ud835\uddfc\ud835\uddff \ud835\ude01\ud835\uddf5\ud835\uddf2 \ud835\uddfd\ud835\ude02\ud835\uddef\ud835\uddf9\ud835\uddf6\ud835\uddf0 \ud835\uddf0\ud835\uddfc\ud835\uddfb\ud835\uddf0\ud835\uddf2\ud835\uddff\ud835\ude01\ud835\ude00 \ud835\ude00\ud835\ude01\ud835\uddee\ud835\uddff\ud835\ude01\ud835\uddf2\ud835\uddf1 \ud835\ude01\ud835\uddfc\ud835\uddf1\ud835\uddee\ud835\ude06!&lt;br&gt;\n&lt;br&gt;\n@europejazznet @stadtgarten_koeln @monheimtriennale @koelner.jazz.konferenz @creative.eu @lvr_kultur @stadt.koeln @land.nrw @initiativemusik&lt;br&gt;\n&lt;br&gt;\n#ejc26cologne #europeanjazzconference #europeanjazzconference26 #jazzstadtk\u00f6ln #europejazz26&lt;br&gt;\n&lt;br&gt;\nFunded by Creative Europe, LVR-Dezernat Kultur, Stadt K\u00f6ln, Land NRW, MfKW, Initiative Musik,\"\n\t\t\t   data-video=\"\"\n\t\t\t   data-carousel=\"\"\n\t\t\t   data-id=\"sbi_18141771496448194\" data-user=\"cologne_jazzweek\"\n\t\t\t   data-url=\"https:\/\/www.instagram.com\/p\/DXjxByGjNGD\/\" data-avatar=\"https:\/\/scontent-fra5-1.xx.fbcdn.net\/v\/t51.2885-15\/98279733_941312879631086_7533176142430208000_n.jpg?_nc_cat=102&amp;ccb=1-7&amp;_nc_sid=7d201b&amp;_nc_ohc=dlzZrkFyf44Q7kNvwEVdWpU&amp;_nc_oc=AdmmF9_5FflC_F-3Q_uilR103kxmC_jEWx5TSqmpvxjl6auREx7hDVLPNqs5Y-JlvhV_D-haeRaW9BQLvUe0_-0e&amp;_nc_zt=23&amp;_nc_ht=scontent-fra5-1.xx&amp;edm=AL-3X8kEAAAA&amp;oh=00_AfEFr9fyx42Sj_vHwsE6HgJ8ik9vaVHrl05bu1Zvam3VLw&amp;oe=67FECAE8\"\n\t\t\t   data-account-type=\"business\"\n\t\t\t   data-iframe=''\n\t\t\t   data-media-type=\"feed\"\n\t\t\t   data-posted-on=\"\"\n\t\t\t   data-custom-avatar=\"\">\n\t\t\t\t<span class=\"sbi-screenreader\">\n\t\t\t\t\tOpen post by cologne_jazzweek with ID 18141771496448194\t\t\t\t<\/span>\n\t\t\t\t\t\t\t<\/a>\n\t\t<\/div>\n\n\t\t<a class=\"sbi_photo\" target=\"_blank\" rel=\"nofollow noopener\" href=\"https:\/\/www.instagram.com\/p\/DXjxByGjNGD\/\"\n\t\t   data-full-res=\"https:\/\/scontent-fra3-2.cdninstagram.com\/v\/t51.82787-15\/675480919_18093104138171421_5136968409723308606_n.webp?stp=dst-jpg_e35_tt6&#038;_nc_cat=111&#038;ccb=7-5&#038;_nc_sid=18de74&#038;efg=eyJlZmdfdGFnIjoiRkVFRC5iZXN0X2ltYWdlX3VybGdlbi5DMyJ9&#038;_nc_ohc=cb404cT1-7sQ7kNvwGUji2Z&#038;_nc_oc=AdqXudKbgsQqsgDhJlo_hxt42sSU-XJLCkAY-cJqlYMIOxoIAY8lkkSM7YaIvWEnTG1o2uo2966MjeG3qGg7hVKV&#038;_nc_zt=23&#038;_nc_ht=scontent-fra3-2.cdninstagram.com&#038;edm=AM6HXa8EAAAA&#038;_nc_gid=B2OFV3KVkiJcJmuylPvAsw&#038;oh=00_Af3FoE3MMvSdcr-Wxa7TK61AukDwc9pZZXUHv4cfnp81ZA&#038;oe=69F75626\"\n\t\t   data-img-src-set=\"{&quot;d&quot;:&quot;https:\\\/\\\/scontent-fra3-2.cdninstagram.com\\\/v\\\/t51.82787-15\\\/675480919_18093104138171421_5136968409723308606_n.webp?stp=dst-jpg_e35_tt6&amp;_nc_cat=111&amp;ccb=7-5&amp;_nc_sid=18de74&amp;efg=eyJlZmdfdGFnIjoiRkVFRC5iZXN0X2ltYWdlX3VybGdlbi5DMyJ9&amp;_nc_ohc=cb404cT1-7sQ7kNvwGUji2Z&amp;_nc_oc=AdqXudKbgsQqsgDhJlo_hxt42sSU-XJLCkAY-cJqlYMIOxoIAY8lkkSM7YaIvWEnTG1o2uo2966MjeG3qGg7hVKV&amp;_nc_zt=23&amp;_nc_ht=scontent-fra3-2.cdninstagram.com&amp;edm=AM6HXa8EAAAA&amp;_nc_gid=B2OFV3KVkiJcJmuylPvAsw&amp;oh=00_Af3FoE3MMvSdcr-Wxa7TK61AukDwc9pZZXUHv4cfnp81ZA&amp;oe=69F75626&quot;,&quot;150&quot;:&quot;https:\\\/\\\/scontent-fra3-2.cdninstagram.com\\\/v\\\/t51.82787-15\\\/675480919_18093104138171421_5136968409723308606_n.webp?stp=dst-jpg_e35_tt6&amp;_nc_cat=111&amp;ccb=7-5&amp;_nc_sid=18de74&amp;efg=eyJlZmdfdGFnIjoiRkVFRC5iZXN0X2ltYWdlX3VybGdlbi5DMyJ9&amp;_nc_ohc=cb404cT1-7sQ7kNvwGUji2Z&amp;_nc_oc=AdqXudKbgsQqsgDhJlo_hxt42sSU-XJLCkAY-cJqlYMIOxoIAY8lkkSM7YaIvWEnTG1o2uo2966MjeG3qGg7hVKV&amp;_nc_zt=23&amp;_nc_ht=scontent-fra3-2.cdninstagram.com&amp;edm=AM6HXa8EAAAA&amp;_nc_gid=B2OFV3KVkiJcJmuylPvAsw&amp;oh=00_Af3FoE3MMvSdcr-Wxa7TK61AukDwc9pZZXUHv4cfnp81ZA&amp;oe=69F75626&quot;,&quot;320&quot;:&quot;https:\\\/\\\/jazzweek.de\\\/wp-content\\\/uploads\\\/sb-instagram-feed-images\\\/675480919_18093104138171421_5136968409723308606_nlow.webp&quot;,&quot;640&quot;:&quot;https:\\\/\\\/jazzweek.de\\\/wp-content\\\/uploads\\\/sb-instagram-feed-images\\\/675480919_18093104138171421_5136968409723308606_nfull.webp&quot;}\"\n\t\t   tabindex=\"-1\">\n\t\t\t<img decoding=\"async\" src=\"https:\/\/jazzweek.de\/wp-content\/plugins\/instagram-feed-pro\/img\/placeholder.png\" alt=\"\ud835\udde7\ud835\uddf5\ud835\uddf2 \ud835\uddd8\ud835\udddd\ud835\uddd6 \ud835\udfee\ud835\udfec\ud835\udfee\ud835\udff2 \ud835\ude00\ud835\uddf5\ud835\uddfc\ud835\ude04\ud835\uddf0\ud835\uddee\ud835\ude00\ud835\uddf2 \ud835\uddf3\ud835\uddf2\ud835\ude00\ud835\ude01\ud835\uddf6\ud835\ude03\ud835\uddee\ud835\uddf9!\n\nFrom 24 to 27 September 2026, Cologne will host the first German edition of the European Jazz Conference!\nA key part of the event is a \ud835\ude00\ud835\uddf5\ud835\uddfc\ud835\ude04\ud835\uddf0\ud835\uddee\ud835\ude00\ud835\uddf2 \ud835\uddf3\ud835\uddf2\ud835\ude00\ud835\ude01\ud835\uddf6\ud835\ude03\ud835\uddee\ud835\uddf9, parts of which will also be open to the public. It presents some of the most exciting current voices in German jazz at our Cologne venues LOFT, Stadtgarten, and Sartory S\u00e4le!\n\n\ud835\udde7\ud835\uddf6\ud835\uddf0\ud835\uddf8\ud835\uddf2\ud835\ude01 \ud835\ude00\ud835\uddee\ud835\uddf9\ud835\uddf2\ud835\ude00 \ud835\uddf3\ud835\uddfc\ud835\uddff \ud835\ude01\ud835\uddf5\ud835\uddf2 \ud835\uddfd\ud835\ude02\ud835\uddef\ud835\uddf9\ud835\uddf6\ud835\uddf0 \ud835\uddf0\ud835\uddfc\ud835\uddfb\ud835\uddf0\ud835\uddf2\ud835\uddff\ud835\ude01\ud835\ude00 \ud835\ude00\ud835\ude01\ud835\uddee\ud835\uddff\ud835\ude01\ud835\uddf2\ud835\uddf1 \ud835\ude01\ud835\uddfc\ud835\uddf1\ud835\uddee\ud835\ude06!\n\n@europejazznet @stadtgarten_koeln @monheimtriennale @koelner.jazz.konferenz @creative.eu @lvr_kultur @stadt.koeln @land.nrw @initiativemusik\n\n#ejc26cologne #europeanjazzconference #europeanjazzconference26 #jazzstadtk\u00f6ln #europejazz26\n\nFunded by Creative Europe, LVR-Dezernat Kultur, Stadt K\u00f6ln, Land NRW, MfKW, Initiative Musik,\">\n\t\t<\/a>\n\t<\/div>\n\n\n\t\t\n\t\t<div class=\"sbi_info_wrapper\">\n\t\t\t<div class=\"sbi_info \">\n\n\t\t\t\t\n\t\t\t\t<div class=\"sbi_meta_wrap\">\n\t\t\t\t\t\n\t\t\t\t\t\t\t\t\t<\/div>\n\t\t\t<\/div>\n\t\t<\/div>\n\t<\/div>\n\n\t<div class=\"sbi-divider\"><\/div>\n<\/div>\n<div class=\"sbi_item sbi_type_carousel sbi_new sbi_transition\"\n\t id=\"sbi_17906845350221392\" data-date=\"1776954203\"\n\t data-numcomments=\"6\" data-template=ft_default>\n\t<div class=\"sbi_inner_wrap\" >\n\n\t\t\n\t\t\t<div class=\"sbi_photo_wrap\"  style=\"border-radius: inherit;\">\n\t\t\t\t<svg class=\"svg-inline--fa fa-clone fa-w-16 sbi_lightbox_carousel_icon\" aria-hidden=\"true\" aria-label=\"Clone\" data-fa-pro\u0192cessed=\"\" data-prefix=\"far\" data-icon=\"clone\" role=\"img\" xmlns=\"http:\/\/www.w3.org\/2000\/svg\" viewBox=\"0 0 512 512\">\n                    <path fill=\"currentColor\" d=\"M464 0H144c-26.51 0-48 21.49-48 48v48H48c-26.51 0-48 21.49-48 48v320c0 26.51 21.49 48 48 48h320c26.51 0 48-21.49 48-48v-48h48c26.51 0 48-21.49 48-48V48c0-26.51-21.49-48-48-48zM362 464H54a6 6 0 0 1-6-6V150a6 6 0 0 1 6-6h42v224c0 26.51 21.49 48 48 48h224v42a6 6 0 0 1-6 6zm96-96H150a6 6 0 0 1-6-6V54a6 6 0 0 1 6-6h308a6 6 0 0 1 6 6v308a6 6 0 0 1-6 6z\"><\/path>\n                <\/svg>\t\t\n\t\t<div  style=\"background: rgba(0,0,0,0.85)\"  class=\"sbi_link \" >\n\t\t\t<div class=\"sbi_hover_top\">\n\n\t\t\t\t\n\t\t\t<\/div>\n\n\t\t\t\n\t\t\t<div class=\"sbi_hover_bottom \" >\n\n\t\t\t\t\n\t\t\t\t\n\t\t\t<\/div>\n\n\t\t\t<a class=\"sbi_link_area nofancybox\" rel=\"nofollow noopener\" href=\"https:\/\/scontent-fra3-1.cdninstagram.com\/v\/t51.82787-15\/673117810_18092826512171421_9180841768903223446_n.webp?stp=dst-jpg_e35_tt6&#038;_nc_cat=103&#038;ccb=7-5&#038;_nc_sid=18de74&#038;efg=eyJlZmdfdGFnIjoiQ0FST1VTRUxfSVRFTS5iZXN0X2ltYWdlX3VybGdlbi5DMyJ9&#038;_nc_ohc=a9S_gVbRjVIQ7kNvwEYNuvx&#038;_nc_oc=AdpI_qtU-WzfmbySKpCM9mFar9_FxIDgojoB5ReLUps0Ui0YHITUU0koajYpV7K0HrLP3z_2DSrBPctZRybkzbNh&#038;_nc_zt=23&#038;_nc_ht=scontent-fra3-1.cdninstagram.com&#038;edm=AM6HXa8EAAAA&#038;_nc_gid=B2OFV3KVkiJcJmuylPvAsw&#038;oh=00_Af2-un2OJKcIcSaWPuLHCHXe8WR1w6DKMgbNb7tQYdZqWQ&#038;oe=69F75640\"\n\t\t\t   data-lightbox-sbi=\"\"\n\t\t\t   data-title=\"\ud835\udde6\ud835\uddfb\ud835\uddf2\ud835\uddee\ud835\uddf8 \ud835\udde3\ud835\uddf2\ud835\uddf2\ud835\uddf8! \ud83e\udd2b\ud83d\udc40&lt;br&gt;\n&lt;br&gt;\nSince you loved our \ud835\uddf3\ud835\uddf2\ud835\ude00\ud835\ude01\ud835\uddf6\ud835\ude03\ud835\uddee\ud835\uddf9 \ud835\ude01\ud835\uddf5\ud835\uddf2\ud835\uddfa\ud835\uddf2 \ud835\ude00\ud835\uddfc\ud835\uddfb\ud835\uddf4 so much last year, we definitely wanted to do it again for Cologne Jazzweek 2026! &lt;br&gt;\n&lt;br&gt;\nThis year\u2019s song was composed by @claudiadoeffinger; we recorded it a few weeks ago at @loftkoeln with the fantastic musicians @jorik.bergman, @fabianschneiider, @johannessauer, @alexparzhuber, @groessbrinka and @janlukasrossmuller. Recording and mix by @jonathan.jonophon and Stefan Deistler.&lt;br&gt;\n&lt;br&gt;\nWe can\u2019t wait to share it with you alongside our line-up release \ud835\uddfc\ud835\uddfb \ud835\udfee\ud835\udff5 \ud835\uddd4\ud835\uddfd\ud835\uddff\ud835\uddf6\ud835\uddf9! \ud83d\udd25&lt;br&gt;\n&lt;br&gt;\n#colognejazzweek2026 #cjw26 #colognejazzweek #cologne #jazzweek\"\n\t\t\t   data-video=\"\"\n\t\t\t   data-carousel=\"{&quot;data&quot;:[{&quot;type&quot;:&quot;image&quot;,&quot;media&quot;:&quot;https:\\\/\\\/scontent-fra3-1.cdninstagram.com\\\/v\\\/t51.82787-15\\\/673117810_18092826512171421_9180841768903223446_n.webp?stp=dst-jpg_e35_tt6&amp;_nc_cat=103&amp;ccb=7-5&amp;_nc_sid=18de74&amp;efg=eyJlZmdfdGFnIjoiQ0FST1VTRUxfSVRFTS5iZXN0X2ltYWdlX3VybGdlbi5DMyJ9&amp;_nc_ohc=a9S_gVbRjVIQ7kNvwEYNuvx&amp;_nc_oc=AdpI_qtU-WzfmbySKpCM9mFar9_FxIDgojoB5ReLUps0Ui0YHITUU0koajYpV7K0HrLP3z_2DSrBPctZRybkzbNh&amp;_nc_zt=23&amp;_nc_ht=scontent-fra3-1.cdninstagram.com&amp;edm=AM6HXa8EAAAA&amp;_nc_gid=B2OFV3KVkiJcJmuylPvAsw&amp;oh=00_Af2-un2OJKcIcSaWPuLHCHXe8WR1w6DKMgbNb7tQYdZqWQ&amp;oe=69F75640&quot;},{&quot;type&quot;:&quot;image&quot;,&quot;media&quot;:&quot;https:\\\/\\\/scontent-fra3-1.cdninstagram.com\\\/v\\\/t51.82787-15\\\/671808862_18092826521171421_4892231017319882504_n.webp?stp=dst-jpg_e35_tt6&amp;_nc_cat=103&amp;ccb=7-5&amp;_nc_sid=18de74&amp;efg=eyJlZmdfdGFnIjoiQ0FST1VTRUxfSVRFTS5iZXN0X2ltYWdlX3VybGdlbi5DMyJ9&amp;_nc_ohc=ld3_-wmFBxYQ7kNvwGUSsBq&amp;_nc_oc=Adrd_4Q1QGv9LyQjNRQLxiv2Bov0pX5GmqRP77kFb4-vrOAeXSw7AfxdQCbIAl3iDAGzu4WUiuzguEAXWTl_uIwJ&amp;_nc_zt=23&amp;_nc_ht=scontent-fra3-1.cdninstagram.com&amp;edm=AM6HXa8EAAAA&amp;_nc_gid=B2OFV3KVkiJcJmuylPvAsw&amp;oh=00_Af0rZY_xztdwlx44DTUDzPf--OuImDKAvHVlZs9Ebd-39Q&amp;oe=69F77718&quot;},{&quot;type&quot;:&quot;image&quot;,&quot;media&quot;:&quot;https:\\\/\\\/scontent-fra5-2.cdninstagram.com\\\/v\\\/t51.82787-15\\\/674477943_18092826530171421_1752572748856476320_n.webp?stp=dst-jpg_e35_tt6&amp;_nc_cat=106&amp;ccb=7-5&amp;_nc_sid=18de74&amp;efg=eyJlZmdfdGFnIjoiQ0FST1VTRUxfSVRFTS5iZXN0X2ltYWdlX3VybGdlbi5DMyJ9&amp;_nc_ohc=aMN5EbsmoNEQ7kNvwGjToAy&amp;_nc_oc=Adp8rzpvMvTVl_-Af7NUmMyE_fuJ1u2fRcMRI9N3sDmJlGX0Pe8cRlNqx-vOBgtBtD53ryGI32OAGnO7YfTRQ62y&amp;_nc_zt=23&amp;_nc_ht=scontent-fra5-2.cdninstagram.com&amp;edm=AM6HXa8EAAAA&amp;_nc_gid=B2OFV3KVkiJcJmuylPvAsw&amp;oh=00_Af2sNRkiM0O_ARkoF_ycu9PmX3CKEn7cJ21jeFPaWpP3jw&amp;oe=69F75ED4&quot;},{&quot;type&quot;:&quot;image&quot;,&quot;media&quot;:&quot;https:\\\/\\\/scontent-fra3-1.cdninstagram.com\\\/v\\\/t51.82787-15\\\/674464008_18092826539171421_5866154645608551862_n.webp?stp=dst-jpg_e35_tt6&amp;_nc_cat=108&amp;ccb=7-5&amp;_nc_sid=18de74&amp;efg=eyJlZmdfdGFnIjoiQ0FST1VTRUxfSVRFTS5iZXN0X2ltYWdlX3VybGdlbi5DMyJ9&amp;_nc_ohc=URftcBycv88Q7kNvwHJ8z_s&amp;_nc_oc=AdoaV3VD4PTovoIj9a6G2xvPRgCZoszHn0wabk3FaR6FWvF91ItET2jqs1HlFiwGNxg8NzKgCRLfOGZYMZ2Fb2QI&amp;_nc_zt=23&amp;_nc_ht=scontent-fra3-1.cdninstagram.com&amp;edm=AM6HXa8EAAAA&amp;_nc_gid=B2OFV3KVkiJcJmuylPvAsw&amp;oh=00_Af26grhzChDnGhVaxcaS7Xj6R9w0hSY5AYgiXCRx3hn3vw&amp;oe=69F78272&quot;},{&quot;type&quot;:&quot;image&quot;,&quot;media&quot;:&quot;https:\\\/\\\/scontent-fra5-2.cdninstagram.com\\\/v\\\/t51.82787-15\\\/671800944_18092826551171421_7223924168379718071_n.webp?stp=dst-jpg_e35_tt6&amp;_nc_cat=107&amp;ccb=7-5&amp;_nc_sid=18de74&amp;efg=eyJlZmdfdGFnIjoiQ0FST1VTRUxfSVRFTS5iZXN0X2ltYWdlX3VybGdlbi5DMyJ9&amp;_nc_ohc=UQ30G_Xz5AIQ7kNvwFhT-8k&amp;_nc_oc=AdoiDeM6CLrlGpVtIjftCLXbb6fg-8mYE8UOLibfvFS5D46fHMpjBHlW-zg2OfRG9DPrTLi6JWKSQhYkrXwr9qMB&amp;_nc_zt=23&amp;_nc_ht=scontent-fra5-2.cdninstagram.com&amp;edm=AM6HXa8EAAAA&amp;_nc_gid=B2OFV3KVkiJcJmuylPvAsw&amp;oh=00_Af2UfR_FZpzDQMy6V1llPZSXOOanFs1PqKptJQKHRN7Zrw&amp;oe=69F75D4D&quot;},{&quot;type&quot;:&quot;image&quot;,&quot;media&quot;:&quot;https:\\\/\\\/scontent-fra3-2.cdninstagram.com\\\/v\\\/t51.82787-15\\\/673147378_18092826560171421_9207476980708911162_n.webp?stp=dst-jpg_e35_tt6&amp;_nc_cat=111&amp;ccb=7-5&amp;_nc_sid=18de74&amp;efg=eyJlZmdfdGFnIjoiQ0FST1VTRUxfSVRFTS5iZXN0X2ltYWdlX3VybGdlbi5DMyJ9&amp;_nc_ohc=TDbYZztWjHoQ7kNvwH8c0al&amp;_nc_oc=AdpmdCiocKApeScRNATWaMDasIaHtNsBqbdJqp4qqqhrxcdJaJL92FQUpiU2TvdUgJoJEKTZx-rejo0Lqg9k7kaj&amp;_nc_zt=23&amp;_nc_ht=scontent-fra3-2.cdninstagram.com&amp;edm=AM6HXa8EAAAA&amp;_nc_gid=B2OFV3KVkiJcJmuylPvAsw&amp;oh=00_Af2zlcWLL4RdHJvLUfU3muEDl34Mc84H9WId7hQm1bRGvA&amp;oe=69F76141&quot;},{&quot;type&quot;:&quot;image&quot;,&quot;media&quot;:&quot;https:\\\/\\\/scontent-fra3-1.cdninstagram.com\\\/v\\\/t51.82787-15\\\/674402744_18092826569171421_5429169748142607808_n.webp?stp=dst-jpg_e35_tt6&amp;_nc_cat=108&amp;ccb=7-5&amp;_nc_sid=18de74&amp;efg=eyJlZmdfdGFnIjoiQ0FST1VTRUxfSVRFTS5iZXN0X2ltYWdlX3VybGdlbi5DMyJ9&amp;_nc_ohc=P1EMN6h6MbQQ7kNvwF5-B38&amp;_nc_oc=AdpdIUL9EE7SIUWjfck2UmuRDxhZRqDCi7RS7TiO29Co-7pP9ztl26Zzz_0wvHgEvQRkfxAD8TEEVg3Rah1al9Ph&amp;_nc_zt=23&amp;_nc_ht=scontent-fra3-1.cdninstagram.com&amp;edm=AM6HXa8EAAAA&amp;_nc_gid=B2OFV3KVkiJcJmuylPvAsw&amp;oh=00_Af0FlOQVFdoAoVr2H-ZdH-XumPAURsEVQ4EUTKwZpEgojw&amp;oe=69F7720D&quot;},{&quot;type&quot;:&quot;image&quot;,&quot;media&quot;:&quot;https:\\\/\\\/scontent-fra3-1.cdninstagram.com\\\/v\\\/t51.82787-15\\\/671218042_18092826578171421_298245049003151687_n.webp?stp=dst-jpg_e35_tt6&amp;_nc_cat=103&amp;ccb=7-5&amp;_nc_sid=18de74&amp;efg=eyJlZmdfdGFnIjoiQ0FST1VTRUxfSVRFTS5iZXN0X2ltYWdlX3VybGdlbi5DMyJ9&amp;_nc_ohc=ITYTBGwirTwQ7kNvwFunvEr&amp;_nc_oc=Adr9l6CpSQlGJfgeDSPDN5LQOFmE30tkAxlA_Mp5IcPxdNRawNELv-l1twYo58i-D1hxe46QvLBmiNIfZRyMPwHK&amp;_nc_zt=23&amp;_nc_ht=scontent-fra3-1.cdninstagram.com&amp;edm=AM6HXa8EAAAA&amp;_nc_gid=B2OFV3KVkiJcJmuylPvAsw&amp;oh=00_Af292eaEMHZsSoudKU32L9C8L0N0BmzX_wioC1QNgXTCkg&amp;oe=69F77F95&quot;},{&quot;type&quot;:&quot;image&quot;,&quot;media&quot;:&quot;https:\\\/\\\/scontent-fra5-1.cdninstagram.com\\\/v\\\/t51.82787-15\\\/673118578_18092826587171421_7344269077879416180_n.webp?stp=dst-jpg_e35_tt6&amp;_nc_cat=100&amp;ccb=7-5&amp;_nc_sid=18de74&amp;efg=eyJlZmdfdGFnIjoiQ0FST1VTRUxfSVRFTS5iZXN0X2ltYWdlX3VybGdlbi5DMyJ9&amp;_nc_ohc=IwydFlxZS0YQ7kNvwEFyHZU&amp;_nc_oc=AdqDs312OdlEreIMM5FgmxPBc9P8CPCuO823oudHmNthlT-RuekWy6LgyuxdTgpopBURTtGwzaxw99hi83Kiqmwr&amp;_nc_zt=23&amp;_nc_ht=scontent-fra5-1.cdninstagram.com&amp;edm=AM6HXa8EAAAA&amp;_nc_gid=B2OFV3KVkiJcJmuylPvAsw&amp;oh=00_Af2-SKc8P1niv1GBr5twAwHCHQJYQX0AnEM1akel_u44EA&amp;oe=69F78B4C&quot;}],&quot;vid_first&quot;:false}\"\n\t\t\t   data-id=\"sbi_17906845350221392\" data-user=\"cologne_jazzweek\"\n\t\t\t   data-url=\"https:\/\/www.instagram.com\/p\/DXejaIJDOKs\/\" data-avatar=\"https:\/\/scontent-fra5-1.xx.fbcdn.net\/v\/t51.2885-15\/98279733_941312879631086_7533176142430208000_n.jpg?_nc_cat=102&amp;ccb=1-7&amp;_nc_sid=7d201b&amp;_nc_ohc=dlzZrkFyf44Q7kNvwEVdWpU&amp;_nc_oc=AdmmF9_5FflC_F-3Q_uilR103kxmC_jEWx5TSqmpvxjl6auREx7hDVLPNqs5Y-JlvhV_D-haeRaW9BQLvUe0_-0e&amp;_nc_zt=23&amp;_nc_ht=scontent-fra5-1.xx&amp;edm=AL-3X8kEAAAA&amp;oh=00_AfEFr9fyx42Sj_vHwsE6HgJ8ik9vaVHrl05bu1Zvam3VLw&amp;oe=67FECAE8\"\n\t\t\t   data-account-type=\"business\"\n\t\t\t   data-iframe=''\n\t\t\t   data-media-type=\"feed\"\n\t\t\t   data-posted-on=\"\"\n\t\t\t   data-custom-avatar=\"\">\n\t\t\t\t<span class=\"sbi-screenreader\">\n\t\t\t\t\tOpen post by cologne_jazzweek with ID 17906845350221392\t\t\t\t<\/span>\n\t\t\t\t\t\t\t<\/a>\n\t\t<\/div>\n\n\t\t<a class=\"sbi_photo\" target=\"_blank\" rel=\"nofollow noopener\" href=\"https:\/\/www.instagram.com\/p\/DXejaIJDOKs\/\"\n\t\t   data-full-res=\"https:\/\/scontent-fra3-1.cdninstagram.com\/v\/t51.82787-15\/673117810_18092826512171421_9180841768903223446_n.webp?stp=dst-jpg_e35_tt6&#038;_nc_cat=103&#038;ccb=7-5&#038;_nc_sid=18de74&#038;efg=eyJlZmdfdGFnIjoiQ0FST1VTRUxfSVRFTS5iZXN0X2ltYWdlX3VybGdlbi5DMyJ9&#038;_nc_ohc=a9S_gVbRjVIQ7kNvwEYNuvx&#038;_nc_oc=AdpI_qtU-WzfmbySKpCM9mFar9_FxIDgojoB5ReLUps0Ui0YHITUU0koajYpV7K0HrLP3z_2DSrBPctZRybkzbNh&#038;_nc_zt=23&#038;_nc_ht=scontent-fra3-1.cdninstagram.com&#038;edm=AM6HXa8EAAAA&#038;_nc_gid=B2OFV3KVkiJcJmuylPvAsw&#038;oh=00_Af2-un2OJKcIcSaWPuLHCHXe8WR1w6DKMgbNb7tQYdZqWQ&#038;oe=69F75640\"\n\t\t   data-img-src-set=\"{&quot;d&quot;:&quot;https:\\\/\\\/scontent-fra3-1.cdninstagram.com\\\/v\\\/t51.82787-15\\\/673117810_18092826512171421_9180841768903223446_n.webp?stp=dst-jpg_e35_tt6&amp;_nc_cat=103&amp;ccb=7-5&amp;_nc_sid=18de74&amp;efg=eyJlZmdfdGFnIjoiQ0FST1VTRUxfSVRFTS5iZXN0X2ltYWdlX3VybGdlbi5DMyJ9&amp;_nc_ohc=a9S_gVbRjVIQ7kNvwEYNuvx&amp;_nc_oc=AdpI_qtU-WzfmbySKpCM9mFar9_FxIDgojoB5ReLUps0Ui0YHITUU0koajYpV7K0HrLP3z_2DSrBPctZRybkzbNh&amp;_nc_zt=23&amp;_nc_ht=scontent-fra3-1.cdninstagram.com&amp;edm=AM6HXa8EAAAA&amp;_nc_gid=B2OFV3KVkiJcJmuylPvAsw&amp;oh=00_Af2-un2OJKcIcSaWPuLHCHXe8WR1w6DKMgbNb7tQYdZqWQ&amp;oe=69F75640&quot;,&quot;150&quot;:&quot;https:\\\/\\\/scontent-fra3-1.cdninstagram.com\\\/v\\\/t51.82787-15\\\/673117810_18092826512171421_9180841768903223446_n.webp?stp=dst-jpg_e35_tt6&amp;_nc_cat=103&amp;ccb=7-5&amp;_nc_sid=18de74&amp;efg=eyJlZmdfdGFnIjoiQ0FST1VTRUxfSVRFTS5iZXN0X2ltYWdlX3VybGdlbi5DMyJ9&amp;_nc_ohc=a9S_gVbRjVIQ7kNvwEYNuvx&amp;_nc_oc=AdpI_qtU-WzfmbySKpCM9mFar9_FxIDgojoB5ReLUps0Ui0YHITUU0koajYpV7K0HrLP3z_2DSrBPctZRybkzbNh&amp;_nc_zt=23&amp;_nc_ht=scontent-fra3-1.cdninstagram.com&amp;edm=AM6HXa8EAAAA&amp;_nc_gid=B2OFV3KVkiJcJmuylPvAsw&amp;oh=00_Af2-un2OJKcIcSaWPuLHCHXe8WR1w6DKMgbNb7tQYdZqWQ&amp;oe=69F75640&quot;,&quot;320&quot;:&quot;https:\\\/\\\/jazzweek.de\\\/wp-content\\\/uploads\\\/sb-instagram-feed-images\\\/673117810_18092826512171421_9180841768903223446_nlow.webp&quot;,&quot;640&quot;:&quot;https:\\\/\\\/jazzweek.de\\\/wp-content\\\/uploads\\\/sb-instagram-feed-images\\\/673117810_18092826512171421_9180841768903223446_nfull.webp&quot;}\"\n\t\t   tabindex=\"-1\">\n\t\t\t<img decoding=\"async\" src=\"https:\/\/jazzweek.de\/wp-content\/plugins\/instagram-feed-pro\/img\/placeholder.png\" alt=\"\ud835\udde6\ud835\uddfb\ud835\uddf2\ud835\uddee\ud835\uddf8 \ud835\udde3\ud835\uddf2\ud835\uddf2\ud835\uddf8! \ud83e\udd2b\ud83d\udc40\n\nSince you loved our \ud835\uddf3\ud835\uddf2\ud835\ude00\ud835\ude01\ud835\uddf6\ud835\ude03\ud835\uddee\ud835\uddf9 \ud835\ude01\ud835\uddf5\ud835\uddf2\ud835\uddfa\ud835\uddf2 \ud835\ude00\ud835\uddfc\ud835\uddfb\ud835\uddf4 so much last year, we definitely wanted to do it again for Cologne Jazzweek 2026! \n\nThis year\u2019s song was composed by @claudiadoeffinger; we recorded it a few weeks ago at @loftkoeln with the fantastic musicians @jorik.bergman, @fabianschneiider, @johannessauer, @alexparzhuber, @groessbrinka and @janlukasrossmuller. Recording and mix by @jonathan.jonophon and Stefan Deistler.\n\nWe can\u2019t wait to share it with you alongside our line-up release \ud835\uddfc\ud835\uddfb \ud835\udfee\ud835\udff5 \ud835\uddd4\ud835\uddfd\ud835\uddff\ud835\uddf6\ud835\uddf9! \ud83d\udd25\n\n#colognejazzweek2026 #cjw26 #colognejazzweek #cologne #jazzweek\">\n\t\t<\/a>\n\t<\/div>\n\n\n\t\t\n\t\t<div class=\"sbi_info_wrapper\">\n\t\t\t<div class=\"sbi_info \">\n\n\t\t\t\t\n\t\t\t\t<div class=\"sbi_meta_wrap\">\n\t\t\t\t\t\n\t\t\t\t\t\t\t\t\t<\/div>\n\t\t\t<\/div>\n\t\t<\/div>\n\t<\/div>\n\n\t<div class=\"sbi-divider\"><\/div>\n<\/div>\n<div class=\"sbi_item sbi_type_image sbi_new sbi_transition\"\n\t id=\"sbi_18113536171743877\" data-date=\"1776788486\"\n\t data-numcomments=\"5\" data-template=ft_default>\n\t<div class=\"sbi_inner_wrap\" >\n\n\t\t\n\t\t\t<div class=\"sbi_photo_wrap\"  style=\"border-radius: inherit;\">\n\t\t\t\t\t\t\n\t\t<div  style=\"background: rgba(0,0,0,0.85)\"  class=\"sbi_link \" >\n\t\t\t<div class=\"sbi_hover_top\">\n\n\t\t\t\t\n\t\t\t<\/div>\n\n\t\t\t\n\t\t\t<div class=\"sbi_hover_bottom \" >\n\n\t\t\t\t\n\t\t\t\t\n\t\t\t<\/div>\n\n\t\t\t<a class=\"sbi_link_area nofancybox\" rel=\"nofollow noopener\" href=\"https:\/\/scontent-fra5-2.cdninstagram.com\/v\/t51.82787-15\/671765954_18092639978171421_9082693883219626858_n.webp?stp=dst-jpg_e35_tt6&#038;_nc_cat=109&#038;ccb=7-5&#038;_nc_sid=18de74&#038;efg=eyJlZmdfdGFnIjoiRkVFRC5iZXN0X2ltYWdlX3VybGdlbi5DMyJ9&#038;_nc_ohc=rW72jPIdDbQQ7kNvwH6qFAo&#038;_nc_oc=AdrJlYVlUTSToq-4tkQIa3tnIVTHCQT4ddBDo5H0AZfEYTlSi0lvcaA19TYQshVUYx99El3xzN9sgg2QSQra_4UZ&#038;_nc_zt=23&#038;_nc_ht=scontent-fra5-2.cdninstagram.com&#038;edm=AM6HXa8EAAAA&#038;_nc_gid=B2OFV3KVkiJcJmuylPvAsw&#038;oh=00_Af2dYuuJJzjdsFSEE9RzdL501K7KrhSV_COkiDHKSXMlew&#038;oe=69F75B53\"\n\t\t\t   data-lightbox-sbi=\"\"\n\t\t\t   data-title=\"\ud835\udddf\ud835\uddf6\ud835\uddfb\ud835\uddf2-\ud835\udde8\ud835\uddfd \ud835\uddff\ud835\uddf2\ud835\uddf9\ud835\uddf2\ud835\uddee\ud835\ude00\ud835\uddf2! \ud83e\udd29&lt;br&gt;\n&lt;br&gt;\nWe can\u2019t wait to share this year\u2019s line-up with you all! Next week, we will release the full Cologne Jazzweek 2026 program and open the ticket sale. Mark your calendars:&lt;br&gt;\n&lt;br&gt;\n\ud835\uddd6\ud835\udddd\ud835\uddea \ud835\udfee\ud835\udff2 \ud835\uddf9\ud835\uddf6\ud835\uddfb\ud835\uddf2-\ud835\udde8\ud835\uddfd \ud835\uddff\ud835\uddf2\ud835\uddf9\ud835\uddf2\ud835\uddee\ud835\ude00\ud835\uddf2 \ud835\uddfc\ud835\uddfb \ud835\udfee\ud835\udff5 \ud835\uddd4\ud835\uddfd\ud835\uddff\ud835\uddf6\ud835\uddf9!&lt;br&gt;\n&lt;br&gt;\n#colognejazzweek2026 #cjw26 #colognejazzweek #cologne #jazzweek\"\n\t\t\t   data-video=\"\"\n\t\t\t   data-carousel=\"\"\n\t\t\t   data-id=\"sbi_18113536171743877\" data-user=\"cologne_jazzweek\"\n\t\t\t   data-url=\"https:\/\/www.instagram.com\/p\/DXZnVDajMkr\/\" data-avatar=\"https:\/\/scontent-fra5-1.xx.fbcdn.net\/v\/t51.2885-15\/98279733_941312879631086_7533176142430208000_n.jpg?_nc_cat=102&amp;ccb=1-7&amp;_nc_sid=7d201b&amp;_nc_ohc=dlzZrkFyf44Q7kNvwEVdWpU&amp;_nc_oc=AdmmF9_5FflC_F-3Q_uilR103kxmC_jEWx5TSqmpvxjl6auREx7hDVLPNqs5Y-JlvhV_D-haeRaW9BQLvUe0_-0e&amp;_nc_zt=23&amp;_nc_ht=scontent-fra5-1.xx&amp;edm=AL-3X8kEAAAA&amp;oh=00_AfEFr9fyx42Sj_vHwsE6HgJ8ik9vaVHrl05bu1Zvam3VLw&amp;oe=67FECAE8\"\n\t\t\t   data-account-type=\"business\"\n\t\t\t   data-iframe=''\n\t\t\t   data-media-type=\"feed\"\n\t\t\t   data-posted-on=\"\"\n\t\t\t   data-custom-avatar=\"\">\n\t\t\t\t<span class=\"sbi-screenreader\">\n\t\t\t\t\tOpen post by cologne_jazzweek with ID 18113536171743877\t\t\t\t<\/span>\n\t\t\t\t\t\t\t<\/a>\n\t\t<\/div>\n\n\t\t<a class=\"sbi_photo\" target=\"_blank\" rel=\"nofollow noopener\" href=\"https:\/\/www.instagram.com\/p\/DXZnVDajMkr\/\"\n\t\t   data-full-res=\"https:\/\/scontent-fra5-2.cdninstagram.com\/v\/t51.82787-15\/671765954_18092639978171421_9082693883219626858_n.webp?stp=dst-jpg_e35_tt6&#038;_nc_cat=109&#038;ccb=7-5&#038;_nc_sid=18de74&#038;efg=eyJlZmdfdGFnIjoiRkVFRC5iZXN0X2ltYWdlX3VybGdlbi5DMyJ9&#038;_nc_ohc=rW72jPIdDbQQ7kNvwH6qFAo&#038;_nc_oc=AdrJlYVlUTSToq-4tkQIa3tnIVTHCQT4ddBDo5H0AZfEYTlSi0lvcaA19TYQshVUYx99El3xzN9sgg2QSQra_4UZ&#038;_nc_zt=23&#038;_nc_ht=scontent-fra5-2.cdninstagram.com&#038;edm=AM6HXa8EAAAA&#038;_nc_gid=B2OFV3KVkiJcJmuylPvAsw&#038;oh=00_Af2dYuuJJzjdsFSEE9RzdL501K7KrhSV_COkiDHKSXMlew&#038;oe=69F75B53\"\n\t\t   data-img-src-set=\"{&quot;d&quot;:&quot;https:\\\/\\\/scontent-fra5-2.cdninstagram.com\\\/v\\\/t51.82787-15\\\/671765954_18092639978171421_9082693883219626858_n.webp?stp=dst-jpg_e35_tt6&amp;_nc_cat=109&amp;ccb=7-5&amp;_nc_sid=18de74&amp;efg=eyJlZmdfdGFnIjoiRkVFRC5iZXN0X2ltYWdlX3VybGdlbi5DMyJ9&amp;_nc_ohc=rW72jPIdDbQQ7kNvwH6qFAo&amp;_nc_oc=AdrJlYVlUTSToq-4tkQIa3tnIVTHCQT4ddBDo5H0AZfEYTlSi0lvcaA19TYQshVUYx99El3xzN9sgg2QSQra_4UZ&amp;_nc_zt=23&amp;_nc_ht=scontent-fra5-2.cdninstagram.com&amp;edm=AM6HXa8EAAAA&amp;_nc_gid=B2OFV3KVkiJcJmuylPvAsw&amp;oh=00_Af2dYuuJJzjdsFSEE9RzdL501K7KrhSV_COkiDHKSXMlew&amp;oe=69F75B53&quot;,&quot;150&quot;:&quot;https:\\\/\\\/scontent-fra5-2.cdninstagram.com\\\/v\\\/t51.82787-15\\\/671765954_18092639978171421_9082693883219626858_n.webp?stp=dst-jpg_e35_tt6&amp;_nc_cat=109&amp;ccb=7-5&amp;_nc_sid=18de74&amp;efg=eyJlZmdfdGFnIjoiRkVFRC5iZXN0X2ltYWdlX3VybGdlbi5DMyJ9&amp;_nc_ohc=rW72jPIdDbQQ7kNvwH6qFAo&amp;_nc_oc=AdrJlYVlUTSToq-4tkQIa3tnIVTHCQT4ddBDo5H0AZfEYTlSi0lvcaA19TYQshVUYx99El3xzN9sgg2QSQra_4UZ&amp;_nc_zt=23&amp;_nc_ht=scontent-fra5-2.cdninstagram.com&amp;edm=AM6HXa8EAAAA&amp;_nc_gid=B2OFV3KVkiJcJmuylPvAsw&amp;oh=00_Af2dYuuJJzjdsFSEE9RzdL501K7KrhSV_COkiDHKSXMlew&amp;oe=69F75B53&quot;,&quot;320&quot;:&quot;https:\\\/\\\/jazzweek.de\\\/wp-content\\\/uploads\\\/sb-instagram-feed-images\\\/671765954_18092639978171421_9082693883219626858_nlow.webp&quot;,&quot;640&quot;:&quot;https:\\\/\\\/jazzweek.de\\\/wp-content\\\/uploads\\\/sb-instagram-feed-images\\\/671765954_18092639978171421_9082693883219626858_nfull.webp&quot;}\"\n\t\t   tabindex=\"-1\">\n\t\t\t<img decoding=\"async\" src=\"https:\/\/jazzweek.de\/wp-content\/plugins\/instagram-feed-pro\/img\/placeholder.png\" alt=\"\ud835\udddf\ud835\uddf6\ud835\uddfb\ud835\uddf2-\ud835\udde8\ud835\uddfd \ud835\uddff\ud835\uddf2\ud835\uddf9\ud835\uddf2\ud835\uddee\ud835\ude00\ud835\uddf2! \ud83e\udd29\n\nWe can\u2019t wait to share this year\u2019s line-up with you all! Next week, we will release the full Cologne Jazzweek 2026 program and open the ticket sale. Mark your calendars:\n\n\ud835\uddd6\ud835\udddd\ud835\uddea \ud835\udfee\ud835\udff2 \ud835\uddf9\ud835\uddf6\ud835\uddfb\ud835\uddf2-\ud835\udde8\ud835\uddfd \ud835\uddff\ud835\uddf2\ud835\uddf9\ud835\uddf2\ud835\uddee\ud835\ude00\ud835\uddf2 \ud835\uddfc\ud835\uddfb \ud835\udfee\ud835\udff5 \ud835\uddd4\ud835\uddfd\ud835\uddff\ud835\uddf6\ud835\uddf9!\n\n#colognejazzweek2026 #cjw26 #colognejazzweek #cologne #jazzweek\">\n\t\t<\/a>\n\t<\/div>\n\n\n\t\t\n\t\t<div class=\"sbi_info_wrapper\">\n\t\t\t<div class=\"sbi_info \">\n\n\t\t\t\t\n\t\t\t\t<div class=\"sbi_meta_wrap\">\n\t\t\t\t\t\n\t\t\t\t\t\t\t\t\t<\/div>\n\t\t\t<\/div>\n\t\t<\/div>\n\t<\/div>\n\n\t<div class=\"sbi-divider\"><\/div>\n<\/div>\n<div class=\"sbi_item sbi_type_video sbi_new sbi_transition\"\n\t id=\"sbi_17890359033461211\" data-date=\"1776500257\"\n\t data-numcomments=\"14\" data-template=ft_default>\n\t<div class=\"sbi_inner_wrap\" >\n\n\t\t\n\t\t\t<div class=\"sbi_photo_wrap\"  style=\"border-radius: inherit;\">\n\t\t\t\t\t\t<svg style=\"color: rgba(255,255,255,1)\" class=\"svg-inline--fa fa-play fa-w-14 sbi_playbtn\" aria-label=\"Play\" aria-hidden=\"true\" data-fa-processed=\"\" data-prefix=\"fa\" data-icon=\"play\" role=\"presentation\" xmlns=\"http:\/\/www.w3.org\/2000\/svg\" viewBox=\"0 0 448 512\"><path fill=\"currentColor\" d=\"M424.4 214.7L72.4 6.6C43.8-10.3 0 6.1 0 47.9V464c0 37.5 40.7 60.1 72.4 41.3l352-208c31.4-18.5 31.5-64.1 0-82.6z\"><\/path><\/svg>\n\t\t<div  style=\"background: rgba(0,0,0,0.85)\"  class=\"sbi_link \" >\n\t\t\t<div class=\"sbi_hover_top\">\n\n\t\t\t\t\n\t\t\t<\/div>\n\n\t\t\t\n\t\t\t<div class=\"sbi_hover_bottom \" >\n\n\t\t\t\t\n\t\t\t\t\n\t\t\t<\/div>\n\n\t\t\t<a class=\"sbi_link_area nofancybox\" rel=\"nofollow noopener\" href=\"https:\/\/scontent-fra3-1.cdninstagram.com\/v\/t51.71878-15\/670937101_1456844222573321_6976491863790967783_n.jpg?stp=dst-jpg_e35_tt6&#038;_nc_cat=105&#038;ccb=7-5&#038;_nc_sid=18de74&#038;efg=eyJlZmdfdGFnIjoiQ0xJUFMuYmVzdF9pbWFnZV91cmxnZW4uQzMifQ%3D%3D&#038;_nc_ohc=okngmi2a_V8Q7kNvwFNFcmj&#038;_nc_oc=AdqfZstEHBUKr3nmToEz5-ppXm0s_1qkomo2WJBicEQ1wSJy_O7buPq0HqhWKYeFF9fiL-szHQc86E8GgtR2jl62&#038;_nc_zt=23&#038;_nc_ht=scontent-fra3-1.cdninstagram.com&#038;edm=AM6HXa8EAAAA&#038;_nc_gid=B2OFV3KVkiJcJmuylPvAsw&#038;_nc_tpa=Q5bMBQG3D2FOHwCd5Pr-EWkZ08QNwk4CNPamZ3XmfYf4cKAWEDzWdaEysJ2B_yauxQMqvInJ6Z3YN8rY&#038;oh=00_Af0ujgO9Y3VTEcJPp9vB2kfhwaIj0Y_ovgfKysnGzjWUQQ&#038;oe=69F76772\"\n\t\t\t   data-lightbox-sbi=\"\"\n\t\t\t   data-title=\"\ud835\uddea\ud835\uddf2 \ud835\uddee\ud835\uddff\ud835\uddf2 \ud835\ude00\ud835\uddfc \ud835\uddef\ud835\uddee\ud835\uddf0\ud835\uddf8!!! \ud83d\udd25&lt;br&gt;\n&lt;br&gt;\nMark your calendars: Cologne Jazzweek 2026 will take place \ud835\udde6\ud835\uddf2\ud835\uddfd\ud835\ude01\ud835\uddf2\ud835\uddfa\ud835\uddef\ud835\uddf2\ud835\uddff \ud835\udff1-\ud835\udfed\ud835\udfed!!&lt;br&gt;\nPreparations for our line-up release are in full swing, we can&#039;t wait to share everything we have been working on with you!&lt;br&gt;\n&lt;br&gt;\n\ud835\udde3\ud835\udde6: The laptops are still hot and the printer ink smells fresh: this year\u2019s design is finished! How do you like it? \ud83d\ude0a Many thanks to @undich and @everything_is_seen for the new look!&lt;br&gt;\n&lt;br&gt;\n#colognejazzweek2026 #cjw26 #colognejazzweek #jazzstadt #jazzweek\"\n\t\t\t   data-video=\"https:\/\/scontent-fra5-2.cdninstagram.com\/o1\/v\/t2\/f2\/m86\/AQNu3CCSAKcEruiq8oSFMP9rsqkDyHgNLQH8Cr3Zz3JxJaiCg6NKck78kTYj0zdnNq3Q98Ykr6kt1Ye_Y0yhOyhW1F1Z19Pkebc47f4.mp4?_nc_cat=106&amp;_nc_sid=5e9851&amp;_nc_ht=scontent-fra5-2.cdninstagram.com&amp;_nc_ohc=IRRVkOAqfdYQ7kNvwHE4WKd&amp;efg=eyJ2ZW5jb2RlX3RhZyI6Inhwdl9wcm9ncmVzc2l2ZS5JTlNUQUdSQU0uQ0xJUFMuQzMuNzIwLmRhc2hfYmFzZWxpbmVfMV92MSIsInhwdl9hc3NldF9pZCI6MTgwOTIyOTc0MTcxNzE0MjEsImFzc2V0X2FnZV9kYXlzIjoxMCwidmlfdXNlY2FzZV9pZCI6MTAwOTksImR1cmF0aW9uX3MiOjEwLCJ1cmxnZW5fc291cmNlIjoid3d3In0%3D&amp;ccb=17-1&amp;vs=21d4e5e81303e92&amp;_nc_vs=HBksFQIYUmlnX3hwdl9yZWVsc19wZXJtYW5lbnRfc3JfcHJvZC85ODRDRjNBREQzOTlCMzBEQzc5N0I3N0U2MkNDRjFCQV92aWRlb19kYXNoaW5pdC5tcDQVAALIARIAFQIYUWlnX3hwdl9wbGFjZW1lbnRfcGVybWFuZW50X3YyLzQ5NDY5OEIzMzg3Mzg2QURDOUZDNkZDQTczMDg0NzhGX2F1ZGlvX2Rhc2hpbml0Lm1wNBUCAsgBEgAoABgAGwKIB3VzZV9vaWwBMRJwcm9ncmVzc2l2ZV9yZWNpcGUBMRUAACa6h8WLqLajQBUCKAJDMywXQCQhysCDEm8YEmRhc2hfYmFzZWxpbmVfMV92MREAdf4HZeadAQA&amp;_nc_gid=B2OFV3KVkiJcJmuylPvAsw&amp;edm=AM6HXa8EAAAA&amp;_nc_zt=28&amp;oh=00_Af0_L4Dk8l0uODDmias3dgK-xyh9IPgDmAhcc9XheXNWjA&amp;oe=69F39207\"\n\t\t\t   data-carousel=\"\"\n\t\t\t   data-id=\"sbi_17890359033461211\" data-user=\"cologne_jazzweek\"\n\t\t\t   data-url=\"https:\/\/www.instagram.com\/reel\/DXRBTdmjLuk\/\" data-avatar=\"https:\/\/scontent-fra5-1.xx.fbcdn.net\/v\/t51.2885-15\/98279733_941312879631086_7533176142430208000_n.jpg?_nc_cat=102&amp;ccb=1-7&amp;_nc_sid=7d201b&amp;_nc_ohc=dlzZrkFyf44Q7kNvwEVdWpU&amp;_nc_oc=AdmmF9_5FflC_F-3Q_uilR103kxmC_jEWx5TSqmpvxjl6auREx7hDVLPNqs5Y-JlvhV_D-haeRaW9BQLvUe0_-0e&amp;_nc_zt=23&amp;_nc_ht=scontent-fra5-1.xx&amp;edm=AL-3X8kEAAAA&amp;oh=00_AfEFr9fyx42Sj_vHwsE6HgJ8ik9vaVHrl05bu1Zvam3VLw&amp;oe=67FECAE8\"\n\t\t\t   data-account-type=\"business\"\n\t\t\t   data-iframe=''\n\t\t\t   data-media-type=\"reels\"\n\t\t\t   data-posted-on=\"\"\n\t\t\t   data-custom-avatar=\"\">\n\t\t\t\t<span class=\"sbi-screenreader\">\n\t\t\t\t\tOpen post by cologne_jazzweek with ID 17890359033461211\t\t\t\t<\/span>\n\t\t\t\t<svg style=\"color: rgba(255,255,255,1)\" class=\"svg-inline--fa fa-play fa-w-14 sbi_playbtn\" aria-label=\"Play\" aria-hidden=\"true\" data-fa-processed=\"\" data-prefix=\"fa\" data-icon=\"play\" role=\"presentation\" xmlns=\"http:\/\/www.w3.org\/2000\/svg\" viewBox=\"0 0 448 512\"><path fill=\"currentColor\" d=\"M424.4 214.7L72.4 6.6C43.8-10.3 0 6.1 0 47.9V464c0 37.5 40.7 60.1 72.4 41.3l352-208c31.4-18.5 31.5-64.1 0-82.6z\"><\/path><\/svg>\t\t\t<\/a>\n\t\t<\/div>\n\n\t\t<a class=\"sbi_photo\" target=\"_blank\" rel=\"nofollow noopener\" href=\"https:\/\/www.instagram.com\/reel\/DXRBTdmjLuk\/\"\n\t\t   data-full-res=\"https:\/\/scontent-fra3-1.cdninstagram.com\/v\/t51.71878-15\/670937101_1456844222573321_6976491863790967783_n.jpg?stp=dst-jpg_e35_tt6&#038;_nc_cat=105&#038;ccb=7-5&#038;_nc_sid=18de74&#038;efg=eyJlZmdfdGFnIjoiQ0xJUFMuYmVzdF9pbWFnZV91cmxnZW4uQzMifQ%3D%3D&#038;_nc_ohc=okngmi2a_V8Q7kNvwFNFcmj&#038;_nc_oc=AdqfZstEHBUKr3nmToEz5-ppXm0s_1qkomo2WJBicEQ1wSJy_O7buPq0HqhWKYeFF9fiL-szHQc86E8GgtR2jl62&#038;_nc_zt=23&#038;_nc_ht=scontent-fra3-1.cdninstagram.com&#038;edm=AM6HXa8EAAAA&#038;_nc_gid=B2OFV3KVkiJcJmuylPvAsw&#038;_nc_tpa=Q5bMBQG3D2FOHwCd5Pr-EWkZ08QNwk4CNPamZ3XmfYf4cKAWEDzWdaEysJ2B_yauxQMqvInJ6Z3YN8rY&#038;oh=00_Af0ujgO9Y3VTEcJPp9vB2kfhwaIj0Y_ovgfKysnGzjWUQQ&#038;oe=69F76772\"\n\t\t   data-img-src-set=\"{&quot;d&quot;:&quot;https:\\\/\\\/scontent-fra3-1.cdninstagram.com\\\/v\\\/t51.71878-15\\\/670937101_1456844222573321_6976491863790967783_n.jpg?stp=dst-jpg_e35_tt6&amp;_nc_cat=105&amp;ccb=7-5&amp;_nc_sid=18de74&amp;efg=eyJlZmdfdGFnIjoiQ0xJUFMuYmVzdF9pbWFnZV91cmxnZW4uQzMifQ%3D%3D&amp;_nc_ohc=okngmi2a_V8Q7kNvwFNFcmj&amp;_nc_oc=AdqfZstEHBUKr3nmToEz5-ppXm0s_1qkomo2WJBicEQ1wSJy_O7buPq0HqhWKYeFF9fiL-szHQc86E8GgtR2jl62&amp;_nc_zt=23&amp;_nc_ht=scontent-fra3-1.cdninstagram.com&amp;edm=AM6HXa8EAAAA&amp;_nc_gid=B2OFV3KVkiJcJmuylPvAsw&amp;_nc_tpa=Q5bMBQG3D2FOHwCd5Pr-EWkZ08QNwk4CNPamZ3XmfYf4cKAWEDzWdaEysJ2B_yauxQMqvInJ6Z3YN8rY&amp;oh=00_Af0ujgO9Y3VTEcJPp9vB2kfhwaIj0Y_ovgfKysnGzjWUQQ&amp;oe=69F76772&quot;,&quot;150&quot;:&quot;https:\\\/\\\/scontent-fra3-1.cdninstagram.com\\\/v\\\/t51.71878-15\\\/670937101_1456844222573321_6976491863790967783_n.jpg?stp=dst-jpg_e35_tt6&amp;_nc_cat=105&amp;ccb=7-5&amp;_nc_sid=18de74&amp;efg=eyJlZmdfdGFnIjoiQ0xJUFMuYmVzdF9pbWFnZV91cmxnZW4uQzMifQ%3D%3D&amp;_nc_ohc=okngmi2a_V8Q7kNvwFNFcmj&amp;_nc_oc=AdqfZstEHBUKr3nmToEz5-ppXm0s_1qkomo2WJBicEQ1wSJy_O7buPq0HqhWKYeFF9fiL-szHQc86E8GgtR2jl62&amp;_nc_zt=23&amp;_nc_ht=scontent-fra3-1.cdninstagram.com&amp;edm=AM6HXa8EAAAA&amp;_nc_gid=B2OFV3KVkiJcJmuylPvAsw&amp;_nc_tpa=Q5bMBQG3D2FOHwCd5Pr-EWkZ08QNwk4CNPamZ3XmfYf4cKAWEDzWdaEysJ2B_yauxQMqvInJ6Z3YN8rY&amp;oh=00_Af0ujgO9Y3VTEcJPp9vB2kfhwaIj0Y_ovgfKysnGzjWUQQ&amp;oe=69F76772&quot;,&quot;320&quot;:&quot;https:\\\/\\\/jazzweek.de\\\/wp-content\\\/uploads\\\/sb-instagram-feed-images\\\/670937101_1456844222573321_6976491863790967783_nlow.webp&quot;,&quot;640&quot;:&quot;https:\\\/\\\/jazzweek.de\\\/wp-content\\\/uploads\\\/sb-instagram-feed-images\\\/670937101_1456844222573321_6976491863790967783_nfull.webp&quot;}\"\n\t\t   tabindex=\"-1\">\n\t\t\t<img decoding=\"async\" src=\"https:\/\/jazzweek.de\/wp-content\/plugins\/instagram-feed-pro\/img\/placeholder.png\" alt=\"\ud835\uddea\ud835\uddf2 \ud835\uddee\ud835\uddff\ud835\uddf2 \ud835\ude00\ud835\uddfc \ud835\uddef\ud835\uddee\ud835\uddf0\ud835\uddf8!!! \ud83d\udd25\n\nMark your calendars: Cologne Jazzweek 2026 will take place \ud835\udde6\ud835\uddf2\ud835\uddfd\ud835\ude01\ud835\uddf2\ud835\uddfa\ud835\uddef\ud835\uddf2\ud835\uddff \ud835\udff1-\ud835\udfed\ud835\udfed!!\nPreparations for our line-up release are in full swing, we can&#039;t wait to share everything we have been working on with you!\n\n\ud835\udde3\ud835\udde6: The laptops are still hot and the printer ink smells fresh: this year\u2019s design is finished! How do you like it? \ud83d\ude0a Many thanks to @undich and @everything_is_seen for the new look!\n\n#colognejazzweek2026 #cjw26 #colognejazzweek #jazzstadt #jazzweek\">\n\t\t<\/a>\n\t<\/div>\n\n\n\t\t\n\t\t<div class=\"sbi_info_wrapper\">\n\t\t\t<div class=\"sbi_info \">\n\n\t\t\t\t\n\t\t\t\t<div class=\"sbi_meta_wrap\">\n\t\t\t\t\t\n\t\t\t\t\t\t\t\t\t<\/div>\n\t\t\t<\/div>\n\t\t<\/div>\n\t<\/div>\n\n\t<div class=\"sbi-divider\"><\/div>\n<\/div>\n<div class=\"sbi_item sbi_type_video sbi_new sbi_transition\"\n\t id=\"sbi_18080042350899770\" data-date=\"1764953937\"\n\t data-numcomments=\"1\" data-template=ft_default>\n\t<div class=\"sbi_inner_wrap\" >\n\n\t\t\n\t\t\t<div class=\"sbi_photo_wrap\"  style=\"border-radius: inherit;\">\n\t\t\t\t\t\t<svg style=\"color: rgba(255,255,255,1)\" class=\"svg-inline--fa fa-play fa-w-14 sbi_playbtn\" aria-label=\"Play\" aria-hidden=\"true\" data-fa-processed=\"\" data-prefix=\"fa\" data-icon=\"play\" role=\"presentation\" xmlns=\"http:\/\/www.w3.org\/2000\/svg\" viewBox=\"0 0 448 512\"><path fill=\"currentColor\" d=\"M424.4 214.7L72.4 6.6C43.8-10.3 0 6.1 0 47.9V464c0 37.5 40.7 60.1 72.4 41.3l352-208c31.4-18.5 31.5-64.1 0-82.6z\"><\/path><\/svg>\n\t\t<div  style=\"background: rgba(0,0,0,0.85)\"  class=\"sbi_link \" >\n\t\t\t<div class=\"sbi_hover_top\">\n\n\t\t\t\t\n\t\t\t<\/div>\n\n\t\t\t\n\t\t\t<div class=\"sbi_hover_bottom \" >\n\n\t\t\t\t\n\t\t\t\t\n\t\t\t<\/div>\n\n\t\t\t<a class=\"sbi_link_area nofancybox\" rel=\"nofollow noopener\" href=\"https:\/\/scontent-fra3-1.cdninstagram.com\/v\/t51.82787-15\/589103336_18079103747171421_4503944268588721921_n.jpg?stp=dst-jpg_e35_tt6&#038;_nc_cat=103&#038;ccb=7-5&#038;_nc_sid=18de74&#038;efg=eyJlZmdfdGFnIjoiQ0xJUFMuYmVzdF9pbWFnZV91cmxnZW4uQzMifQ%3D%3D&#038;_nc_ohc=FCdeQBetgPgQ7kNvwEXSkd_&#038;_nc_oc=Ado0AVW-sALL5M_fEfrZVTplTHCHxo-Ew_VDUEtzxMtCEsLU0-Ult3-lCC1FpxVehWAg9C_Q06DOs6Fy4SZ_GnR0&#038;_nc_zt=23&#038;_nc_ht=scontent-fra3-1.cdninstagram.com&#038;edm=AM6HXa8EAAAA&#038;_nc_gid=B2OFV3KVkiJcJmuylPvAsw&#038;_nc_tpa=Q5bMBQF5kXPVpN748rDje64lE0Iz2ceEtg3Y-MbSV92XK7nWZ916rBt1Kapb8YPKiLJIkd278tx8KLFL&#038;oh=00_Af3nk-MYp4DNl8D8jjBNJkox3nO6Kchc8E8nJlGNxbtRUw&#038;oe=69F76AC1\"\n\t\t\t   data-lightbox-sbi=\"\"\n\t\t\t   data-title=\"Perspectives: \ud835\udddf\ud835\uddd4\ud835\udde8\ud835\udde5\ud835\uddd4 \ud835\udddd\ud835\udde8\ud835\udde5\ud835\uddd7! \ud83c\udfba\ud83d\udd25&lt;br&gt;\n&lt;br&gt;\nIn our new @cologne_jazzweek interview series \u2018Perspectives\u2018, you&#039;ll find out all about our great festival musicians! In Episode 7, @laurajurd tells us about how she discovered the trumpet, how growing up in the countryside influenced her music, what we can expect from her new album &quot;Rites &amp; Revelations&quot; and much more! \ud83d\ude0d&lt;br&gt;\n&lt;br&gt;\n\ud835\udde7\ud835\uddf5\ud835\uddf2 \ud835\uddf3\ud835\ude02\ud835\uddf9\ud835\uddf9 \ud835\uddf6\ud835\uddfb\ud835\ude01\ud835\uddf2\ud835\uddff\ud835\ude03\ud835\uddf6\ud835\uddf2\ud835\ude04 \ud835\ude04\ud835\uddf6\ud835\ude01\ud835\uddf5 \ud835\udddf\ud835\uddee\ud835\ude02\ud835\uddff\ud835\uddee \ud835\uddf6\ud835\ude00 \ud835\uddfb\ud835\uddfc\ud835\ude04 \ud835\uddee\ud835\ude03\ud835\uddee\ud835\uddf6\ud835\uddf9\ud835\uddee\ud835\uddef\ud835\uddf9\ud835\uddf2 \ud835\uddfc\ud835\uddfb \ud835\uddec\ud835\uddfc\ud835\ude02\ud835\ude01\ud835\ude02\ud835\uddef\ud835\uddf2, \ud835\uddf9\ud835\uddf6\ud835\uddfb\ud835\uddf8 \ud835\uddf6\ud835\uddfb \ud835\uddef\ud835\uddf6\ud835\uddfc!&lt;br&gt;\n&lt;br&gt;\nInterview: Eva Swiderski @evaswi&lt;br&gt;\nVideo: Sebastian Lautenbach @tian.dv&lt;br&gt;\nThe interview was conducted at @25hourshotel_cologne, thanks for your help!&lt;br&gt;\n&lt;br&gt;\n#laurajurd #perspectives #colognejazzweek #interview #cologne #jazzweek #cityofjazz #music #festival #jazz #k\u00f6ln #jazzstadt #jazzstadtk\u00f6ln #international #summer #concert\"\n\t\t\t   data-video=\"https:\/\/scontent-fra5-1.cdninstagram.com\/o1\/v\/t2\/f2\/m86\/AQNpCMv4gZLvJKtW49t5wR41d0HuKyahojhGvCcVowa_WmI6oysd2T88Rg8YftHT8AAwyvGxd4BfuSavYm5Uza9R0pgpvKeYm__lzo8.mp4?_nc_cat=102&amp;_nc_sid=5e9851&amp;_nc_ht=scontent-fra5-1.cdninstagram.com&amp;_nc_ohc=X9viNUrZJu8Q7kNvwFeylg3&amp;efg=eyJ2ZW5jb2RlX3RhZyI6Inhwdl9wcm9ncmVzc2l2ZS5JTlNUQUdSQU0uQ0xJUFMuQzMuNzIwLmRhc2hfYmFzZWxpbmVfMV92MSIsInhwdl9hc3NldF9pZCI6MTUwMzUxNDIxNzU0MTYxMywiYXNzZXRfYWdlX2RheXMiOjE0NCwidmlfdXNlY2FzZV9pZCI6MTAwOTksImR1cmF0aW9uX3MiOjQ3LCJ1cmxnZW5fc291cmNlIjoid3d3In0%3D&amp;ccb=17-1&amp;vs=3a51444c38f0c30b&amp;_nc_vs=HBksFQIYUmlnX3hwdl9yZWVsc19wZXJtYW5lbnRfc3JfcHJvZC83MDQ5QTdDRDJBNDhDMjY4QjZFQUMwNjA0OUQ5MUE5MF92aWRlb19kYXNoaW5pdC5tcDQVAALIARIAFQIYRmlnX3hwdl9yZWVsc19wZXJtYW5lbnRfc3JfcHJvZC84NTY1OTM3MzAyODcyNThfMjEwMTY3NjE0NDgwNDgzODEzOC5tcDQVAgLIARIAKAAYABsCiAd1c2Vfb2lsATEScHJvZ3Jlc3NpdmVfcmVjaXBlATEVAAAm2r_P7YXcqwUVAigCQzMsF0BHmZmZmZmaGBJkYXNoX2Jhc2VsaW5lXzFfdjERAHX-B2XmnQEA&amp;_nc_gid=B2OFV3KVkiJcJmuylPvAsw&amp;edm=AM6HXa8EAAAA&amp;_nc_zt=28&amp;oh=00_Af2oicjkJPvbuoaRbC-9lpTRGnpb5P7GBQivRTvuY9GvAw&amp;oe=69F3917F\"\n\t\t\t   data-carousel=\"\"\n\t\t\t   data-id=\"sbi_18080042350899770\" data-user=\"cologne_jazzweek\"\n\t\t\t   data-url=\"https:\/\/www.instagram.com\/reel\/DR46Fx6DMT7\/\" data-avatar=\"https:\/\/scontent-fra5-1.xx.fbcdn.net\/v\/t51.2885-15\/98279733_941312879631086_7533176142430208000_n.jpg?_nc_cat=102&amp;ccb=1-7&amp;_nc_sid=7d201b&amp;_nc_ohc=dlzZrkFyf44Q7kNvwEVdWpU&amp;_nc_oc=AdmmF9_5FflC_F-3Q_uilR103kxmC_jEWx5TSqmpvxjl6auREx7hDVLPNqs5Y-JlvhV_D-haeRaW9BQLvUe0_-0e&amp;_nc_zt=23&amp;_nc_ht=scontent-fra5-1.xx&amp;edm=AL-3X8kEAAAA&amp;oh=00_AfEFr9fyx42Sj_vHwsE6HgJ8ik9vaVHrl05bu1Zvam3VLw&amp;oe=67FECAE8\"\n\t\t\t   data-account-type=\"business\"\n\t\t\t   data-iframe=''\n\t\t\t   data-media-type=\"reels\"\n\t\t\t   data-posted-on=\"\"\n\t\t\t   data-custom-avatar=\"\">\n\t\t\t\t<span class=\"sbi-screenreader\">\n\t\t\t\t\tOpen post by cologne_jazzweek with ID 18080042350899770\t\t\t\t<\/span>\n\t\t\t\t<svg style=\"color: rgba(255,255,255,1)\" class=\"svg-inline--fa fa-play fa-w-14 sbi_playbtn\" aria-label=\"Play\" aria-hidden=\"true\" data-fa-processed=\"\" data-prefix=\"fa\" data-icon=\"play\" role=\"presentation\" xmlns=\"http:\/\/www.w3.org\/2000\/svg\" viewBox=\"0 0 448 512\"><path fill=\"currentColor\" d=\"M424.4 214.7L72.4 6.6C43.8-10.3 0 6.1 0 47.9V464c0 37.5 40.7 60.1 72.4 41.3l352-208c31.4-18.5 31.5-64.1 0-82.6z\"><\/path><\/svg>\t\t\t<\/a>\n\t\t<\/div>\n\n\t\t<a class=\"sbi_photo\" target=\"_blank\" rel=\"nofollow noopener\" href=\"https:\/\/www.instagram.com\/reel\/DR46Fx6DMT7\/\"\n\t\t   data-full-res=\"https:\/\/scontent-fra3-1.cdninstagram.com\/v\/t51.82787-15\/589103336_18079103747171421_4503944268588721921_n.jpg?stp=dst-jpg_e35_tt6&#038;_nc_cat=103&#038;ccb=7-5&#038;_nc_sid=18de74&#038;efg=eyJlZmdfdGFnIjoiQ0xJUFMuYmVzdF9pbWFnZV91cmxnZW4uQzMifQ%3D%3D&#038;_nc_ohc=FCdeQBetgPgQ7kNvwEXSkd_&#038;_nc_oc=Ado0AVW-sALL5M_fEfrZVTplTHCHxo-Ew_VDUEtzxMtCEsLU0-Ult3-lCC1FpxVehWAg9C_Q06DOs6Fy4SZ_GnR0&#038;_nc_zt=23&#038;_nc_ht=scontent-fra3-1.cdninstagram.com&#038;edm=AM6HXa8EAAAA&#038;_nc_gid=B2OFV3KVkiJcJmuylPvAsw&#038;_nc_tpa=Q5bMBQF5kXPVpN748rDje64lE0Iz2ceEtg3Y-MbSV92XK7nWZ916rBt1Kapb8YPKiLJIkd278tx8KLFL&#038;oh=00_Af3nk-MYp4DNl8D8jjBNJkox3nO6Kchc8E8nJlGNxbtRUw&#038;oe=69F76AC1\"\n\t\t   data-img-src-set=\"{&quot;d&quot;:&quot;https:\\\/\\\/scontent-fra3-1.cdninstagram.com\\\/v\\\/t51.82787-15\\\/589103336_18079103747171421_4503944268588721921_n.jpg?stp=dst-jpg_e35_tt6&amp;_nc_cat=103&amp;ccb=7-5&amp;_nc_sid=18de74&amp;efg=eyJlZmdfdGFnIjoiQ0xJUFMuYmVzdF9pbWFnZV91cmxnZW4uQzMifQ%3D%3D&amp;_nc_ohc=FCdeQBetgPgQ7kNvwEXSkd_&amp;_nc_oc=Ado0AVW-sALL5M_fEfrZVTplTHCHxo-Ew_VDUEtzxMtCEsLU0-Ult3-lCC1FpxVehWAg9C_Q06DOs6Fy4SZ_GnR0&amp;_nc_zt=23&amp;_nc_ht=scontent-fra3-1.cdninstagram.com&amp;edm=AM6HXa8EAAAA&amp;_nc_gid=B2OFV3KVkiJcJmuylPvAsw&amp;_nc_tpa=Q5bMBQF5kXPVpN748rDje64lE0Iz2ceEtg3Y-MbSV92XK7nWZ916rBt1Kapb8YPKiLJIkd278tx8KLFL&amp;oh=00_Af3nk-MYp4DNl8D8jjBNJkox3nO6Kchc8E8nJlGNxbtRUw&amp;oe=69F76AC1&quot;,&quot;150&quot;:&quot;https:\\\/\\\/scontent-fra3-1.cdninstagram.com\\\/v\\\/t51.82787-15\\\/589103336_18079103747171421_4503944268588721921_n.jpg?stp=dst-jpg_e35_tt6&amp;_nc_cat=103&amp;ccb=7-5&amp;_nc_sid=18de74&amp;efg=eyJlZmdfdGFnIjoiQ0xJUFMuYmVzdF9pbWFnZV91cmxnZW4uQzMifQ%3D%3D&amp;_nc_ohc=FCdeQBetgPgQ7kNvwEXSkd_&amp;_nc_oc=Ado0AVW-sALL5M_fEfrZVTplTHCHxo-Ew_VDUEtzxMtCEsLU0-Ult3-lCC1FpxVehWAg9C_Q06DOs6Fy4SZ_GnR0&amp;_nc_zt=23&amp;_nc_ht=scontent-fra3-1.cdninstagram.com&amp;edm=AM6HXa8EAAAA&amp;_nc_gid=B2OFV3KVkiJcJmuylPvAsw&amp;_nc_tpa=Q5bMBQF5kXPVpN748rDje64lE0Iz2ceEtg3Y-MbSV92XK7nWZ916rBt1Kapb8YPKiLJIkd278tx8KLFL&amp;oh=00_Af3nk-MYp4DNl8D8jjBNJkox3nO6Kchc8E8nJlGNxbtRUw&amp;oe=69F76AC1&quot;,&quot;320&quot;:&quot;https:\\\/\\\/jazzweek.de\\\/wp-content\\\/uploads\\\/sb-instagram-feed-images\\\/589103336_18079103747171421_4503944268588721921_nlow.webp&quot;,&quot;640&quot;:&quot;https:\\\/\\\/jazzweek.de\\\/wp-content\\\/uploads\\\/sb-instagram-feed-images\\\/589103336_18079103747171421_4503944268588721921_nfull.webp&quot;}\"\n\t\t   tabindex=\"-1\">\n\t\t\t<img decoding=\"async\" src=\"https:\/\/jazzweek.de\/wp-content\/plugins\/instagram-feed-pro\/img\/placeholder.png\" alt=\"Perspectives: \ud835\udddf\ud835\uddd4\ud835\udde8\ud835\udde5\ud835\uddd4 \ud835\udddd\ud835\udde8\ud835\udde5\ud835\uddd7! \ud83c\udfba\ud83d\udd25\n\nIn our new @cologne_jazzweek interview series \u2018Perspectives\u2018, you&#039;ll find out all about our great festival musicians! In Episode 7, @laurajurd tells us about how she discovered the trumpet, how growing up in the countryside influenced her music, what we can expect from her new album &quot;Rites &amp; Revelations&quot; and much more! \ud83d\ude0d\n\n\ud835\udde7\ud835\uddf5\ud835\uddf2 \ud835\uddf3\ud835\ude02\ud835\uddf9\ud835\uddf9 \ud835\uddf6\ud835\uddfb\ud835\ude01\ud835\uddf2\ud835\uddff\ud835\ude03\ud835\uddf6\ud835\uddf2\ud835\ude04 \ud835\ude04\ud835\uddf6\ud835\ude01\ud835\uddf5 \ud835\udddf\ud835\uddee\ud835\ude02\ud835\uddff\ud835\uddee \ud835\uddf6\ud835\ude00 \ud835\uddfb\ud835\uddfc\ud835\ude04 \ud835\uddee\ud835\ude03\ud835\uddee\ud835\uddf6\ud835\uddf9\ud835\uddee\ud835\uddef\ud835\uddf9\ud835\uddf2 \ud835\uddfc\ud835\uddfb \ud835\uddec\ud835\uddfc\ud835\ude02\ud835\ude01\ud835\ude02\ud835\uddef\ud835\uddf2, \ud835\uddf9\ud835\uddf6\ud835\uddfb\ud835\uddf8 \ud835\uddf6\ud835\uddfb \ud835\uddef\ud835\uddf6\ud835\uddfc!\n\nInterview: Eva Swiderski @evaswi\nVideo: Sebastian Lautenbach @tian.dv\nThe interview was conducted at @25hourshotel_cologne, thanks for your help!\n\n#laurajurd #perspectives #colognejazzweek #interview #cologne #jazzweek #cityofjazz #music #festival #jazz #k\u00f6ln #jazzstadt #jazzstadtk\u00f6ln #international #summer #concert\">\n\t\t<\/a>\n\t<\/div>\n\n\n\t\t\n\t\t<div class=\"sbi_info_wrapper\">\n\t\t\t<div class=\"sbi_info \">\n\n\t\t\t\t\n\t\t\t\t<div class=\"sbi_meta_wrap\">\n\t\t\t\t\t\n\t\t\t\t\t\t\t\t\t<\/div>\n\t\t\t<\/div>\n\t\t<\/div>\n\t<\/div>\n\n\t<div class=\"sbi-divider\"><\/div>\n<\/div>\n<div class=\"sbi_item sbi_type_image sbi_new sbi_transition\"\n\t id=\"sbi_17912736912218044\" data-date=\"1760800236\"\n\t data-numcomments=\"0\" data-template=ft_default>\n\t<div class=\"sbi_inner_wrap\" >\n\n\t\t\n\t\t\t<div class=\"sbi_photo_wrap\"  style=\"border-radius: inherit;\">\n\t\t\t\t\t\t\n\t\t<div  style=\"background: rgba(0,0,0,0.85)\"  class=\"sbi_link \" >\n\t\t\t<div class=\"sbi_hover_top\">\n\n\t\t\t\t\n\t\t\t<\/div>\n\n\t\t\t\n\t\t\t<div class=\"sbi_hover_bottom \" >\n\n\t\t\t\t\n\t\t\t\t\n\t\t\t<\/div>\n\n\t\t\t<a class=\"sbi_link_area nofancybox\" rel=\"nofollow noopener\" href=\"https:\/\/scontent-fra5-2.cdninstagram.com\/v\/t51.82787-15\/566584335_18074040113171421_8934705411959150275_n.webp?stp=dst-jpg_e35_tt6&#038;_nc_cat=107&#038;ccb=7-5&#038;_nc_sid=18de74&#038;efg=eyJlZmdfdGFnIjoiRkVFRC5iZXN0X2ltYWdlX3VybGdlbi5DMyJ9&#038;_nc_ohc=aNOTqY7CNu0Q7kNvwFzwLtU&#038;_nc_oc=Adph10VAjY8R5MWdg2iV3jcKX8obu_nGr8XdXoNwwMYtGVu5ZjXZv8R6ubFhJDmitntVZTNYikExKFsMUnUuzHC_&#038;_nc_zt=23&#038;_nc_ht=scontent-fra5-2.cdninstagram.com&#038;edm=AM6HXa8EAAAA&#038;_nc_gid=B2OFV3KVkiJcJmuylPvAsw&#038;oh=00_Af0Y02d3ndCyncI0YKiFmR8UdVVj611Y4GKVZp-W8lBtdg&#038;oe=69F75914\"\n\t\t\t   data-lightbox-sbi=\"\"\n\t\t\t   data-title=\"Cologne Jazzweek recommends: Na\u00efssam Jalal!&lt;br&gt;\n&lt;br&gt;\nWith her project &#039;Landscapes of Eternity&#039;, virtuoso flutist, nay player, singer and composer Na\u00efssam Jalal invites listeners to experience a fusion of jazz and North Indian musical traditions.&lt;br&gt;\n&lt;br&gt;\n18 October, 7:30h, Filmforum NRW at Museum Ludwig Cologne&lt;br&gt;\n&lt;br&gt;\n#Na\u00efssamJalal #multiphonicsfestival #museumludwig #jazzstadtk\u00f6ln #cityofjazz\"\n\t\t\t   data-video=\"\"\n\t\t\t   data-carousel=\"\"\n\t\t\t   data-id=\"sbi_17912736912218044\" data-user=\"cologne_jazzweek\"\n\t\t\t   data-url=\"https:\/\/www.instagram.com\/p\/DP9IKaxjEcG\/\" data-avatar=\"https:\/\/scontent-fra5-1.xx.fbcdn.net\/v\/t51.2885-15\/98279733_941312879631086_7533176142430208000_n.jpg?_nc_cat=102&amp;ccb=1-7&amp;_nc_sid=7d201b&amp;_nc_ohc=dlzZrkFyf44Q7kNvwEVdWpU&amp;_nc_oc=AdmmF9_5FflC_F-3Q_uilR103kxmC_jEWx5TSqmpvxjl6auREx7hDVLPNqs5Y-JlvhV_D-haeRaW9BQLvUe0_-0e&amp;_nc_zt=23&amp;_nc_ht=scontent-fra5-1.xx&amp;edm=AL-3X8kEAAAA&amp;oh=00_AfEFr9fyx42Sj_vHwsE6HgJ8ik9vaVHrl05bu1Zvam3VLw&amp;oe=67FECAE8\"\n\t\t\t   data-account-type=\"business\"\n\t\t\t   data-iframe=''\n\t\t\t   data-media-type=\"feed\"\n\t\t\t   data-posted-on=\"\"\n\t\t\t   data-custom-avatar=\"\">\n\t\t\t\t<span class=\"sbi-screenreader\">\n\t\t\t\t\tOpen post by cologne_jazzweek with ID 17912736912218044\t\t\t\t<\/span>\n\t\t\t\t\t\t\t<\/a>\n\t\t<\/div>\n\n\t\t<a class=\"sbi_photo\" target=\"_blank\" rel=\"nofollow noopener\" href=\"https:\/\/www.instagram.com\/p\/DP9IKaxjEcG\/\"\n\t\t   data-full-res=\"https:\/\/scontent-fra5-2.cdninstagram.com\/v\/t51.82787-15\/566584335_18074040113171421_8934705411959150275_n.webp?stp=dst-jpg_e35_tt6&#038;_nc_cat=107&#038;ccb=7-5&#038;_nc_sid=18de74&#038;efg=eyJlZmdfdGFnIjoiRkVFRC5iZXN0X2ltYWdlX3VybGdlbi5DMyJ9&#038;_nc_ohc=aNOTqY7CNu0Q7kNvwFzwLtU&#038;_nc_oc=Adph10VAjY8R5MWdg2iV3jcKX8obu_nGr8XdXoNwwMYtGVu5ZjXZv8R6ubFhJDmitntVZTNYikExKFsMUnUuzHC_&#038;_nc_zt=23&#038;_nc_ht=scontent-fra5-2.cdninstagram.com&#038;edm=AM6HXa8EAAAA&#038;_nc_gid=B2OFV3KVkiJcJmuylPvAsw&#038;oh=00_Af0Y02d3ndCyncI0YKiFmR8UdVVj611Y4GKVZp-W8lBtdg&#038;oe=69F75914\"\n\t\t   data-img-src-set=\"{&quot;d&quot;:&quot;https:\\\/\\\/scontent-fra5-2.cdninstagram.com\\\/v\\\/t51.82787-15\\\/566584335_18074040113171421_8934705411959150275_n.webp?stp=dst-jpg_e35_tt6&amp;_nc_cat=107&amp;ccb=7-5&amp;_nc_sid=18de74&amp;efg=eyJlZmdfdGFnIjoiRkVFRC5iZXN0X2ltYWdlX3VybGdlbi5DMyJ9&amp;_nc_ohc=aNOTqY7CNu0Q7kNvwFzwLtU&amp;_nc_oc=Adph10VAjY8R5MWdg2iV3jcKX8obu_nGr8XdXoNwwMYtGVu5ZjXZv8R6ubFhJDmitntVZTNYikExKFsMUnUuzHC_&amp;_nc_zt=23&amp;_nc_ht=scontent-fra5-2.cdninstagram.com&amp;edm=AM6HXa8EAAAA&amp;_nc_gid=B2OFV3KVkiJcJmuylPvAsw&amp;oh=00_Af0Y02d3ndCyncI0YKiFmR8UdVVj611Y4GKVZp-W8lBtdg&amp;oe=69F75914&quot;,&quot;150&quot;:&quot;https:\\\/\\\/scontent-fra5-2.cdninstagram.com\\\/v\\\/t51.82787-15\\\/566584335_18074040113171421_8934705411959150275_n.webp?stp=dst-jpg_e35_tt6&amp;_nc_cat=107&amp;ccb=7-5&amp;_nc_sid=18de74&amp;efg=eyJlZmdfdGFnIjoiRkVFRC5iZXN0X2ltYWdlX3VybGdlbi5DMyJ9&amp;_nc_ohc=aNOTqY7CNu0Q7kNvwFzwLtU&amp;_nc_oc=Adph10VAjY8R5MWdg2iV3jcKX8obu_nGr8XdXoNwwMYtGVu5ZjXZv8R6ubFhJDmitntVZTNYikExKFsMUnUuzHC_&amp;_nc_zt=23&amp;_nc_ht=scontent-fra5-2.cdninstagram.com&amp;edm=AM6HXa8EAAAA&amp;_nc_gid=B2OFV3KVkiJcJmuylPvAsw&amp;oh=00_Af0Y02d3ndCyncI0YKiFmR8UdVVj611Y4GKVZp-W8lBtdg&amp;oe=69F75914&quot;,&quot;320&quot;:&quot;https:\\\/\\\/jazzweek.de\\\/wp-content\\\/uploads\\\/sb-instagram-feed-images\\\/566584335_18074040113171421_8934705411959150275_nlow.webp&quot;,&quot;640&quot;:&quot;https:\\\/\\\/jazzweek.de\\\/wp-content\\\/uploads\\\/sb-instagram-feed-images\\\/566584335_18074040113171421_8934705411959150275_nfull.webp&quot;}\"\n\t\t   tabindex=\"-1\">\n\t\t\t<img decoding=\"async\" src=\"https:\/\/jazzweek.de\/wp-content\/plugins\/instagram-feed-pro\/img\/placeholder.png\" alt=\"Cologne Jazzweek recommends: Na\u00efssam Jalal!\n\nWith her project &#039;Landscapes of Eternity&#039;, virtuoso flutist, nay player, singer and composer Na\u00efssam Jalal invites listeners to experience a fusion of jazz and North Indian musical traditions.\n\n18 October, 7:30h, Filmforum NRW at Museum Ludwig Cologne\n\n#Na\u00efssamJalal #multiphonicsfestival #museumludwig #jazzstadtk\u00f6ln #cityofjazz\">\n\t\t<\/a>\n\t<\/div>\n\n\n\t\t\n\t\t<div class=\"sbi_info_wrapper\">\n\t\t\t<div class=\"sbi_info \">\n\n\t\t\t\t\n\t\t\t\t<div class=\"sbi_meta_wrap\">\n\t\t\t\t\t\n\t\t\t\t\t\t\t\t\t<\/div>\n\t\t\t<\/div>\n\t\t<\/div>\n\t<\/div>\n\n\t<div class=\"sbi-divider\"><\/div>\n<\/div>\n\t<\/div>\n\n\t<div id=\"sbi_load\" >\n\n\t\n\t\n<\/div>\n\n\t\t<span class=\"sbi_resized_image_data\" data-feed-id=\"*2\"\n\t\t  data-resized=\"{&quot;17912736912218044&quot;:{&quot;id&quot;:&quot;566584335_18074040113171421_8934705411959150275_n&quot;,&quot;ratio&quot;:&quot;0.80&quot;,&quot;sizes&quot;:{&quot;full&quot;:640,&quot;low&quot;:320,&quot;thumb&quot;:150},&quot;extension&quot;:&quot;.webp&quot;},&quot;18080042350899770&quot;:{&quot;id&quot;:&quot;589103336_18079103747171421_4503944268588721921_n&quot;,&quot;ratio&quot;:&quot;0.56&quot;,&quot;sizes&quot;:{&quot;full&quot;:640,&quot;low&quot;:320,&quot;thumb&quot;:150},&quot;extension&quot;:&quot;.webp&quot;},&quot;17890359033461211&quot;:{&quot;id&quot;:&quot;670937101_1456844222573321_6976491863790967783_n&quot;,&quot;ratio&quot;:&quot;0.56&quot;,&quot;sizes&quot;:{&quot;full&quot;:640,&quot;low&quot;:320,&quot;thumb&quot;:150},&quot;extension&quot;:&quot;.webp&quot;},&quot;18113536171743877&quot;:{&quot;id&quot;:&quot;671765954_18092639978171421_9082693883219626858_n&quot;,&quot;ratio&quot;:&quot;0.80&quot;,&quot;sizes&quot;:{&quot;full&quot;:640,&quot;low&quot;:320,&quot;thumb&quot;:150},&quot;extension&quot;:&quot;.webp&quot;},&quot;17906845350221392&quot;:{&quot;id&quot;:&quot;673117810_18092826512171421_9180841768903223446_n&quot;,&quot;ratio&quot;:&quot;0.80&quot;,&quot;sizes&quot;:{&quot;full&quot;:640,&quot;low&quot;:320,&quot;thumb&quot;:150},&quot;extension&quot;:&quot;.webp&quot;},&quot;18141771496448194&quot;:{&quot;id&quot;:&quot;675480919_18093104138171421_5136968409723308606_n&quot;,&quot;ratio&quot;:&quot;0.80&quot;,&quot;sizes&quot;:{&quot;full&quot;:640,&quot;low&quot;:320,&quot;thumb&quot;:150},&quot;extension&quot;:&quot;.webp&quot;}}\">\n\t<\/span>\n\t\n<\/div>\n\n        <\/div>\n    <\/div>\n<\/div>\n\n\n<div class=\"separator tw-bg-white\">\n    <div class=\"separator-inner hug\">\n        <div class=\"separator-element\"><\/div>\n    <\/div>\n<\/div>\n\n<div id=\"separator-block_35af389cfe61d4ded2c09068e13f675d\" class=\"socials hug-parent tw-bg-white\">\n    <div class=\"socials-inner hug\">\n        <div>\n            <h2>Follow Us<\/h2>\n            <div class=\"socials-icons-container\">\n                <div class=\"socials-icons icon-instagram\">\n                    <a href=\"https:\/\/www.instagram.com\/cologne_jazzweek\/\" target=\"_blank\"><\/a>\n                <\/div>\n                <div class=\"socials-icons icon-facebook\">\n                    <a href=\"https:\/\/www.facebook.com\/CGNJazzweek\/\" target=\"_blank\"><\/a>\n                <\/div>\n                <div class=\"socials-icons icon-youtube\">\n                    <a href=\"https:\/\/www.youtube.com\/channel\/UCKLwXRmAhbrsMkGbLM5ticg\/\" target=\"_blank\"><\/a>\n                <\/div>\n                <!--div class=\"socials-icons icon-tiktok\">\n                    <a href=\"https:\/\/www.tiktok.com\/CGNJazzweek\/\" target=\"_blank\"><\/a>\n                <\/div-->\n            <\/div>\n        <\/div>\n    <\/div>\n\n<\/div>\n\n<div class=\"separator partners-separator\">\n    <div class=\"separator-inner hug\">\n        <div class=\"separator-element\"><\/div>\n    <\/div>\n<\/div>\n\n    <div class=\"partners\">\n        <div class=\"partners-inner\">\n            <div>\n                <h2>Patrons<\/h2>\n            <\/div>\n        <\/div>\n    <\/div>\n\n    <div class=\"partners-list partners-supporters tw-pb-4\">\n        <ol class=\"partner-list\">\n                                    <li>\n                            <a href=\"https:\/\/www.stadt-koeln.de\/service\/adressen\/kulturamt\"><img decoding=\"async\" src=\"https:\/\/jazzweek.de\/wp-content\/uploads\/2024\/04\/Stadtkoeln.svg\"><\/a>\n                        <\/li>\n                                                <li>\n                            <a href=\"https:\/\/www.mkw.nrw\/\"><img decoding=\"async\" src=\"https:\/\/jazzweek.de\/wp-content\/uploads\/2024\/04\/Logo-NRW.svg\"><\/a>\n                        <\/li>\n                                <\/ol>\n    <\/div>\n\n\n    <div class=\"partners\">\n        <div class=\"partners-inner\">\n            <div>\n                <h2>Sponsors<\/h2>\n            <\/div>\n        <\/div>\n    <\/div>\n\n    <div class=\"partners-list tw-pb-4\">\n        <ol class=\"partner-list\">\n                                    <li>\n                            <a href=\"https:\/\/www.sparkasse-koelnbonn.de\/de\/home.html?n=true&#038;stref=logo\"><img decoding=\"async\" src=\"https:\/\/jazzweek.de\/wp-content\/uploads\/2024\/04\/Sparkasse.svg\"><\/a>\n                        <\/li>\n                                <\/ol>\n    <\/div>\n\n\n    <div class=\"partners\">\n        <div class=\"partners-inner\">\n            <div>\n                <h2>Media partners<\/h2>\n            <\/div>\n        <\/div>\n    <\/div>\n\n    <div class=\"partners-list tw-pb-4\">\n        <ol class=\"partner-list\">\n                                    <li>\n                            <a href=\"https:\/\/wdr.de\"><img decoding=\"async\" src=\"https:\/\/jazzweek.de\/wp-content\/uploads\/2024\/04\/WDR3.svg\"><\/a>\n                        <\/li>\n                                                <li>\n                            <a href=\"https:\/\/www.deutschlandfunk.de\/\"><img decoding=\"async\" src=\"https:\/\/jazzweek.de\/wp-content\/uploads\/2024\/04\/Deutschlandfunk.svg\"><\/a>\n                        <\/li>\n                                                <li>\n                            <a href=\"https:\/\/www.ksta.de\/\"><img decoding=\"async\" src=\"https:\/\/jazzweek.de\/wp-content\/uploads\/2024\/04\/KSTA.svg\"><\/a>\n                        <\/li>\n                                <\/ol>\n    <\/div>\n    <\/div>\n\n<\/div>","protected":false},"excerpt":{"rendered":"","protected":false},"author":1,"featured_media":0,"parent":0,"menu_order":0,"comment_status":"closed","ping_status":"closed","template":"page-startseite-2022.php","meta":{"_acf_changed":false,"footnotes":""},"class_list":["post-2284","page","type-page","status-publish","hentry"],"acf":[],"yoast_head":"<!-- This site is optimized with the Yoast SEO plugin v27.5 - https:\/\/yoast.com\/product\/yoast-seo-wordpress\/ -->\n<title>Startseite - Cologne Jazzweek<\/title>\n<meta name=\"robots\" content=\"index, follow, max-snippet:-1, max-image-preview:large, max-video-preview:-1\" \/>\n<link rel=\"canonical\" href=\"https:\/\/jazzweek.de\/en\/\" \/>\n<meta property=\"og:locale\" content=\"en_US\" \/>\n<meta property=\"og:type\" content=\"article\" \/>\n<meta property=\"og:title\" content=\"Startseite - Cologne Jazzweek\" \/>\n<meta property=\"og:url\" content=\"https:\/\/jazzweek.de\/en\/\" \/>\n<meta property=\"og:site_name\" content=\"Cologne Jazzweek\" \/>\n<meta property=\"article:modified_time\" content=\"2025-04-15T17:42:40+00:00\" \/>\n<meta name=\"twitter:card\" content=\"summary_large_image\" \/>\n<meta name=\"twitter:label1\" content=\"Est. reading time\" \/>\n\t<meta name=\"twitter:data1\" content=\"4 minutes\" \/>\n<script type=\"application\/ld+json\" class=\"yoast-schema-graph\">{\"@context\":\"https:\\\/\\\/schema.org\",\"@graph\":[{\"@type\":\"WebPage\",\"@id\":\"https:\\\/\\\/jazzweek.de\\\/en\\\/\",\"url\":\"https:\\\/\\\/jazzweek.de\\\/en\\\/\",\"name\":\"Startseite - Cologne Jazzweek\",\"isPartOf\":{\"@id\":\"https:\\\/\\\/jazzweek.de\\\/#website\"},\"datePublished\":\"2022-04-20T15:33:23+00:00\",\"dateModified\":\"2025-04-15T17:42:40+00:00\",\"breadcrumb\":{\"@id\":\"https:\\\/\\\/jazzweek.de\\\/en\\\/#breadcrumb\"},\"inLanguage\":\"en-US\",\"potentialAction\":[{\"@type\":\"ReadAction\",\"target\":[\"https:\\\/\\\/jazzweek.de\\\/en\\\/\"]}]},{\"@type\":\"BreadcrumbList\",\"@id\":\"https:\\\/\\\/jazzweek.de\\\/en\\\/#breadcrumb\",\"itemListElement\":[{\"@type\":\"ListItem\",\"position\":1,\"name\":\"Home\",\"item\":\"https:\\\/\\\/jazzweek.de\\\/en\\\/\"},{\"@type\":\"ListItem\",\"position\":2,\"name\":\"Startseite\"}]},{\"@type\":\"WebSite\",\"@id\":\"https:\\\/\\\/jazzweek.de\\\/#website\",\"url\":\"https:\\\/\\\/jazzweek.de\\\/\",\"name\":\"Cologne Jazzweek\",\"description\":\"Das internationale Jazzfestival in K\u00f6ln.\",\"potentialAction\":[{\"@type\":\"SearchAction\",\"target\":{\"@type\":\"EntryPoint\",\"urlTemplate\":\"https:\\\/\\\/jazzweek.de\\\/?s={search_term_string}\"},\"query-input\":{\"@type\":\"PropertyValueSpecification\",\"valueRequired\":true,\"valueName\":\"search_term_string\"}}],\"inLanguage\":\"en-US\"}]}<\/script>\n<!-- \/ Yoast SEO plugin. -->","yoast_head_json":{"title":"Startseite - Cologne Jazzweek","robots":{"index":"index","follow":"follow","max-snippet":"max-snippet:-1","max-image-preview":"max-image-preview:large","max-video-preview":"max-video-preview:-1"},"canonical":"https:\/\/jazzweek.de\/en\/","og_locale":"en_US","og_type":"article","og_title":"Startseite - Cologne Jazzweek","og_url":"https:\/\/jazzweek.de\/en\/","og_site_name":"Cologne Jazzweek","article_modified_time":"2025-04-15T17:42:40+00:00","twitter_card":"summary_large_image","twitter_misc":{"Est. reading time":"4 minutes"},"schema":{"@context":"https:\/\/schema.org","@graph":[{"@type":"WebPage","@id":"https:\/\/jazzweek.de\/en\/","url":"https:\/\/jazzweek.de\/en\/","name":"Startseite - Cologne Jazzweek","isPartOf":{"@id":"https:\/\/jazzweek.de\/#website"},"datePublished":"2022-04-20T15:33:23+00:00","dateModified":"2025-04-15T17:42:40+00:00","breadcrumb":{"@id":"https:\/\/jazzweek.de\/en\/#breadcrumb"},"inLanguage":"en-US","potentialAction":[{"@type":"ReadAction","target":["https:\/\/jazzweek.de\/en\/"]}]},{"@type":"BreadcrumbList","@id":"https:\/\/jazzweek.de\/en\/#breadcrumb","itemListElement":[{"@type":"ListItem","position":1,"name":"Home","item":"https:\/\/jazzweek.de\/en\/"},{"@type":"ListItem","position":2,"name":"Startseite"}]},{"@type":"WebSite","@id":"https:\/\/jazzweek.de\/#website","url":"https:\/\/jazzweek.de\/","name":"Cologne Jazzweek","description":"Das internationale Jazzfestival in K\u00f6ln.","potentialAction":[{"@type":"SearchAction","target":{"@type":"EntryPoint","urlTemplate":"https:\/\/jazzweek.de\/?s={search_term_string}"},"query-input":{"@type":"PropertyValueSpecification","valueRequired":true,"valueName":"search_term_string"}}],"inLanguage":"en-US"}]}},"_links":{"self":[{"href":"https:\/\/jazzweek.de\/en\/wp-json\/wp\/v2\/pages\/2284","targetHints":{"allow":["GET"]}}],"collection":[{"href":"https:\/\/jazzweek.de\/en\/wp-json\/wp\/v2\/pages"}],"about":[{"href":"https:\/\/jazzweek.de\/en\/wp-json\/wp\/v2\/types\/page"}],"author":[{"embeddable":true,"href":"https:\/\/jazzweek.de\/en\/wp-json\/wp\/v2\/users\/1"}],"replies":[{"embeddable":true,"href":"https:\/\/jazzweek.de\/en\/wp-json\/wp\/v2\/comments?post=2284"}],"version-history":[{"count":12,"href":"https:\/\/jazzweek.de\/en\/wp-json\/wp\/v2\/pages\/2284\/revisions"}],"predecessor-version":[{"id":5747,"href":"https:\/\/jazzweek.de\/en\/wp-json\/wp\/v2\/pages\/2284\/revisions\/5747"}],"wp:attachment":[{"href":"https:\/\/jazzweek.de\/en\/wp-json\/wp\/v2\/media?parent=2284"}],"curies":[{"name":"wp","href":"https:\/\/api.w.org\/{rel}","templated":true}]}}